{"id":70810,"date":"2024-12-18T11:26:50","date_gmt":"2024-12-18T11:26:50","guid":{"rendered":"https:\/\/vitrerievitraco.be\/glas-vervangen-en-repareren\/welk-type-beglazing-moet-ik-kiezen-om-mijn-veranda-te-vervangen\/"},"modified":"2024-12-18T11:26:50","modified_gmt":"2024-12-18T11:26:50","slug":"welk-type-beglazing-moet-ik-kiezen-om-mijn-veranda-te-vervangen","status":"publish","type":"page","link":"https:\/\/vitrerievitraco.be\/nl\/glas-vervangen-en-repareren\/welk-type-beglazing-moet-ik-kiezen-om-mijn-veranda-te-vervangen\/","title":{"rendered":"Welk type beglazing moet ik kiezen om mijn veranda te vervangen?"},"content":{"rendered":"\t\t<div data-elementor-type=\"wp-page\" data-elementor-id=\"70810\" class=\"elementor elementor-70810 elementor-68629\" data-elementor-post-type=\"page\">\n\t\t\t\t<div class=\"elementor-element elementor-element-a42af27 e-flex e-con-boxed e-con e-parent\" data-id=\"a42af27\" data-element_type=\"container\" data-e-type=\"container\" data-settings=\"{&quot;background_background&quot;:&quot;gradient&quot;}\">\n\t\t\t\t\t<div class=\"e-con-inner\">\n\t\t<div class=\"elementor-element elementor-element-30f049b2 e-con-full e-flex e-con e-child\" data-id=\"30f049b2\" data-element_type=\"container\" data-e-type=\"container\">\n\t\t\t\t<div class=\"elementor-element elementor-element-207c0834 elementor-widget elementor-widget-heading\" data-id=\"207c0834\" data-element_type=\"widget\" data-e-type=\"widget\" data-widget_type=\"heading.default\">\n\t\t\t\t<div class=\"elementor-widget-container\">\n\t\t\t\t\t<p class=\"elementor-heading-title elementor-size-default\">Glasreparatie<\/p>\t\t\t\t<\/div>\n\t\t\t\t<\/div>\n\t\t\t\t<div class=\"elementor-element elementor-element-430b12b1 elementor-widget elementor-widget-heading\" data-id=\"430b12b1\" data-element_type=\"widget\" data-e-type=\"widget\" data-widget_type=\"heading.default\">\n\t\t\t\t<div class=\"elementor-widget-container\">\n\t\t\t\t\t<h1 class=\"elementor-heading-title elementor-size-default\">Een veranda vervangen: welke beglazing moet je kiezen om het licht en de isolatie te verbeteren?<\/h1>\t\t\t\t<\/div>\n\t\t\t\t<\/div>\n\t\t\t\t<div class=\"elementor-element elementor-element-1a1783ab elementor-mobile-align-start elementor-icon-list--layout-traditional elementor-list-item-link-full_width elementor-widget elementor-widget-icon-list\" data-id=\"1a1783ab\" data-element_type=\"widget\" data-e-type=\"widget\" data-widget_type=\"icon-list.default\">\n\t\t\t\t<div class=\"elementor-widget-container\">\n\t\t\t\t\t\t\t<ul class=\"elementor-icon-list-items\">\n\t\t\t\t\t\t\t<li class=\"elementor-icon-list-item\">\n\t\t\t\t\t\t\t\t\t\t\t<span class=\"elementor-icon-list-icon\">\n\t\t\t\t\t\t\t<svg aria-hidden=\"true\" class=\"e-font-icon-svg e-fas-check\" viewBox=\"0 0 512 512\" xmlns=\"http:\/\/www.w3.org\/2000\/svg\"><path d=\"M173.898 439.404l-166.4-166.4c-9.997-9.997-9.997-26.206 0-36.204l36.203-36.204c9.997-9.998 26.207-9.998 36.204 0L192 312.69 432.095 72.596c9.997-9.997 26.207-9.997 36.204 0l36.203 36.204c9.997 9.997 9.997 26.206 0 36.204l-294.4 294.401c-9.998 9.997-26.207 9.997-36.204-.001z\"><\/path><\/svg>\t\t\t\t\t\t<\/span>\n\t\t\t\t\t\t\t\t\t\t<span class=\"elementor-icon-list-text\">Verbeterde isolatie en comfort<\/span>\n\t\t\t\t\t\t\t\t\t<\/li>\n\t\t\t\t\t\t\t\t<li class=\"elementor-icon-list-item\">\n\t\t\t\t\t\t\t\t\t\t\t<span class=\"elementor-icon-list-icon\">\n\t\t\t\t\t\t\t<svg aria-hidden=\"true\" class=\"e-font-icon-svg e-fas-check\" viewBox=\"0 0 512 512\" xmlns=\"http:\/\/www.w3.org\/2000\/svg\"><path d=\"M173.898 439.404l-166.4-166.4c-9.997-9.997-9.997-26.206 0-36.204l36.203-36.204c9.997-9.998 26.207-9.998 36.204 0L192 312.69 432.095 72.596c9.997-9.997 26.207-9.997 36.204 0l36.203 36.204c9.997 9.997 9.997 26.206 0 36.204l-294.4 294.401c-9.998 9.997-26.207 9.997-36.204-.001z\"><\/path><\/svg>\t\t\t\t\t\t<\/span>\n\t\t\t\t\t\t\t\t\t\t<span class=\"elementor-icon-list-text\">Hoogrendementsbeglazing voor veranda's<\/span>\n\t\t\t\t\t\t\t\t\t<\/li>\n\t\t\t\t\t\t\t\t<li class=\"elementor-icon-list-item\">\n\t\t\t\t\t\t\t\t\t\t\t<span class=\"elementor-icon-list-icon\">\n\t\t\t\t\t\t\t<svg aria-hidden=\"true\" class=\"e-font-icon-svg e-fas-check\" viewBox=\"0 0 512 512\" xmlns=\"http:\/\/www.w3.org\/2000\/svg\"><path d=\"M173.898 439.404l-166.4-166.4c-9.997-9.997-9.997-26.206 0-36.204l36.203-36.204c9.997-9.998 26.207-9.998 36.204 0L192 312.69 432.095 72.596c9.997-9.997 26.207-9.997 36.204 0l36.203 36.204c9.997 9.997 9.997 26.206 0 36.204l-294.4 294.401c-9.998 9.997-26.207 9.997-36.204-.001z\"><\/path><\/svg>\t\t\t\t\t\t<\/span>\n\t\t\t\t\t\t\t\t\t\t<span class=\"elementor-icon-list-text\">Gegarandeerde energiebesparing<\/span>\n\t\t\t\t\t\t\t\t\t<\/li>\n\t\t\t\t\t\t<\/ul>\n\t\t\t\t\t\t<\/div>\n\t\t\t\t<\/div>\n\t\t\t\t<div class=\"elementor-element elementor-element-4f0def0 elementor-widget__width-auto elementor-mobile-align-left elementor-widget elementor-widget-button\" data-id=\"4f0def0\" data-element_type=\"widget\" data-e-type=\"widget\" data-widget_type=\"button.default\">\n\t\t\t\t<div class=\"elementor-widget-container\">\n\t\t\t\t\t\t\t\t\t<div class=\"elementor-button-wrapper\">\n\t\t\t\t\t<a class=\"elementor-button elementor-button-link elementor-size-md elementor-animation-grow\" href=\"https:\/\/vitrerievitraco.be\/nl\/contact\/\">\n\t\t\t\t\t\t<span class=\"elementor-button-content-wrapper\">\n\t\t\t\t\t\t<span class=\"elementor-button-icon\">\n\t\t\t\t<svg aria-hidden=\"true\" class=\"e-font-icon-svg e-fas-arrow-right\" viewBox=\"0 0 448 512\" xmlns=\"http:\/\/www.w3.org\/2000\/svg\"><path d=\"M190.5 66.9l22.2-22.2c9.4-9.4 24.6-9.4 33.9 0L441 239c9.4 9.4 9.4 24.6 0 33.9L246.6 467.3c-9.4 9.4-24.6 9.4-33.9 0l-22.2-22.2c-9.5-9.5-9.3-25 .4-34.3L311.4 296H24c-13.3 0-24-10.7-24-24v-32c0-13.3 10.7-24 24-24h287.4L190.9 101.2c-9.8-9.3-10-24.8-.4-34.3z\"><\/path><\/svg>\t\t\t<\/span>\n\t\t\t\t\t\t\t\t\t<span class=\"elementor-button-text\">Verzoek om informatie<\/span>\n\t\t\t\t\t<\/span>\n\t\t\t\t\t<\/a>\n\t\t\t\t<\/div>\n\t\t\t\t\t\t\t\t<\/div>\n\t\t\t\t<\/div>\n\t\t\t\t<\/div>\n\t\t<div class=\"elementor-element elementor-element-517e3f26 e-con-full e-flex e-con e-child\" data-id=\"517e3f26\" data-element_type=\"container\" data-e-type=\"container\">\n\t\t\t\t<div class=\"elementor-element elementor-element-4f49dfc0 elementor-widget elementor-widget-image\" data-id=\"4f49dfc0\" data-element_type=\"widget\" data-e-type=\"widget\" data-widget_type=\"image.default\">\n\t\t\t\t<div class=\"elementor-widget-container\">\n\t\t\t\t\t\t\t\t\t\t\t\t\t\t\t<img fetchpriority=\"high\" decoding=\"async\" width=\"800\" height=\"533\" src=\"https:\/\/vitrerievitraco.be\/wp-content\/uploads\/2024\/08\/father-and-daughter-enjoying-breakfast-together-in-a-sunny-conservatory-1024x682.jpg\" class=\"attachment-large size-large wp-image-69264\" alt=\"Remplacement de v\u00e9randa: Quel vitrage choisir pour am\u00e9liorer luminosit\u00e9 et isolation?\" srcset=\"https:\/\/vitrerievitraco.be\/wp-content\/uploads\/2024\/08\/father-and-daughter-enjoying-breakfast-together-in-a-sunny-conservatory-1024x682.jpg 1024w, https:\/\/vitrerievitraco.be\/wp-content\/uploads\/2024\/08\/father-and-daughter-enjoying-breakfast-together-in-a-sunny-conservatory-300x200.jpg 300w, https:\/\/vitrerievitraco.be\/wp-content\/uploads\/2024\/08\/father-and-daughter-enjoying-breakfast-together-in-a-sunny-conservatory-768x512.jpg 768w, https:\/\/vitrerievitraco.be\/wp-content\/uploads\/2024\/08\/father-and-daughter-enjoying-breakfast-together-in-a-sunny-conservatory-1536x1024.jpg 1536w, https:\/\/vitrerievitraco.be\/wp-content\/uploads\/2024\/08\/father-and-daughter-enjoying-breakfast-together-in-a-sunny-conservatory.jpg 2000w\" sizes=\"(max-width: 800px) 100vw, 800px\" \/>\t\t\t\t\t\t\t\t\t\t\t\t\t\t\t<\/div>\n\t\t\t\t<\/div>\n\t\t\t\t<\/div>\n\t\t\t\t\t<\/div>\n\t\t\t\t<\/div>\n\t\t<div class=\"elementor-element elementor-element-a51bbda e-con-full e-flex e-con e-parent\" data-id=\"a51bbda\" data-element_type=\"container\" data-e-type=\"container\" data-settings=\"{&quot;background_background&quot;:&quot;classic&quot;}\">\n\t\t<div class=\"elementor-element elementor-element-b0908b6 e-flex e-con-boxed e-con e-child\" data-id=\"b0908b6\" data-element_type=\"container\" data-e-type=\"container\" data-settings=\"{&quot;background_background&quot;:&quot;gradient&quot;}\">\n\t\t\t\t\t<div class=\"e-con-inner\">\n\t\t<div class=\"elementor-element elementor-element-38085c5 e-con-full e-flex e-con e-child\" data-id=\"38085c5\" data-element_type=\"container\" data-e-type=\"container\" data-settings=\"{&quot;background_background&quot;:&quot;classic&quot;}\">\n\t\t\t\t<div class=\"elementor-element elementor-element-90f89c3 elementor-view-default elementor-widget elementor-widget-icon\" data-id=\"90f89c3\" data-element_type=\"widget\" data-e-type=\"widget\" data-widget_type=\"icon.default\">\n\t\t\t\t<div class=\"elementor-widget-container\">\n\t\t\t\t\t\t\t<div class=\"elementor-icon-wrapper\">\n\t\t\t<div class=\"elementor-icon\">\n\t\t\t<i aria-hidden=\"true\" class=\"icon icon-light-bulb\"><\/i>\t\t\t<\/div>\n\t\t<\/div>\n\t\t\t\t\t\t<\/div>\n\t\t\t\t<\/div>\n\t\t\t\t<div class=\"elementor-element elementor-element-1a32656 elementor-widget elementor-widget-text-editor\" data-id=\"1a32656\" data-element_type=\"widget\" data-e-type=\"widget\" data-widget_type=\"text-editor.default\">\n\t\t\t\t<div class=\"elementor-widget-container\">\n\t\t\t\t\t\t\t\t\t<p>Gebrek aan licht, overmatige schittering, condensatie, muffe geuren, verstikkende hitte in de zomer en bijtende kou in het tussenseizoen &#8211; het zijn allemaal uitdagingen die het comfort en de duurzaamheid van je veranda kunnen be\u00efnvloeden. Als je gebrekkige beglazing niet onderhoudt, verandert je ontspannende ruimte in een bron van ongemak en frustratie, terwijl je energierekening en onderhoudskosten stijgen als de problemen ernstiger worden.<\/p>\n\t\t\t\t\t\t\t\t<\/div>\n\t\t\t\t<\/div>\n\t\t\t\t<\/div>\n\t\t\t\t\t<\/div>\n\t\t\t\t<\/div>\n\t\t\t\t<\/div>\n\t\t<div class=\"elementor-element elementor-element-3000cea6 e-flex e-con-boxed e-con e-parent\" data-id=\"3000cea6\" data-element_type=\"container\" data-e-type=\"container\">\n\t\t\t\t\t<div class=\"e-con-inner\">\n\t\t<div class=\"elementor-element elementor-element-26c206ab e-con-full e-flex e-con e-child\" data-id=\"26c206ab\" data-element_type=\"container\" data-e-type=\"container\">\n\t\t\t\t<div class=\"elementor-element elementor-element-6da8f0f5 elementor-widget elementor-widget-heading\" data-id=\"6da8f0f5\" data-element_type=\"widget\" data-e-type=\"widget\" data-widget_type=\"heading.default\">\n\t\t\t\t<div class=\"elementor-widget-container\">\n\t\t\t\t\t<h2 class=\"elementor-heading-title elementor-size-default\">Een veranda vervangen: welk type beglazing moet je kiezen?<\/h2>\t\t\t\t<\/div>\n\t\t\t\t<\/div>\n\t\t\t\t<div class=\"elementor-element elementor-element-16859b5 elementor-widget elementor-widget-text-editor\" data-id=\"16859b5\" data-element_type=\"widget\" data-e-type=\"widget\" data-widget_type=\"text-editor.default\">\n\t\t\t\t<div class=\"elementor-widget-container\">\n\t\t\t\t\t\t\t\t\t<p>Verandabeglazing speelt een cruciale rol in het comfort van je ruimte. Na verloop van tijd kan glas zijn doeltreffendheid verliezen, wat leidt tot warmteverlies, luchtinfiltratie en verminderde lichtinval. Het vervangen van de beglazing in je veranda kan niet alleen de esthetiek van je huis verbeteren, maar ook je thermische en akoestische comfort verhogen. Of u nu geld wilt besparen op uw energierekening of een zonnigere, meer uitnodigende ruimte wilt cre\u00ebren, het vervangen van de beglazing is een essenti\u00eble oplossing.<\/p>\n\t\t\t\t\t\t\t\t<\/div>\n\t\t\t\t<\/div>\n\t\t\t\t<div class=\"elementor-element elementor-element-13498d71 elementor-widget elementor-widget-heading\" data-id=\"13498d71\" data-element_type=\"widget\" data-e-type=\"widget\" data-widget_type=\"heading.default\">\n\t\t\t\t<div class=\"elementor-widget-container\">\n\t\t\t\t\t<h3 class=\"elementor-heading-title elementor-size-default\">Welk type beglazing moet ik kiezen om mijn veranda te vervangen?<\/h3>\t\t\t\t<\/div>\n\t\t\t\t<\/div>\n\t\t\t\t<div class=\"elementor-element elementor-element-47488fc8 elementor-widget elementor-widget-text-editor\" data-id=\"47488fc8\" data-element_type=\"widget\" data-e-type=\"widget\" data-widget_type=\"text-editor.default\">\n\t\t\t\t<div class=\"elementor-widget-container\">\n\t\t\t\t\t\t\t\t\t<p>De keuze van de beglazing is cruciaal voor het comfort en de prestaties van je veranda. In Belgi\u00eb en Europa zijn verschillende soorten beglazing beschikbaar om te voldoen aan de specifieke vereisten van veranda&#8217;s. Beglazing voor de voorkant van je veranda moet gekozen worden op basis van het vermogen om licht te filteren en tegelijkertijd goed te isoleren.<\/p>\n<p>Dubbele beglazing, vaak bestaande uit twee lagen glas gescheiden door een met gas gevulde ruimte, is ideaal om de thermische isolatie te verbeteren. Het wordt vaak aangetroffen in glazen en aluminium veranda&#8217;s.<br \/>\nBeglazing met een lage emissiviteit daarentegen vermindert warmteverlies en laat licht door.<\/p>\n<p>Voor gevels die aan de zon zijn blootgesteld, kan getinte of reflecterende beglazing zowel schittering minimaliseren als de helderheid van het interieur behouden.<\/p>\n\t\t\t\t\t\t\t\t<\/div>\n\t\t\t\t<\/div>\n\t\t\t\t<div class=\"elementor-element elementor-element-47a48134 elementor-widget elementor-widget-heading\" data-id=\"47a48134\" data-element_type=\"widget\" data-e-type=\"widget\" data-widget_type=\"heading.default\">\n\t\t\t\t<div class=\"elementor-widget-container\">\n\t\t\t\t\t<h3 class=\"elementor-heading-title elementor-size-default\">Soorten dakbeglazing<\/h3>\t\t\t\t<\/div>\n\t\t\t\t<\/div>\n\t\t\t\t<div class=\"elementor-element elementor-element-7644f9b6 elementor-widget elementor-widget-text-editor\" data-id=\"7644f9b6\" data-element_type=\"widget\" data-e-type=\"widget\" data-widget_type=\"text-editor.default\">\n\t\t\t\t<div class=\"elementor-widget-container\">\n\t\t\t\t\t\t\t\t\t<p>Voor het dak van je veranda moet de keuze van de beglazing zorgen voor een goede thermische isolatie en bescherming tegen extreme weersomstandigheden.<\/p>\n<ul>\n<li>Zelfreinigende beglazing en versterkte isolatiebeglazing zijn bijzonder doeltreffend voor daken, omdat ze de warmte in de zomer beperken en beter isoleren in de winter.<\/li>\n<li>Gehard of gelaagd glas wordt ook aanbevolen omdat het beter bestand is tegen schokken en temperatuurschommelingen.<\/li>\n<\/ul>\n\t\t\t\t\t\t\t\t<\/div>\n\t\t\t\t<\/div>\n\t\t\t\t<\/div>\n\t\t<div class=\"elementor-element elementor-element-1b357d24 e-con-full e-flex e-con e-child\" data-id=\"1b357d24\" data-element_type=\"container\" data-e-type=\"container\" data-settings=\"{&quot;sticky&quot;:&quot;top&quot;,&quot;sticky_parent&quot;:&quot;yes&quot;,&quot;sticky_on&quot;:[&quot;desktop&quot;,&quot;tablet&quot;,&quot;mobile&quot;],&quot;sticky_offset&quot;:0,&quot;sticky_effects_offset&quot;:0,&quot;sticky_anchor_link_offset&quot;:0}\">\n\t\t<div class=\"elementor-element elementor-element-21155e72 animated-slow e-con-full e-flex elementor-invisible e-con e-child\" data-id=\"21155e72\" data-element_type=\"container\" data-e-type=\"container\" data-settings=\"{&quot;background_background&quot;:&quot;classic&quot;,&quot;animation&quot;:&quot;fadeInUp&quot;,&quot;animation_delay&quot;:60}\">\n\t\t\t\t<div class=\"elementor-element elementor-element-36610b65 elementor-view-default elementor-widget elementor-widget-icon\" data-id=\"36610b65\" data-element_type=\"widget\" data-e-type=\"widget\" data-widget_type=\"icon.default\">\n\t\t\t\t<div class=\"elementor-widget-container\">\n\t\t\t\t\t\t\t<div class=\"elementor-icon-wrapper\">\n\t\t\t<div class=\"elementor-icon\">\n\t\t\t<i aria-hidden=\"true\" class=\"icon icon-handshake\"><\/i>\t\t\t<\/div>\n\t\t<\/div>\n\t\t\t\t\t\t<\/div>\n\t\t\t\t<\/div>\n\t\t\t\t<div class=\"elementor-element elementor-element-114cfad1 elementor-widget__width-auto elementor-widget elementor-widget-heading\" data-id=\"114cfad1\" data-element_type=\"widget\" data-e-type=\"widget\" data-widget_type=\"heading.default\">\n\t\t\t\t<div class=\"elementor-widget-container\">\n\t\t\t\t\t<h6 class=\"elementor-heading-title elementor-size-default\">Meer dan 30 jaar ervaring tot uw dienst<\/h6>\t\t\t\t<\/div>\n\t\t\t\t<\/div>\n\t\t\t\t<\/div>\n\t\t<div class=\"elementor-element elementor-element-7150480e animated-slow e-con-full e-flex elementor-invisible e-con e-child\" data-id=\"7150480e\" data-element_type=\"container\" data-e-type=\"container\" data-settings=\"{&quot;background_background&quot;:&quot;classic&quot;,&quot;animation&quot;:&quot;fadeInUp&quot;,&quot;animation_delay&quot;:60}\">\n\t\t\t\t<div class=\"elementor-element elementor-element-20d04ef elementor-view-default elementor-widget elementor-widget-icon\" data-id=\"20d04ef\" data-element_type=\"widget\" data-e-type=\"widget\" data-widget_type=\"icon.default\">\n\t\t\t\t<div class=\"elementor-widget-container\">\n\t\t\t\t\t\t\t<div class=\"elementor-icon-wrapper\">\n\t\t\t<div class=\"elementor-icon\">\n\t\t\t<i aria-hidden=\"true\" class=\"icon icon-Rating\"><\/i>\t\t\t<\/div>\n\t\t<\/div>\n\t\t\t\t\t\t<\/div>\n\t\t\t\t<\/div>\n\t\t\t\t<div class=\"elementor-element elementor-element-7653101a elementor-widget__width-auto elementor-widget elementor-widget-heading\" data-id=\"7653101a\" data-element_type=\"widget\" data-e-type=\"widget\" data-widget_type=\"heading.default\">\n\t\t\t\t<div class=\"elementor-widget-container\">\n\t\t\t\t\t<h6 class=\"elementor-heading-title elementor-size-default\">Tevreden klanten in heel Belgi\u00eb<\/h6>\t\t\t\t<\/div>\n\t\t\t\t<\/div>\n\t\t\t\t<\/div>\n\t\t<div class=\"elementor-element elementor-element-3655da08 animated-slow e-con-full e-flex elementor-invisible e-con e-child\" data-id=\"3655da08\" data-element_type=\"container\" data-e-type=\"container\" data-settings=\"{&quot;background_background&quot;:&quot;classic&quot;,&quot;animation&quot;:&quot;fadeInUp&quot;,&quot;animation_delay&quot;:60}\">\n\t\t\t\t<div class=\"elementor-element elementor-element-2da977d0 elementor-view-default elementor-widget elementor-widget-icon\" data-id=\"2da977d0\" data-element_type=\"widget\" data-e-type=\"widget\" data-widget_type=\"icon.default\">\n\t\t\t\t<div class=\"elementor-widget-container\">\n\t\t\t\t\t\t\t<div class=\"elementor-icon-wrapper\">\n\t\t\t<div class=\"elementor-icon\">\n\t\t\t<i aria-hidden=\"true\" class=\"icon icon-Money\"><\/i>\t\t\t<\/div>\n\t\t<\/div>\n\t\t\t\t\t\t<\/div>\n\t\t\t\t<\/div>\n\t\t\t\t<div class=\"elementor-element elementor-element-7b21b530 elementor-widget__width-auto elementor-widget elementor-widget-heading\" data-id=\"7b21b530\" data-element_type=\"widget\" data-e-type=\"widget\" data-widget_type=\"heading.default\">\n\t\t\t\t<div class=\"elementor-widget-container\">\n\t\t\t\t\t<h6 class=\"elementor-heading-title elementor-size-default\">Gratis offertes binnen 48 uur<\/h6>\t\t\t\t<\/div>\n\t\t\t\t<\/div>\n\t\t\t\t<\/div>\n\t\t\t\t<div class=\"elementor-element elementor-element-4618afdc animated-slow elementor-cta--skin-classic elementor-animated-content elementor-bg-transform elementor-bg-transform-zoom-in elementor-invisible elementor-widget elementor-widget-call-to-action\" data-id=\"4618afdc\" data-element_type=\"widget\" data-e-type=\"widget\" data-settings=\"{&quot;_animation&quot;:&quot;fadeInUp&quot;,&quot;_animation_delay&quot;:60}\" data-widget_type=\"call-to-action.default\">\n\t\t\t\t<div class=\"elementor-widget-container\">\n\t\t\t\t\t\t\t<div class=\"elementor-cta\">\n\t\t\t\t\t<div class=\"elementor-cta__bg-wrapper\">\n\t\t\t\t<div class=\"elementor-cta__bg elementor-bg\" style=\"background-image: url(https:\/\/vitrerievitraco.be\/wp-content\/uploads\/2015\/12\/Pose-et-re\u0301paration-de-vitre.jpg);\" role=\"img\" aria-label=\"Pose-et-re\u0301paration-de-vitre\"><\/div>\n\t\t\t\t<div class=\"elementor-cta__bg-overlay\"><\/div>\n\t\t\t<\/div>\n\t\t\t\t\t\t\t<div class=\"elementor-cta__content\">\n\t\t\t\t\n\t\t\t\t\t\t\t\t\t<h6 class=\"elementor-cta__title elementor-cta__content-item elementor-content-item\">\n\t\t\t\t\t\tEen dringende interventie?\t\t\t\t\t<\/h6>\n\t\t\t\t\n\t\t\t\t\t\t\t\t\t<div class=\"elementor-cta__description elementor-cta__content-item elementor-content-item\">\n\t\t\t\t\t\t<p>Is je raam kapot? Moet er een ruit gerepareerd worden in Brussel?<\/p>\n\t\t\t\t\t<\/div>\n\t\t\t\t\n\t\t\t\t\t\t\t\t\t<div class=\"elementor-cta__button-wrapper elementor-cta__content-item elementor-content-item \">\n\t\t\t\t\t<a class=\"elementor-cta__button elementor-button elementor-size-\" href=\"https:\/\/vitrerievitraco.be\/contact\/\">\n\t\t\t\t\t\tContacteer ons\t\t\t\t\t<\/a>\n\t\t\t\t\t<\/div>\n\t\t\t\t\t\t\t<\/div>\n\t\t\t\t\t\t<\/div>\n\t\t\t\t\t\t<\/div>\n\t\t\t\t<\/div>\n\t\t\t\t<\/div>\n\t\t\t\t\t<\/div>\n\t\t\t\t<\/div>\n\t\t<div class=\"elementor-element elementor-element-7fdb5460 e-flex e-con-boxed e-con e-parent\" data-id=\"7fdb5460\" data-element_type=\"container\" data-e-type=\"container\">\n\t\t\t\t\t<div class=\"e-con-inner\">\n\t\t<div class=\"elementor-element elementor-element-5a8d5fb8 e-con-full e-flex e-con e-child\" data-id=\"5a8d5fb8\" data-element_type=\"container\" data-e-type=\"container\">\n\t\t\t\t<div class=\"elementor-element elementor-element-67510ad2 elementor-widget elementor-widget-heading\" data-id=\"67510ad2\" data-element_type=\"widget\" data-e-type=\"widget\" data-widget_type=\"heading.default\">\n\t\t\t\t<div class=\"elementor-widget-container\">\n\t\t\t\t\t<h2 class=\"elementor-heading-title elementor-size-default\">Veranda vervangen: de belangrijkste criteria voor het kiezen van glas voor veranda's<\/h2>\t\t\t\t<\/div>\n\t\t\t\t<\/div>\n\t\t\t\t<div class=\"elementor-element elementor-element-7506098 elementor-widget elementor-widget-text-editor\" data-id=\"7506098\" data-element_type=\"widget\" data-e-type=\"widget\" data-widget_type=\"text-editor.default\">\n\t\t\t\t<div class=\"elementor-widget-container\">\n\t\t\t\t\t\t\t\t\t<p>Bij het kiezen van beglazing ter vervanging van een veranda moet je rekening houden met een aantal essenti\u00eble criteria om comfort, veiligheid en effici\u00ebntie te garanderen. Het is belangrijk om beglazing te kiezen die niet alleen voldoet aan je prestatieverwachtingen, maar ook aan je budget en esthetische voorkeuren.<\/p>\n\t\t\t\t\t\t\t\t<\/div>\n\t\t\t\t<\/div>\n\t\t\t\t<div class=\"elementor-element elementor-element-19b830ac elementor-widget elementor-widget-heading\" data-id=\"19b830ac\" data-element_type=\"widget\" data-e-type=\"widget\" data-widget_type=\"heading.default\">\n\t\t\t\t<div class=\"elementor-widget-container\">\n\t\t\t\t\t<h3 class=\"elementor-heading-title elementor-size-default\">Criteria voor het kiezen van verandabeglazing<\/h3>\t\t\t\t<\/div>\n\t\t\t\t<\/div>\n\t\t\t\t<div class=\"elementor-element elementor-element-568f882d elementor-widget elementor-widget-text-editor\" data-id=\"568f882d\" data-element_type=\"widget\" data-e-type=\"widget\" data-widget_type=\"text-editor.default\">\n\t\t\t\t<div class=\"elementor-widget-container\">\n\t\t\t\t\t\t\t\t\t<p>Bij het kiezen van beglazing voor je veranda moet je rekening houden met verschillende criteria.<\/p>\n<ol>\n<li>Zomer- en wintercomfort zijn van het grootste belang: kies voor beglazing met warmte-isolerende eigenschappen om het hele jaar door een aangename temperatuur te behouden.<\/li>\n<li>Akoestisch comfort en veiligheid zijn ook belangrijk: kies voor beglazing met een goede geluidsisolatie en schokbestendigheid.<\/li>\n<li>Zorg ervoor dat de beglazing voldoende privacy biedt en bescherming biedt tegen nieuwsgierige blikken.<\/li>\n<li>Onderhoudsgemak is een ander criterium, vooral voor veranda&#8217;s die worden blootgesteld aan stof en de elementen.<\/li>\n<li>Tot slot moeten de afmetingen nauwkeurig zijn om een perfecte installatie te garanderen en prestatieproblemen te vermijden.<\/li>\n<\/ol>\n\t\t\t\t\t\t\t\t<\/div>\n\t\t\t\t<\/div>\n\t\t\t\t<\/div>\n\t\t<div class=\"elementor-element elementor-element-4475fe20 e-con-full e-flex e-con e-child\" data-id=\"4475fe20\" data-element_type=\"container\" data-e-type=\"container\">\n\t\t\t\t<div class=\"elementor-element elementor-element-35a7c67b elementor-widget elementor-widget-image\" data-id=\"35a7c67b\" data-element_type=\"widget\" data-e-type=\"widget\" data-widget_type=\"image.default\">\n\t\t\t\t<div class=\"elementor-widget-container\">\n\t\t\t\t\t\t\t\t\t\t\t\t\t\t\t<img decoding=\"async\" width=\"682\" height=\"1024\" src=\"https:\/\/vitrerievitraco.be\/wp-content\/uploads\/2024\/08\/beautiful-light-and-airy-sunroom-filled-with-plants-682x1024.jpg\" class=\"attachment-large size-large wp-image-69266\" alt=\"Les principaux crit\u00e8res de choix des vitrages pour les v\u00e9randas\" srcset=\"https:\/\/vitrerievitraco.be\/wp-content\/uploads\/2024\/08\/beautiful-light-and-airy-sunroom-filled-with-plants-682x1024.jpg 682w, https:\/\/vitrerievitraco.be\/wp-content\/uploads\/2024\/08\/beautiful-light-and-airy-sunroom-filled-with-plants-200x300.jpg 200w, https:\/\/vitrerievitraco.be\/wp-content\/uploads\/2024\/08\/beautiful-light-and-airy-sunroom-filled-with-plants-768x1152.jpg 768w, https:\/\/vitrerievitraco.be\/wp-content\/uploads\/2024\/08\/beautiful-light-and-airy-sunroom-filled-with-plants-1024x1536.jpg 1024w, https:\/\/vitrerievitraco.be\/wp-content\/uploads\/2024\/08\/beautiful-light-and-airy-sunroom-filled-with-plants.jpg 1333w\" sizes=\"(max-width: 682px) 100vw, 682px\" \/>\t\t\t\t\t\t\t\t\t\t\t\t\t\t\t<\/div>\n\t\t\t\t<\/div>\n\t\t\t\t<\/div>\n\t\t\t\t\t<\/div>\n\t\t\t\t<\/div>\n\t\t<div class=\"elementor-element elementor-element-a02ec47 e-flex e-con-boxed e-con e-parent\" data-id=\"a02ec47\" data-element_type=\"container\" data-e-type=\"container\">\n\t\t\t\t\t<div class=\"e-con-inner\">\n\t\t<div class=\"elementor-element elementor-element-13fd9fb6 e-con-full e-flex e-con e-child\" data-id=\"13fd9fb6\" data-element_type=\"container\" data-e-type=\"container\">\n\t\t\t\t<div class=\"elementor-element elementor-element-11ca6047 elementor-widget elementor-widget-image\" data-id=\"11ca6047\" data-element_type=\"widget\" data-e-type=\"widget\" data-widget_type=\"image.default\">\n\t\t\t\t<div class=\"elementor-widget-container\">\n\t\t\t\t\t\t\t\t\t\t\t\t\t\t\t<img decoding=\"async\" width=\"682\" height=\"1024\" src=\"https:\/\/vitrerievitraco.be\/wp-content\/uploads\/2024\/08\/redhead-man-embracing-asian-girlfriend-while-sitting-on-porch-near-glass-building-in-countryside-682x1024.jpg\" class=\"attachment-large size-large wp-image-69268\" alt=\"Pourquoi remplacer le vitrage de votre v\u00e9randa ?\" srcset=\"https:\/\/vitrerievitraco.be\/wp-content\/uploads\/2024\/08\/redhead-man-embracing-asian-girlfriend-while-sitting-on-porch-near-glass-building-in-countryside-682x1024.jpg 682w, https:\/\/vitrerievitraco.be\/wp-content\/uploads\/2024\/08\/redhead-man-embracing-asian-girlfriend-while-sitting-on-porch-near-glass-building-in-countryside-200x300.jpg 200w, https:\/\/vitrerievitraco.be\/wp-content\/uploads\/2024\/08\/redhead-man-embracing-asian-girlfriend-while-sitting-on-porch-near-glass-building-in-countryside-768x1152.jpg 768w, https:\/\/vitrerievitraco.be\/wp-content\/uploads\/2024\/08\/redhead-man-embracing-asian-girlfriend-while-sitting-on-porch-near-glass-building-in-countryside-1024x1536.jpg 1024w, https:\/\/vitrerievitraco.be\/wp-content\/uploads\/2024\/08\/redhead-man-embracing-asian-girlfriend-while-sitting-on-porch-near-glass-building-in-countryside.jpg 1333w\" sizes=\"(max-width: 682px) 100vw, 682px\" \/>\t\t\t\t\t\t\t\t\t\t\t\t\t\t\t<\/div>\n\t\t\t\t<\/div>\n\t\t\t\t<\/div>\n\t\t<div class=\"elementor-element elementor-element-5458aa08 e-con-full e-flex e-con e-child\" data-id=\"5458aa08\" data-element_type=\"container\" data-e-type=\"container\">\n\t\t\t\t<div class=\"elementor-element elementor-element-513c5d17 elementor-widget elementor-widget-heading\" data-id=\"513c5d17\" data-element_type=\"widget\" data-e-type=\"widget\" data-widget_type=\"heading.default\">\n\t\t\t\t<div class=\"elementor-widget-container\">\n\t\t\t\t\t<h2 class=\"elementor-heading-title elementor-size-default\">Waarom de beglazing van je veranda vervangen?<\/h2>\t\t\t\t<\/div>\n\t\t\t\t<\/div>\n\t\t\t\t<div class=\"elementor-element elementor-element-67cf8bac elementor-widget elementor-widget-text-editor\" data-id=\"67cf8bac\" data-element_type=\"widget\" data-e-type=\"widget\" data-widget_type=\"text-editor.default\">\n\t\t\t\t<div class=\"elementor-widget-container\">\n\t\t\t\t\t\t\t\t\tHet vervangen van de beglazing in je veranda kan het comfort en de prestaties ervan aanzienlijk verbeteren. Na verloop van tijd kan de beglazing verslechteren, wat het licht, de isolatie en de veiligheid van je ruimte aantast. Een oordeelkundige vervanging kan je veranda omtoveren tot een aangename en functionele ruimte, terwijl je energieverbruik geoptimaliseerd wordt.\t\t\t\t\t\t\t\t<\/div>\n\t\t\t\t<\/div>\n\t\t\t\t<div class=\"elementor-element elementor-element-23108999 elementor-widget elementor-widget-heading\" data-id=\"23108999\" data-element_type=\"widget\" data-e-type=\"widget\" data-widget_type=\"heading.default\">\n\t\t\t\t<div class=\"elementor-widget-container\">\n\t\t\t\t\t<h3 class=\"elementor-heading-title elementor-size-default\">Tekenen dat het tijd is om je beglazing te vervangen<\/h3>\t\t\t\t<\/div>\n\t\t\t\t<\/div>\n\t\t\t\t<div class=\"elementor-element elementor-element-2324f00f elementor-widget elementor-widget-text-editor\" data-id=\"2324f00f\" data-element_type=\"widget\" data-e-type=\"widget\" data-widget_type=\"text-editor.default\">\n\t\t\t\t<div class=\"elementor-widget-container\">\n\t\t\t\t\t\t\t\t\t<p>Er zijn verschillende tekenen dat het tijd is om de beglazing van je veranda te vervangen.<\/p>\n<ul>\n<li>Als je mist of condensvorming tussen de ruiten opmerkt, betekent dit dat de dubbele beglazing niet meer waterdicht is en zijn isolerende rol niet meer vervult.<\/li>\n<li>Temperatuurdaling in de winter: als je veranda te koud wordt in de winter, betekent dit dat de beglazing niet langer voldoende thermische isolatie biedt.<\/li>\n<li>Verhoogde energiefacturen: Ineffici\u00ebnte beglazing kan leiden tot overmatig energieverbruik om je veranda te verwarmen of te koelen.<\/li>\n<\/ul>\n<p>Deze problemen kunnen je comfort aantasten en je energiekosten verhogen. Laat beglazingsproblemen het comfort van je veranda niet in het gedrang brengen. Vertrouw op Vitraco voor oplossingen op maat van uw behoeften.<\/p>\n\t\t\t\t\t\t\t\t<\/div>\n\t\t\t\t<\/div>\n\t\t\t\t<\/div>\n\t\t\t\t\t<\/div>\n\t\t\t\t<\/div>\n\t\t<div class=\"elementor-element elementor-element-1ae7136 e-flex e-con-boxed e-con e-parent\" data-id=\"1ae7136\" data-element_type=\"container\" data-e-type=\"container\">\n\t\t\t\t\t<div class=\"e-con-inner\">\n\t\t\t\t<div class=\"elementor-element elementor-element-92f5ec8 elementor-widget elementor-widget-template\" data-id=\"92f5ec8\" data-element_type=\"widget\" data-e-type=\"widget\" data-widget_type=\"template.default\">\n\t\t\t\t<div class=\"elementor-widget-container\">\n\t\t\t\t\t\t\t<div class=\"elementor-template\">\n\t\t\t\t\t<div data-elementor-type=\"section\" data-elementor-id=\"70960\" class=\"elementor elementor-70960 elementor-70183 elementor-70183\" data-elementor-post-type=\"elementor_library\">\n\t\t\t<div class=\"elementor-element elementor-element-e8470fd e-flex e-con-boxed e-con e-parent\" data-id=\"e8470fd\" data-element_type=\"container\" data-e-type=\"container\">\n\t\t\t\t\t<div class=\"e-con-inner\">\n\t\t<div class=\"elementor-element elementor-element-c7eb420 e-con-full e-flex e-con e-child\" data-id=\"c7eb420\" data-element_type=\"container\" data-e-type=\"container\">\n\t\t\t\t<div class=\"elementor-element elementor-element-8903354 elementor-widget elementor-widget-heading\" data-id=\"8903354\" data-element_type=\"widget\" data-e-type=\"widget\" data-widget_type=\"heading.default\">\n\t\t\t\t<div class=\"elementor-widget-container\">\n\t\t\t\t\t<h5 class=\"elementor-heading-title elementor-size-default\">Klanten die ons vertrouwen<\/h5>\t\t\t\t<\/div>\n\t\t\t\t<\/div>\n\t\t<div class=\"elementor-element elementor-element-2b4b94c e-con-full e-flex e-con e-child\" data-id=\"2b4b94c\" data-element_type=\"container\" data-e-type=\"container\">\n\t\t\t\t<div class=\"elementor-element elementor-element-9dc2124 elementor-arrows-position-outside elementor-pagination-position-outside elementor-widget elementor-widget-image-carousel\" data-id=\"9dc2124\" data-element_type=\"widget\" data-e-type=\"widget\" data-settings=\"{&quot;slides_to_show&quot;:&quot;10&quot;,&quot;image_spacing_custom&quot;:{&quot;unit&quot;:&quot;px&quot;,&quot;size&quot;:23,&quot;sizes&quot;:[]},&quot;slides_to_show_mobile&quot;:&quot;2&quot;,&quot;navigation&quot;:&quot;both&quot;,&quot;autoplay&quot;:&quot;yes&quot;,&quot;pause_on_hover&quot;:&quot;yes&quot;,&quot;pause_on_interaction&quot;:&quot;yes&quot;,&quot;autoplay_speed&quot;:5000,&quot;infinite&quot;:&quot;yes&quot;,&quot;speed&quot;:500,&quot;image_spacing_custom_tablet&quot;:{&quot;unit&quot;:&quot;px&quot;,&quot;size&quot;:&quot;&quot;,&quot;sizes&quot;:[]},&quot;image_spacing_custom_mobile&quot;:{&quot;unit&quot;:&quot;px&quot;,&quot;size&quot;:&quot;&quot;,&quot;sizes&quot;:[]}}\" data-widget_type=\"image-carousel.default\">\n\t\t\t\t<div class=\"elementor-widget-container\">\n\t\t\t\t\t\t\t<div class=\"elementor-image-carousel-wrapper swiper\" role=\"region\" aria-roledescription=\"carousel\" aria-label=\"Afbeelding carrousel\" dir=\"ltr\">\n\t\t\t<div class=\"elementor-image-carousel swiper-wrapper\" aria-live=\"off\">\n\t\t\t\t\t\t\t\t<div class=\"swiper-slide\" role=\"group\" aria-roledescription=\"slide\" aria-label=\"1 van 15\"><figure class=\"swiper-slide-inner\"><img decoding=\"async\" class=\"swiper-slide-image\" src=\"https:\/\/vitrerievitraco.be\/wp-content\/uploads\/2024\/09\/logo-18.jpg\" alt=\"logo-18\" \/><\/figure><\/div><div class=\"swiper-slide\" role=\"group\" aria-roledescription=\"slide\" aria-label=\"2 van 15\"><figure class=\"swiper-slide-inner\"><img decoding=\"async\" class=\"swiper-slide-image\" src=\"https:\/\/vitrerievitraco.be\/wp-content\/uploads\/2024\/09\/logo-32.jpg\" alt=\"logo-32\" \/><\/figure><\/div><div class=\"swiper-slide\" role=\"group\" aria-roledescription=\"slide\" aria-label=\"3 van 15\"><figure class=\"swiper-slide-inner\"><img decoding=\"async\" class=\"swiper-slide-image\" src=\"https:\/\/vitrerievitraco.be\/wp-content\/uploads\/2024\/09\/logo-35.jpg\" alt=\"logo-35\" \/><\/figure><\/div><div class=\"swiper-slide\" role=\"group\" aria-roledescription=\"slide\" aria-label=\"4 van 15\"><figure class=\"swiper-slide-inner\"><img decoding=\"async\" class=\"swiper-slide-image\" src=\"https:\/\/vitrerievitraco.be\/wp-content\/uploads\/2024\/09\/logo-03.jpg\" alt=\"logo-03\" \/><\/figure><\/div><div class=\"swiper-slide\" role=\"group\" aria-roledescription=\"slide\" aria-label=\"5 van 15\"><figure class=\"swiper-slide-inner\"><img decoding=\"async\" class=\"swiper-slide-image\" src=\"https:\/\/vitrerievitraco.be\/wp-content\/uploads\/2024\/09\/logo-05.jpg\" alt=\"logo-05\" \/><\/figure><\/div><div class=\"swiper-slide\" role=\"group\" aria-roledescription=\"slide\" aria-label=\"6 van 15\"><figure class=\"swiper-slide-inner\"><img decoding=\"async\" class=\"swiper-slide-image\" src=\"https:\/\/vitrerievitraco.be\/wp-content\/uploads\/2024\/09\/logo-10.jpg\" alt=\"logo-10\" \/><\/figure><\/div><div class=\"swiper-slide\" role=\"group\" aria-roledescription=\"slide\" aria-label=\"7 van 15\"><figure class=\"swiper-slide-inner\"><img decoding=\"async\" class=\"swiper-slide-image\" src=\"https:\/\/vitrerievitraco.be\/wp-content\/uploads\/2024\/09\/logo-19.jpg\" alt=\"logo-19\" \/><\/figure><\/div><div class=\"swiper-slide\" role=\"group\" aria-roledescription=\"slide\" aria-label=\"8 van 15\"><figure class=\"swiper-slide-inner\"><img decoding=\"async\" class=\"swiper-slide-image\" src=\"https:\/\/vitrerievitraco.be\/wp-content\/uploads\/2024\/09\/logo-11.jpg\" alt=\"logo-11\" \/><\/figure><\/div><div class=\"swiper-slide\" role=\"group\" aria-roledescription=\"slide\" aria-label=\"Afbeelding carrousel\"0><figure class=\"swiper-slide-inner\"><img decoding=\"async\" class=\"swiper-slide-image\" src=\"https:\/\/vitrerievitraco.be\/wp-content\/uploads\/2024\/09\/logo-42.jpg\" alt=\"logo-42\" \/><\/figure><\/div><div class=\"swiper-slide\" role=\"group\" aria-roledescription=\"slide\" aria-label=\"Afbeelding carrousel\"1><figure class=\"swiper-slide-inner\"><img decoding=\"async\" class=\"swiper-slide-image\" src=\"https:\/\/vitrerievitraco.be\/wp-content\/uploads\/2024\/09\/logo-25.jpg\" alt=\"logo-25\" \/><\/figure><\/div><div class=\"swiper-slide\" role=\"group\" aria-roledescription=\"slide\" aria-label=\"Afbeelding carrousel\"2><figure class=\"swiper-slide-inner\"><img decoding=\"async\" class=\"swiper-slide-image\" src=\"https:\/\/vitrerievitraco.be\/wp-content\/uploads\/2024\/09\/logo-13.jpg\" alt=\"logo-13\" \/><\/figure><\/div><div class=\"swiper-slide\" role=\"group\" aria-roledescription=\"slide\" aria-label=\"Afbeelding carrousel\"3><figure class=\"swiper-slide-inner\"><img decoding=\"async\" class=\"swiper-slide-image\" src=\"https:\/\/vitrerievitraco.be\/wp-content\/uploads\/2024\/09\/logo-01.jpg\" alt=\"logo-01\" \/><\/figure><\/div><div class=\"swiper-slide\" role=\"group\" aria-roledescription=\"slide\" aria-label=\"Afbeelding carrousel\"4><figure class=\"swiper-slide-inner\"><img decoding=\"async\" class=\"swiper-slide-image\" src=\"https:\/\/vitrerievitraco.be\/wp-content\/uploads\/2024\/09\/logo-38.jpg\" alt=\"logo-38\" \/><\/figure><\/div><div class=\"swiper-slide\" role=\"group\" aria-roledescription=\"slide\" aria-label=\"Afbeelding carrousel\"5><figure class=\"swiper-slide-inner\"><img decoding=\"async\" class=\"swiper-slide-image\" src=\"https:\/\/vitrerievitraco.be\/wp-content\/uploads\/2024\/09\/logo-31.jpg\" alt=\"logo-31\" \/><\/figure><\/div><div class=\"swiper-slide\" role=\"group\" aria-roledescription=\"slide\" aria-label=\"Afbeelding carrousel\"6><figure class=\"swiper-slide-inner\"><img decoding=\"async\" class=\"swiper-slide-image\" src=\"https:\/\/vitrerievitraco.be\/wp-content\/uploads\/2024\/09\/logo-30.jpg\" alt=\"logo-30\" \/><\/figure><\/div>\t\t\t<\/div>\n\t\t\t\t\t\t\t\t\t\t\t\t<div class=\"elementor-swiper-button elementor-swiper-button-prev\" role=\"button\" tabindex=\"0\">\n\t\t\t\t\t\t<svg aria-hidden=\"true\" class=\"e-font-icon-svg e-eicon-chevron-left\" viewBox=\"0 0 1000 1000\" xmlns=\"http:\/\/www.w3.org\/2000\/svg\"><path d=\"M646 125C629 125 613 133 604 142L308 442C296 454 292 471 292 487 292 504 296 521 308 533L604 854C617 867 629 875 646 875 663 875 679 871 692 858 704 846 713 829 713 812 713 796 708 779 692 767L438 487 692 225C700 217 708 204 708 187 708 171 704 154 692 142 675 129 663 125 646 125Z\"><\/path><\/svg>\t\t\t\t\t<\/div>\n\t\t\t\t\t<div class=\"elementor-swiper-button elementor-swiper-button-next\" role=\"button\" tabindex=\"0\">\n\t\t\t\t\t\t<svg aria-hidden=\"true\" class=\"e-font-icon-svg e-eicon-chevron-right\" viewBox=\"0 0 1000 1000\" xmlns=\"http:\/\/www.w3.org\/2000\/svg\"><path d=\"M696 533C708 521 713 504 713 487 713 471 708 454 696 446L400 146C388 133 375 125 354 125 338 125 325 129 313 142 300 154 292 171 292 187 292 204 296 221 308 233L563 492 304 771C292 783 288 800 288 817 288 833 296 850 308 863 321 871 338 875 354 875 371 875 388 867 400 854L696 533Z\"><\/path><\/svg>\t\t\t\t\t<\/div>\n\t\t\t\t\n\t\t\t\t\t\t\t\t\t<div class=\"swiper-pagination\"><\/div>\n\t\t\t\t\t\t\t\t\t<\/div>\n\t\t\t\t\t\t<\/div>\n\t\t\t\t<\/div>\n\t\t\t\t<\/div>\n\t\t\t\t<\/div>\n\t\t\t\t\t<\/div>\n\t\t\t\t<\/div>\n\t\t\t\t<\/div>\n\t\t\t\t<\/div>\n\t\t\t\t\t\t<\/div>\n\t\t\t\t<\/div>\n\t\t\t\t\t<\/div>\n\t\t\t\t<\/div>\n\t\t<div class=\"elementor-element elementor-element-dacde63 e-flex e-con-boxed e-con e-parent\" data-id=\"dacde63\" data-element_type=\"container\" data-e-type=\"container\" data-settings=\"{&quot;background_background&quot;:&quot;gradient&quot;}\">\n\t\t\t\t\t<div class=\"e-con-inner\">\n\t\t<div class=\"elementor-element elementor-element-1f807149 e-con-full e-flex e-con e-child\" data-id=\"1f807149\" data-element_type=\"container\" data-e-type=\"container\">\n\t\t\t\t<div class=\"elementor-element elementor-element-4a509050 elementor-widget elementor-widget-heading\" data-id=\"4a509050\" data-element_type=\"widget\" data-e-type=\"widget\" data-widget_type=\"heading.default\">\n\t\t\t\t<div class=\"elementor-widget-container\">\n\t\t\t\t\t<h2 class=\"elementor-heading-title elementor-size-default\">FAQ<\/h2>\t\t\t\t<\/div>\n\t\t\t\t<\/div>\n\t\t\t\t<div class=\"elementor-element elementor-element-53b92fa4 elementor-widget elementor-widget-accordion\" data-id=\"53b92fa4\" data-element_type=\"widget\" data-e-type=\"widget\" data-widget_type=\"accordion.default\">\n\t\t\t\t<div class=\"elementor-widget-container\">\n\t\t\t\t\t\t\t<div class=\"elementor-accordion\">\n\t\t\t\t\t\t\t<div class=\"elementor-accordion-item\">\n\t\t\t\t\t<div id=\"elementor-tab-title-1401\" class=\"elementor-tab-title\" data-tab=\"1\" role=\"button\" aria-controls=\"elementor-tab-content-1401\" aria-expanded=\"false\">\n\t\t\t\t\t\t\t\t\t\t\t\t\t<span class=\"elementor-accordion-icon elementor-accordion-icon-right\" aria-hidden=\"true\">\n\t\t\t\t\t\t\t\t\t\t\t\t\t\t\t<span class=\"elementor-accordion-icon-closed\"><svg class=\"e-font-icon-svg e-fas-plus\" viewBox=\"0 0 448 512\" xmlns=\"http:\/\/www.w3.org\/2000\/svg\"><path d=\"M416 208H272V64c0-17.67-14.33-32-32-32h-32c-17.67 0-32 14.33-32 32v144H32c-17.67 0-32 14.33-32 32v32c0 17.67 14.33 32 32 32h144v144c0 17.67 14.33 32 32 32h32c17.67 0 32-14.33 32-32V304h144c17.67 0 32-14.33 32-32v-32c0-17.67-14.33-32-32-32z\"><\/path><\/svg><\/span>\n\t\t\t\t\t\t\t\t<span class=\"elementor-accordion-icon-opened\"><svg class=\"e-font-icon-svg e-fas-minus\" viewBox=\"0 0 448 512\" xmlns=\"http:\/\/www.w3.org\/2000\/svg\"><path d=\"M416 208H32c-17.67 0-32 14.33-32 32v32c0 17.67 14.33 32 32 32h384c17.67 0 32-14.33 32-32v-32c0-17.67-14.33-32-32-32z\"><\/path><\/svg><\/span>\n\t\t\t\t\t\t\t\t\t\t\t\t\t\t<\/span>\n\t\t\t\t\t\t\t\t\t\t\t\t<a class=\"elementor-accordion-title\" tabindex=\"0\">Is het mogelijk om de isolatie van mijn veranda te verbeteren zonder alle beglazing te vervangen?<\/a>\n\t\t\t\t\t<\/div>\n\t\t\t\t\t<div id=\"elementor-tab-content-1401\" class=\"elementor-tab-content elementor-clearfix\" data-tab=\"1\" role=\"region\" aria-labelledby=\"elementor-tab-title-1401\"><p>Ja, het is mogelijk om de isolatie te verbeteren door isolatiefolie aan te brengen of thermische gordijnen te installeren. Voor een blijvende en optimale oplossing is het echter aan te raden om de beglazing te vervangen.<\/p>\n<\/div>\n\t\t\t\t<\/div>\n\t\t\t\t\t\t\t<div class=\"elementor-accordion-item\">\n\t\t\t\t\t<div id=\"elementor-tab-title-1402\" class=\"elementor-tab-title\" data-tab=\"2\" role=\"button\" aria-controls=\"elementor-tab-content-1402\" aria-expanded=\"false\">\n\t\t\t\t\t\t\t\t\t\t\t\t\t<span class=\"elementor-accordion-icon elementor-accordion-icon-right\" aria-hidden=\"true\">\n\t\t\t\t\t\t\t\t\t\t\t\t\t\t\t<span class=\"elementor-accordion-icon-closed\"><svg class=\"e-font-icon-svg e-fas-plus\" viewBox=\"0 0 448 512\" xmlns=\"http:\/\/www.w3.org\/2000\/svg\"><path d=\"M416 208H272V64c0-17.67-14.33-32-32-32h-32c-17.67 0-32 14.33-32 32v144H32c-17.67 0-32 14.33-32 32v32c0 17.67 14.33 32 32 32h144v144c0 17.67 14.33 32 32 32h32c17.67 0 32-14.33 32-32V304h144c17.67 0 32-14.33 32-32v-32c0-17.67-14.33-32-32-32z\"><\/path><\/svg><\/span>\n\t\t\t\t\t\t\t\t<span class=\"elementor-accordion-icon-opened\"><svg class=\"e-font-icon-svg e-fas-minus\" viewBox=\"0 0 448 512\" xmlns=\"http:\/\/www.w3.org\/2000\/svg\"><path d=\"M416 208H32c-17.67 0-32 14.33-32 32v32c0 17.67 14.33 32 32 32h384c17.67 0 32-14.33 32-32v-32c0-17.67-14.33-32-32-32z\"><\/path><\/svg><\/span>\n\t\t\t\t\t\t\t\t\t\t\t\t\t\t<\/span>\n\t\t\t\t\t\t\t\t\t\t\t\t<a class=\"elementor-accordion-title\" tabindex=\"0\">Is het mogelijk om de beglazing van mijn veranda van glas en aluminium te vervangen zonder de structuur te beschadigen?<\/a>\n\t\t\t\t\t<\/div>\n\t\t\t\t\t<div id=\"elementor-tab-content-1402\" class=\"elementor-tab-content elementor-clearfix\" data-tab=\"2\" role=\"region\" aria-labelledby=\"elementor-tab-title-1402\"><p>Ja, een gekwalificeerde vakman kan de beglazing in je veranda vervangen zonder de structuur te beschadigen. Het is belangrijk om experts in te schakelen om ervoor te zorgen dat de vervanging correct wordt uitgevoerd en dat de veranda veilig en functioneel blijft.<\/p>\n<\/div>\n\t\t\t\t<\/div>\n\t\t\t\t\t\t\t<div class=\"elementor-accordion-item\">\n\t\t\t\t\t<div id=\"elementor-tab-title-1403\" class=\"elementor-tab-title\" data-tab=\"3\" role=\"button\" aria-controls=\"elementor-tab-content-1403\" aria-expanded=\"false\">\n\t\t\t\t\t\t\t\t\t\t\t\t\t<span class=\"elementor-accordion-icon elementor-accordion-icon-right\" aria-hidden=\"true\">\n\t\t\t\t\t\t\t\t\t\t\t\t\t\t\t<span class=\"elementor-accordion-icon-closed\"><svg class=\"e-font-icon-svg e-fas-plus\" viewBox=\"0 0 448 512\" xmlns=\"http:\/\/www.w3.org\/2000\/svg\"><path d=\"M416 208H272V64c0-17.67-14.33-32-32-32h-32c-17.67 0-32 14.33-32 32v144H32c-17.67 0-32 14.33-32 32v32c0 17.67 14.33 32 32 32h144v144c0 17.67 14.33 32 32 32h32c17.67 0 32-14.33 32-32V304h144c17.67 0 32-14.33 32-32v-32c0-17.67-14.33-32-32-32z\"><\/path><\/svg><\/span>\n\t\t\t\t\t\t\t\t<span class=\"elementor-accordion-icon-opened\"><svg class=\"e-font-icon-svg e-fas-minus\" viewBox=\"0 0 448 512\" xmlns=\"http:\/\/www.w3.org\/2000\/svg\"><path d=\"M416 208H32c-17.67 0-32 14.33-32 32v32c0 17.67 14.33 32 32 32h384c17.67 0 32-14.33 32-32v-32c0-17.67-14.33-32-32-32z\"><\/path><\/svg><\/span>\n\t\t\t\t\t\t\t\t\t\t\t\t\t\t<\/span>\n\t\t\t\t\t\t\t\t\t\t\t\t<a class=\"elementor-accordion-title\" tabindex=\"0\"> Wat zijn de kosten voor het vervangen van een veranda?<\/a>\n\t\t\t\t\t<\/div>\n\t\t\t\t\t<div id=\"elementor-tab-content-1403\" class=\"elementor-tab-content elementor-clearfix\" data-tab=\"3\" role=\"region\" aria-labelledby=\"elementor-tab-title-1403\"><p>De kosten zijn afhankelijk van de grootte van de veranda, het gekozen type beglazing en de benodigde installatiewerkzaamheden. Een persoonlijke offerte wordt aanbevolen om een nauwkeurige schatting te krijgen.<\/p>\n<\/div>\n\t\t\t\t<\/div>\n\t\t\t\t\t\t\t\t\t\t<script type=\"application\/ld+json\">{\"@context\":\"https:\\\/\\\/schema.org\",\"@type\":\"FAQPage\",\"mainEntity\":[{\"@type\":\"Question\",\"name\":\"Is het mogelijk om de isolatie van mijn veranda te verbeteren zonder alle beglazing te vervangen?\",\"acceptedAnswer\":{\"@type\":\"Answer\",\"text\":\"<p>Ja, het is mogelijk om de isolatie te verbeteren door isolatiefolie aan te brengen of thermische gordijnen te installeren. Voor een blijvende en optimale oplossing is het echter aan te raden om de beglazing te vervangen.<\\\/p>\\n\"}},{\"@type\":\"Question\",\"name\":\"Is het mogelijk om de beglazing van mijn veranda van glas en aluminium te vervangen zonder de structuur te beschadigen?\",\"acceptedAnswer\":{\"@type\":\"Answer\",\"text\":\"<p>Ja, een gekwalificeerde vakman kan de beglazing in je veranda vervangen zonder de structuur te beschadigen. Het is belangrijk om experts in te schakelen om ervoor te zorgen dat de vervanging correct wordt uitgevoerd en dat de veranda veilig en functioneel blijft.<\\\/p>\\n\"}},{\"@type\":\"Question\",\"name\":\"Wat zijn de kosten voor het vervangen van een veranda?\",\"acceptedAnswer\":{\"@type\":\"Answer\",\"text\":\"<p>De kosten zijn afhankelijk van de grootte van de veranda, het gekozen type beglazing en de benodigde installatiewerkzaamheden. Een persoonlijke offerte wordt aanbevolen om een nauwkeurige schatting te krijgen.<\\\/p>\\n\"}}]}<\/script>\n\t\t\t\t\t<\/div>\n\t\t\t\t\t\t<\/div>\n\t\t\t\t<\/div>\n\t\t\t\t<\/div>\n\t\t\t\t\t<\/div>\n\t\t\t\t<\/div>\n\t\t\t\t<\/div>\n\t\t","protected":false},"excerpt":{"rendered":"<p>Glasreparatie Een veranda vervangen: welke beglazing moet je kiezen om het licht en de isolatie te verbeteren? Verbeterde isolatie en comfort Hoogrendementsbeglazing voor veranda&#8217;s Gegarandeerde energiebesparing Verzoek om informatie Gebrek aan licht, overmatige schittering, condensatie, muffe geuren, verstikkende hitte in de zomer en bijtende kou in het tussenseizoen &#8211; het zijn allemaal uitdagingen die het [&hellip;]<\/p>\n","protected":false},"author":6,"featured_media":0,"parent":70735,"menu_order":0,"comment_status":"closed","ping_status":"closed","template":"","meta":{"footnotes":""},"class_list":["post-70810","page","type-page","status-publish","hentry"],"yoast_head":"<!-- This site is optimized with the Yoast SEO plugin v27.5 - https:\/\/yoast.com\/product\/yoast-seo-wordpress\/ -->\n<title>Welk type beglazing moet ik kiezen om mijn veranda te vervangen? - Vitraco<\/title>\n<meta name=\"description\" content=\"Veranda vervangen, ontdek de voordelen van het vervangen van beglazing op de duurzaamheid van je veranda.\" \/>\n<meta name=\"robots\" content=\"index, follow, max-snippet:-1, max-image-preview:large, max-video-preview:-1\" \/>\n<link rel=\"canonical\" href=\"https:\/\/vitrerievitraco.be\/nl\/glas-vervangen-en-repareren\/welk-type-beglazing-moet-ik-kiezen-om-mijn-veranda-te-vervangen\/\" \/>\n<meta property=\"og:locale\" content=\"nl_NL\" \/>\n<meta property=\"og:type\" content=\"article\" \/>\n<meta property=\"og:title\" content=\"Welk type beglazing moet ik kiezen om mijn veranda te vervangen? - Vitraco\" \/>\n<meta property=\"og:description\" content=\"Veranda vervangen, ontdek de voordelen van het vervangen van beglazing op de duurzaamheid van je veranda.\" \/>\n<meta property=\"og:url\" content=\"https:\/\/vitrerievitraco.be\/nl\/glas-vervangen-en-repareren\/welk-type-beglazing-moet-ik-kiezen-om-mijn-veranda-te-vervangen\/\" \/>\n<meta property=\"og:site_name\" content=\"Vitraco\" \/>\n<meta property=\"article:publisher\" content=\"https:\/\/www.facebook.com\/avitraco\/\" \/>\n<meta property=\"og:image\" content=\"https:\/\/vitrerievitraco.be\/wp-content\/uploads\/2024\/08\/father-and-daughter-enjoying-breakfast-together-in-a-sunny-conservatory.jpg\" \/>\n\t<meta property=\"og:image:width\" content=\"2000\" \/>\n\t<meta property=\"og:image:height\" content=\"1333\" \/>\n\t<meta property=\"og:image:type\" content=\"image\/jpeg\" \/>\n<meta name=\"twitter:card\" content=\"summary_large_image\" \/>\n<meta name=\"twitter:label1\" content=\"Geschatte leestijd\" \/>\n\t<meta name=\"twitter:data1\" content=\"5 minuten\" \/>\n<script type=\"application\/ld+json\" class=\"yoast-schema-graph\">{\"@context\":\"https:\\\/\\\/schema.org\",\"@graph\":[{\"@type\":\"WebPage\",\"@id\":\"https:\\\/\\\/vitrerievitraco.be\\\/nl\\\/glas-vervangen-en-repareren\\\/welk-type-beglazing-moet-ik-kiezen-om-mijn-veranda-te-vervangen\\\/\",\"url\":\"https:\\\/\\\/vitrerievitraco.be\\\/nl\\\/glas-vervangen-en-repareren\\\/welk-type-beglazing-moet-ik-kiezen-om-mijn-veranda-te-vervangen\\\/\",\"name\":\"Welk type beglazing moet ik kiezen om mijn veranda te vervangen? - Vitraco\",\"isPartOf\":{\"@id\":\"https:\\\/\\\/vitrerievitraco.be\\\/#website\"},\"primaryImageOfPage\":{\"@id\":\"https:\\\/\\\/vitrerievitraco.be\\\/nl\\\/glas-vervangen-en-repareren\\\/welk-type-beglazing-moet-ik-kiezen-om-mijn-veranda-te-vervangen\\\/#primaryimage\"},\"image\":{\"@id\":\"https:\\\/\\\/vitrerievitraco.be\\\/nl\\\/glas-vervangen-en-repareren\\\/welk-type-beglazing-moet-ik-kiezen-om-mijn-veranda-te-vervangen\\\/#primaryimage\"},\"thumbnailUrl\":\"https:\\\/\\\/vitrerievitraco.be\\\/wp-content\\\/uploads\\\/2024\\\/08\\\/father-and-daughter-enjoying-breakfast-together-in-a-sunny-conservatory-1024x682.jpg\",\"datePublished\":\"2024-12-18T11:26:50+00:00\",\"description\":\"Veranda vervangen, ontdek de voordelen van het vervangen van beglazing op de duurzaamheid van je veranda.\",\"breadcrumb\":{\"@id\":\"https:\\\/\\\/vitrerievitraco.be\\\/nl\\\/glas-vervangen-en-repareren\\\/welk-type-beglazing-moet-ik-kiezen-om-mijn-veranda-te-vervangen\\\/#breadcrumb\"},\"inLanguage\":\"nl-NL\",\"potentialAction\":[{\"@type\":\"ReadAction\",\"target\":[\"https:\\\/\\\/vitrerievitraco.be\\\/nl\\\/glas-vervangen-en-repareren\\\/welk-type-beglazing-moet-ik-kiezen-om-mijn-veranda-te-vervangen\\\/\"]}]},{\"@type\":\"ImageObject\",\"inLanguage\":\"nl-NL\",\"@id\":\"https:\\\/\\\/vitrerievitraco.be\\\/nl\\\/glas-vervangen-en-repareren\\\/welk-type-beglazing-moet-ik-kiezen-om-mijn-veranda-te-vervangen\\\/#primaryimage\",\"url\":\"https:\\\/\\\/vitrerievitraco.be\\\/wp-content\\\/uploads\\\/2024\\\/08\\\/father-and-daughter-enjoying-breakfast-together-in-a-sunny-conservatory-1024x682.jpg\",\"contentUrl\":\"https:\\\/\\\/vitrerievitraco.be\\\/wp-content\\\/uploads\\\/2024\\\/08\\\/father-and-daughter-enjoying-breakfast-together-in-a-sunny-conservatory-1024x682.jpg\"},{\"@type\":\"BreadcrumbList\",\"@id\":\"https:\\\/\\\/vitrerievitraco.be\\\/nl\\\/glas-vervangen-en-repareren\\\/welk-type-beglazing-moet-ik-kiezen-om-mijn-veranda-te-vervangen\\\/#breadcrumb\",\"itemListElement\":[{\"@type\":\"ListItem\",\"position\":1,\"name\":\"Home\",\"item\":\"https:\\\/\\\/vitrerievitraco.be\\\/nl\\\/vitraco-beglazing-in-brussel\\\/\"},{\"@type\":\"ListItem\",\"position\":2,\"name\":\"Glas vervangen en repareren\",\"item\":\"https:\\\/\\\/vitrerievitraco.be\\\/nl\\\/glas-vervangen-en-repareren\\\/\"},{\"@type\":\"ListItem\",\"position\":3,\"name\":\"Welk type beglazing moet ik kiezen om mijn veranda te vervangen?\"}]},{\"@type\":\"WebSite\",\"@id\":\"https:\\\/\\\/vitrerievitraco.be\\\/#website\",\"url\":\"https:\\\/\\\/vitrerievitraco.be\\\/\",\"name\":\"Vitraco\",\"description\":\"Vitrerie \u00e0 Bruxelles\",\"publisher\":{\"@id\":\"https:\\\/\\\/vitrerievitraco.be\\\/#organization\"},\"potentialAction\":[{\"@type\":\"SearchAction\",\"target\":{\"@type\":\"EntryPoint\",\"urlTemplate\":\"https:\\\/\\\/vitrerievitraco.be\\\/?s={search_term_string}\"},\"query-input\":{\"@type\":\"PropertyValueSpecification\",\"valueRequired\":true,\"valueName\":\"search_term_string\"}}],\"inLanguage\":\"nl-NL\"},{\"@type\":\"Organization\",\"@id\":\"https:\\\/\\\/vitrerievitraco.be\\\/#organization\",\"name\":\"A. Vitraco\",\"url\":\"https:\\\/\\\/vitrerievitraco.be\\\/\",\"logo\":{\"@type\":\"ImageObject\",\"inLanguage\":\"nl-NL\",\"@id\":\"https:\\\/\\\/vitrerievitraco.be\\\/#\\\/schema\\\/logo\\\/image\\\/\",\"url\":\"https:\\\/\\\/vitrerievitraco.be\\\/wp-content\\\/uploads\\\/2024\\\/09\\\/vitraco-logo.png\",\"contentUrl\":\"https:\\\/\\\/vitrerievitraco.be\\\/wp-content\\\/uploads\\\/2024\\\/09\\\/vitraco-logo.png\",\"width\":2192,\"height\":2212,\"caption\":\"A. Vitraco\"},\"image\":{\"@id\":\"https:\\\/\\\/vitrerievitraco.be\\\/#\\\/schema\\\/logo\\\/image\\\/\"},\"sameAs\":[\"https:\\\/\\\/www.facebook.com\\\/avitraco\\\/\",\"https:\\\/\\\/www.instagram.com\\\/a.vitraco\\\/\",\"https:\\\/\\\/www.linkedin.com\\\/company\\\/a-vitraco\\\/\"]}]}<\/script>\n<!-- \/ Yoast SEO plugin. -->","yoast_head_json":{"title":"Welk type beglazing moet ik kiezen om mijn veranda te vervangen? - Vitraco","description":"Veranda vervangen, ontdek de voordelen van het vervangen van beglazing op de duurzaamheid van je veranda.","robots":{"index":"index","follow":"follow","max-snippet":"max-snippet:-1","max-image-preview":"max-image-preview:large","max-video-preview":"max-video-preview:-1"},"canonical":"https:\/\/vitrerievitraco.be\/nl\/glas-vervangen-en-repareren\/welk-type-beglazing-moet-ik-kiezen-om-mijn-veranda-te-vervangen\/","og_locale":"nl_NL","og_type":"article","og_title":"Welk type beglazing moet ik kiezen om mijn veranda te vervangen? - Vitraco","og_description":"Veranda vervangen, ontdek de voordelen van het vervangen van beglazing op de duurzaamheid van je veranda.","og_url":"https:\/\/vitrerievitraco.be\/nl\/glas-vervangen-en-repareren\/welk-type-beglazing-moet-ik-kiezen-om-mijn-veranda-te-vervangen\/","og_site_name":"Vitraco","article_publisher":"https:\/\/www.facebook.com\/avitraco\/","og_image":[{"width":2000,"height":1333,"url":"https:\/\/vitrerievitraco.be\/wp-content\/uploads\/2024\/08\/father-and-daughter-enjoying-breakfast-together-in-a-sunny-conservatory.jpg","type":"image\/jpeg"}],"twitter_card":"summary_large_image","twitter_misc":{"Geschatte leestijd":"5 minuten"},"schema":{"@context":"https:\/\/schema.org","@graph":[{"@type":"WebPage","@id":"https:\/\/vitrerievitraco.be\/nl\/glas-vervangen-en-repareren\/welk-type-beglazing-moet-ik-kiezen-om-mijn-veranda-te-vervangen\/","url":"https:\/\/vitrerievitraco.be\/nl\/glas-vervangen-en-repareren\/welk-type-beglazing-moet-ik-kiezen-om-mijn-veranda-te-vervangen\/","name":"Welk type beglazing moet ik kiezen om mijn veranda te vervangen? - Vitraco","isPartOf":{"@id":"https:\/\/vitrerievitraco.be\/#website"},"primaryImageOfPage":{"@id":"https:\/\/vitrerievitraco.be\/nl\/glas-vervangen-en-repareren\/welk-type-beglazing-moet-ik-kiezen-om-mijn-veranda-te-vervangen\/#primaryimage"},"image":{"@id":"https:\/\/vitrerievitraco.be\/nl\/glas-vervangen-en-repareren\/welk-type-beglazing-moet-ik-kiezen-om-mijn-veranda-te-vervangen\/#primaryimage"},"thumbnailUrl":"https:\/\/vitrerievitraco.be\/wp-content\/uploads\/2024\/08\/father-and-daughter-enjoying-breakfast-together-in-a-sunny-conservatory-1024x682.jpg","datePublished":"2024-12-18T11:26:50+00:00","description":"Veranda vervangen, ontdek de voordelen van het vervangen van beglazing op de duurzaamheid van je veranda.","breadcrumb":{"@id":"https:\/\/vitrerievitraco.be\/nl\/glas-vervangen-en-repareren\/welk-type-beglazing-moet-ik-kiezen-om-mijn-veranda-te-vervangen\/#breadcrumb"},"inLanguage":"nl-NL","potentialAction":[{"@type":"ReadAction","target":["https:\/\/vitrerievitraco.be\/nl\/glas-vervangen-en-repareren\/welk-type-beglazing-moet-ik-kiezen-om-mijn-veranda-te-vervangen\/"]}]},{"@type":"ImageObject","inLanguage":"nl-NL","@id":"https:\/\/vitrerievitraco.be\/nl\/glas-vervangen-en-repareren\/welk-type-beglazing-moet-ik-kiezen-om-mijn-veranda-te-vervangen\/#primaryimage","url":"https:\/\/vitrerievitraco.be\/wp-content\/uploads\/2024\/08\/father-and-daughter-enjoying-breakfast-together-in-a-sunny-conservatory-1024x682.jpg","contentUrl":"https:\/\/vitrerievitraco.be\/wp-content\/uploads\/2024\/08\/father-and-daughter-enjoying-breakfast-together-in-a-sunny-conservatory-1024x682.jpg"},{"@type":"BreadcrumbList","@id":"https:\/\/vitrerievitraco.be\/nl\/glas-vervangen-en-repareren\/welk-type-beglazing-moet-ik-kiezen-om-mijn-veranda-te-vervangen\/#breadcrumb","itemListElement":[{"@type":"ListItem","position":1,"name":"Home","item":"https:\/\/vitrerievitraco.be\/nl\/vitraco-beglazing-in-brussel\/"},{"@type":"ListItem","position":2,"name":"Glas vervangen en repareren","item":"https:\/\/vitrerievitraco.be\/nl\/glas-vervangen-en-repareren\/"},{"@type":"ListItem","position":3,"name":"Welk type beglazing moet ik kiezen om mijn veranda te vervangen?"}]},{"@type":"WebSite","@id":"https:\/\/vitrerievitraco.be\/#website","url":"https:\/\/vitrerievitraco.be\/","name":"Vitraco","description":"Vitrerie \u00e0 Bruxelles","publisher":{"@id":"https:\/\/vitrerievitraco.be\/#organization"},"potentialAction":[{"@type":"SearchAction","target":{"@type":"EntryPoint","urlTemplate":"https:\/\/vitrerievitraco.be\/?s={search_term_string}"},"query-input":{"@type":"PropertyValueSpecification","valueRequired":true,"valueName":"search_term_string"}}],"inLanguage":"nl-NL"},{"@type":"Organization","@id":"https:\/\/vitrerievitraco.be\/#organization","name":"A. Vitraco","url":"https:\/\/vitrerievitraco.be\/","logo":{"@type":"ImageObject","inLanguage":"nl-NL","@id":"https:\/\/vitrerievitraco.be\/#\/schema\/logo\/image\/","url":"https:\/\/vitrerievitraco.be\/wp-content\/uploads\/2024\/09\/vitraco-logo.png","contentUrl":"https:\/\/vitrerievitraco.be\/wp-content\/uploads\/2024\/09\/vitraco-logo.png","width":2192,"height":2212,"caption":"A. Vitraco"},"image":{"@id":"https:\/\/vitrerievitraco.be\/#\/schema\/logo\/image\/"},"sameAs":["https:\/\/www.facebook.com\/avitraco\/","https:\/\/www.instagram.com\/a.vitraco\/","https:\/\/www.linkedin.com\/company\/a-vitraco\/"]}]}},"_links":{"self":[{"href":"https:\/\/vitrerievitraco.be\/nl\/wp-json\/wp\/v2\/pages\/70810","targetHints":{"allow":["GET"]}}],"collection":[{"href":"https:\/\/vitrerievitraco.be\/nl\/wp-json\/wp\/v2\/pages"}],"about":[{"href":"https:\/\/vitrerievitraco.be\/nl\/wp-json\/wp\/v2\/types\/page"}],"author":[{"embeddable":true,"href":"https:\/\/vitrerievitraco.be\/nl\/wp-json\/wp\/v2\/users\/6"}],"replies":[{"embeddable":true,"href":"https:\/\/vitrerievitraco.be\/nl\/wp-json\/wp\/v2\/comments?post=70810"}],"version-history":[{"count":1,"href":"https:\/\/vitrerievitraco.be\/nl\/wp-json\/wp\/v2\/pages\/70810\/revisions"}],"predecessor-version":[{"id":70811,"href":"https:\/\/vitrerievitraco.be\/nl\/wp-json\/wp\/v2\/pages\/70810\/revisions\/70811"}],"up":[{"embeddable":true,"href":"https:\/\/vitrerievitraco.be\/nl\/wp-json\/wp\/v2\/pages\/70735"}],"wp:attachment":[{"href":"https:\/\/vitrerievitraco.be\/nl\/wp-json\/wp\/v2\/media?parent=70810"}],"curies":[{"name":"wp","href":"https:\/\/api.w.org\/{rel}","templated":true}]}}