{"id":70812,"date":"2024-12-18T11:36:24","date_gmt":"2024-12-18T11:36:24","guid":{"rendered":"https:\/\/vitrerievitraco.be\/glas-vervangen-en-repareren\/chassisafstelling\/"},"modified":"2024-12-18T11:36:25","modified_gmt":"2024-12-18T11:36:25","slug":"chassisafstelling","status":"publish","type":"page","link":"https:\/\/vitrerievitraco.be\/nl\/glas-vervangen-en-repareren\/chassisafstelling\/","title":{"rendered":"Chassisafstelling"},"content":{"rendered":"\t\t<div data-elementor-type=\"wp-page\" data-elementor-id=\"70812\" class=\"elementor elementor-70812 elementor-68554\" data-elementor-post-type=\"page\">\n\t\t\t\t<div class=\"elementor-element elementor-element-4847b9a9 e-flex e-con-boxed e-con e-parent\" data-id=\"4847b9a9\" data-element_type=\"container\" data-e-type=\"container\" data-settings=\"{&quot;background_background&quot;:&quot;gradient&quot;}\">\n\t\t\t\t\t<div class=\"e-con-inner\">\n\t\t<div class=\"elementor-element elementor-element-68eedb8c e-con-full e-flex e-con e-child\" data-id=\"68eedb8c\" data-element_type=\"container\" data-e-type=\"container\">\n\t\t\t\t<div class=\"elementor-element elementor-element-4bbf8fe1 elementor-widget elementor-widget-heading\" data-id=\"4bbf8fe1\" data-element_type=\"widget\" data-e-type=\"widget\" data-widget_type=\"heading.default\">\n\t\t\t\t<div class=\"elementor-widget-container\">\n\t\t\t\t\t<p class=\"elementor-heading-title elementor-size-default\">Glasreparatie<\/p>\t\t\t\t<\/div>\n\t\t\t\t<\/div>\n\t\t\t\t<div class=\"elementor-element elementor-element-60c5b198 elementor-widget elementor-widget-heading\" data-id=\"60c5b198\" data-element_type=\"widget\" data-e-type=\"widget\" data-widget_type=\"heading.default\">\n\t\t\t\t<div class=\"elementor-widget-container\">\n\t\t\t\t\t<h1 class=\"elementor-heading-title elementor-size-default\">Raamkozijnen aanpassen: Vitraco adviseert en onderneemt actie<\/h1>\t\t\t\t<\/div>\n\t\t\t\t<\/div>\n\t\t\t\t<div class=\"elementor-element elementor-element-7ef09e8e elementor-mobile-align-start elementor-icon-list--layout-traditional elementor-list-item-link-full_width elementor-widget elementor-widget-icon-list\" data-id=\"7ef09e8e\" data-element_type=\"widget\" data-e-type=\"widget\" data-widget_type=\"icon-list.default\">\n\t\t\t\t<div class=\"elementor-widget-container\">\n\t\t\t\t\t\t\t<ul class=\"elementor-icon-list-items\">\n\t\t\t\t\t\t\t<li class=\"elementor-icon-list-item\">\n\t\t\t\t\t\t\t\t\t\t\t<span class=\"elementor-icon-list-icon\">\n\t\t\t\t\t\t\t<svg aria-hidden=\"true\" class=\"e-font-icon-svg e-fas-check\" viewBox=\"0 0 512 512\" xmlns=\"http:\/\/www.w3.org\/2000\/svg\"><path d=\"M173.898 439.404l-166.4-166.4c-9.997-9.997-9.997-26.206 0-36.204l36.203-36.204c9.997-9.998 26.207-9.998 36.204 0L192 312.69 432.095 72.596c9.997-9.997 26.207-9.997 36.204 0l36.203 36.204c9.997 9.997 9.997 26.206 0 36.204l-294.4 294.401c-9.998 9.997-26.207 9.997-36.204-.001z\"><\/path><\/svg>\t\t\t\t\t\t<\/span>\n\t\t\t\t\t\t\t\t\t\t<span class=\"elementor-icon-list-text\">Nauwkeurige chassisafstelling<\/span>\n\t\t\t\t\t\t\t\t\t<\/li>\n\t\t\t\t\t\t\t\t<li class=\"elementor-icon-list-item\">\n\t\t\t\t\t\t\t\t\t\t\t<span class=\"elementor-icon-list-icon\">\n\t\t\t\t\t\t\t<svg aria-hidden=\"true\" class=\"e-font-icon-svg e-fas-check\" viewBox=\"0 0 512 512\" xmlns=\"http:\/\/www.w3.org\/2000\/svg\"><path d=\"M173.898 439.404l-166.4-166.4c-9.997-9.997-9.997-26.206 0-36.204l36.203-36.204c9.997-9.998 26.207-9.998 36.204 0L192 312.69 432.095 72.596c9.997-9.997 26.207-9.997 36.204 0l36.203 36.204c9.997 9.997 9.997 26.206 0 36.204l-294.4 294.401c-9.998 9.997-26.207 9.997-36.204-.001z\"><\/path><\/svg>\t\t\t\t\t\t<\/span>\n\t\t\t\t\t\t\t\t\t\t<span class=\"elementor-icon-list-text\">Optimale thermische isolatie<\/span>\n\t\t\t\t\t\t\t\t\t<\/li>\n\t\t\t\t\t\t\t\t<li class=\"elementor-icon-list-item\">\n\t\t\t\t\t\t\t\t\t\t\t<span class=\"elementor-icon-list-icon\">\n\t\t\t\t\t\t\t<svg aria-hidden=\"true\" class=\"e-font-icon-svg e-fas-check\" viewBox=\"0 0 512 512\" xmlns=\"http:\/\/www.w3.org\/2000\/svg\"><path d=\"M173.898 439.404l-166.4-166.4c-9.997-9.997-9.997-26.206 0-36.204l36.203-36.204c9.997-9.998 26.207-9.998 36.204 0L192 312.69 432.095 72.596c9.997-9.997 26.207-9.997 36.204 0l36.203 36.204c9.997 9.997 9.997 26.206 0 36.204l-294.4 294.401c-9.998 9.997-26.207 9.997-36.204-.001z\"><\/path><\/svg>\t\t\t\t\t\t<\/span>\n\t\t\t\t\t\t\t\t\t\t<span class=\"elementor-icon-list-text\">Gegarandeerde professionele expertise<\/span>\n\t\t\t\t\t\t\t\t\t<\/li>\n\t\t\t\t\t\t<\/ul>\n\t\t\t\t\t\t<\/div>\n\t\t\t\t<\/div>\n\t\t\t\t<div class=\"elementor-element elementor-element-246f7f4 elementor-widget__width-auto elementor-mobile-align-left elementor-widget elementor-widget-button\" data-id=\"246f7f4\" data-element_type=\"widget\" data-e-type=\"widget\" data-widget_type=\"button.default\">\n\t\t\t\t<div class=\"elementor-widget-container\">\n\t\t\t\t\t\t\t\t\t<div class=\"elementor-button-wrapper\">\n\t\t\t\t\t<a class=\"elementor-button elementor-button-link elementor-size-md elementor-animation-grow\" href=\"https:\/\/vitrerievitraco.be\/nl\/contact\/\">\n\t\t\t\t\t\t<span class=\"elementor-button-content-wrapper\">\n\t\t\t\t\t\t<span class=\"elementor-button-icon\">\n\t\t\t\t<svg aria-hidden=\"true\" class=\"e-font-icon-svg e-fas-arrow-right\" viewBox=\"0 0 448 512\" xmlns=\"http:\/\/www.w3.org\/2000\/svg\"><path d=\"M190.5 66.9l22.2-22.2c9.4-9.4 24.6-9.4 33.9 0L441 239c9.4 9.4 9.4 24.6 0 33.9L246.6 467.3c-9.4 9.4-24.6 9.4-33.9 0l-22.2-22.2c-9.5-9.5-9.3-25 .4-34.3L311.4 296H24c-13.3 0-24-10.7-24-24v-32c0-13.3 10.7-24 24-24h287.4L190.9 101.2c-9.8-9.3-10-24.8-.4-34.3z\"><\/path><\/svg>\t\t\t<\/span>\n\t\t\t\t\t\t\t\t\t<span class=\"elementor-button-text\">Verzoek om informatie<\/span>\n\t\t\t\t\t<\/span>\n\t\t\t\t\t<\/a>\n\t\t\t\t<\/div>\n\t\t\t\t\t\t\t\t<\/div>\n\t\t\t\t<\/div>\n\t\t\t\t<\/div>\n\t\t<div class=\"elementor-element elementor-element-14a44c7a e-con-full e-flex e-con e-child\" data-id=\"14a44c7a\" data-element_type=\"container\" data-e-type=\"container\">\n\t\t\t\t<div class=\"elementor-element elementor-element-2b937645 elementor-widget elementor-widget-image\" data-id=\"2b937645\" data-element_type=\"widget\" data-e-type=\"widget\" data-widget_type=\"image.default\">\n\t\t\t\t<div class=\"elementor-widget-container\">\n\t\t\t\t\t\t\t\t\t\t\t\t\t\t\t<img fetchpriority=\"high\" decoding=\"async\" width=\"800\" height=\"534\" src=\"https:\/\/vitrerievitraco.be\/wp-content\/uploads\/2024\/08\/couple-sitting-together-near-the-window-at-home-1024x684.jpg\" class=\"attachment-large size-large wp-image-69357\" alt=\"R\u00e9novation des fen\u00eatres : choisir entre le changement ou le r\u00e9glage du ch\u00e2ssis?\" srcset=\"https:\/\/vitrerievitraco.be\/wp-content\/uploads\/2024\/08\/couple-sitting-together-near-the-window-at-home-1024x684.jpg 1024w, https:\/\/vitrerievitraco.be\/wp-content\/uploads\/2024\/08\/couple-sitting-together-near-the-window-at-home-300x200.jpg 300w, https:\/\/vitrerievitraco.be\/wp-content\/uploads\/2024\/08\/couple-sitting-together-near-the-window-at-home-768x513.jpg 768w, https:\/\/vitrerievitraco.be\/wp-content\/uploads\/2024\/08\/couple-sitting-together-near-the-window-at-home-1536x1025.jpg 1536w, https:\/\/vitrerievitraco.be\/wp-content\/uploads\/2024\/08\/couple-sitting-together-near-the-window-at-home.jpg 2000w\" sizes=\"(max-width: 800px) 100vw, 800px\" \/>\t\t\t\t\t\t\t\t\t\t\t\t\t\t\t<\/div>\n\t\t\t\t<\/div>\n\t\t\t\t<\/div>\n\t\t\t\t\t<\/div>\n\t\t\t\t<\/div>\n\t\t<div class=\"elementor-element elementor-element-b3e9cfe e-con-full e-flex e-con e-parent\" data-id=\"b3e9cfe\" data-element_type=\"container\" data-e-type=\"container\" data-settings=\"{&quot;background_background&quot;:&quot;classic&quot;}\">\n\t\t<div class=\"elementor-element elementor-element-892f16b e-flex e-con-boxed e-con e-child\" data-id=\"892f16b\" data-element_type=\"container\" data-e-type=\"container\" data-settings=\"{&quot;background_background&quot;:&quot;gradient&quot;}\">\n\t\t\t\t\t<div class=\"e-con-inner\">\n\t\t<div class=\"elementor-element elementor-element-b599631 e-con-full e-flex e-con e-child\" data-id=\"b599631\" data-element_type=\"container\" data-e-type=\"container\" data-settings=\"{&quot;background_background&quot;:&quot;classic&quot;}\">\n\t\t\t\t<div class=\"elementor-element elementor-element-017afe7 elementor-view-default elementor-widget elementor-widget-icon\" data-id=\"017afe7\" data-element_type=\"widget\" data-e-type=\"widget\" data-widget_type=\"icon.default\">\n\t\t\t\t<div class=\"elementor-widget-container\">\n\t\t\t\t\t\t\t<div class=\"elementor-icon-wrapper\">\n\t\t\t<div class=\"elementor-icon\">\n\t\t\t<i aria-hidden=\"true\" class=\"icon icon-light-bulb\"><\/i>\t\t\t<\/div>\n\t\t<\/div>\n\t\t\t\t\t\t<\/div>\n\t\t\t\t<\/div>\n\t\t\t\t<div class=\"elementor-element elementor-element-1d152f5 elementor-widget elementor-widget-text-editor\" data-id=\"1d152f5\" data-element_type=\"widget\" data-e-type=\"widget\" data-widget_type=\"text-editor.default\">\n\t\t\t\t<div class=\"elementor-widget-container\">\n\t\t\t\t\t\t\t\t\t<p>Een raamkozijn dat slecht is afgesteld of in slechte staat verkeert, kan leiden tot energieverlies, luchtinfiltratie en zelfs vochtproblemen. Deze problemen kunnen niet alleen de isolatie van je huis aantasten, maar ook leiden tot hogere energierekeningen. Om deze ongemakken te voorkomen, is het van vitaal belang om ervoor te zorgen dat je kozijnen goed worden onderhouden en afgesteld.<\/p>\n\t\t\t\t\t\t\t\t<\/div>\n\t\t\t\t<\/div>\n\t\t\t\t<\/div>\n\t\t\t\t\t<\/div>\n\t\t\t\t<\/div>\n\t\t\t\t<\/div>\n\t\t<div class=\"elementor-element elementor-element-2c733f6c e-flex e-con-boxed e-con e-parent\" data-id=\"2c733f6c\" data-element_type=\"container\" data-e-type=\"container\">\n\t\t\t\t\t<div class=\"e-con-inner\">\n\t\t<div class=\"elementor-element elementor-element-41410c0b e-con-full e-flex e-con e-child\" data-id=\"41410c0b\" data-element_type=\"container\" data-e-type=\"container\">\n\t\t\t\t<div class=\"elementor-element elementor-element-1874d04b elementor-widget elementor-widget-heading\" data-id=\"1874d04b\" data-element_type=\"widget\" data-e-type=\"widget\" data-widget_type=\"heading.default\">\n\t\t\t\t<div class=\"elementor-widget-container\">\n\t\t\t\t\t<h2 class=\"elementor-heading-title elementor-size-default\">Alles wat je moet weten over chassisafstelling<\/h2>\t\t\t\t<\/div>\n\t\t\t\t<\/div>\n\t\t\t\t<div class=\"elementor-element elementor-element-77da831 elementor-widget elementor-widget-text-editor\" data-id=\"77da831\" data-element_type=\"widget\" data-e-type=\"widget\" data-widget_type=\"text-editor.default\">\n\t\t\t\t<div class=\"elementor-widget-container\">\n\t\t\t\t\t\t\t\t\t<p>Raamkozijnen spelen een cruciale rol in de thermische en akoestische isolatie van je huis. Na verloop van tijd kunnen ze vervormen, losraken of versleten raken, waardoor hun doeltreffendheid in het gedrang komt. Je vraagt je misschien af of het beter is om je raamkozijnen te vervangen of aan te passen. Elke optie heeft zijn voordelen, maar de beste oplossing hangt af van de huidige staat van je ramen en je specifieke behoeften. In dit artikel presenteren we de verschillende opties en leggen we uit waarom het inschakelen van professionals zoals die van Vitraco essentieel is om de duurzaamheid en effici\u00ebntie van je kozijnen te garanderen.<\/p>\n\t\t\t\t\t\t\t\t<\/div>\n\t\t\t\t<\/div>\n\t\t\t\t<div class=\"elementor-element elementor-element-69ce9972 elementor-widget elementor-widget-heading\" data-id=\"69ce9972\" data-element_type=\"widget\" data-e-type=\"widget\" data-widget_type=\"heading.default\">\n\t\t\t\t<div class=\"elementor-widget-container\">\n\t\t\t\t\t<h3 class=\"elementor-heading-title elementor-size-default\">De verschillende soorten raam- en deurkozijnen<\/h3>\t\t\t\t<\/div>\n\t\t\t\t<\/div>\n\t\t\t\t<div class=\"elementor-element elementor-element-5c13ff4b elementor-widget elementor-widget-text-editor\" data-id=\"5c13ff4b\" data-element_type=\"widget\" data-e-type=\"widget\" data-widget_type=\"text-editor.default\">\n\t\t\t\t<div class=\"elementor-widget-container\">\n\t\t\t\t\t\t\t\t\t<p>Het raamkozijn is het structurele element dat de glasplaten ondersteunt en waterdicht maakt. Het kan worden gemaakt van verschillende materialen, zoals hout, aluminium of pvc, elk met hun eigen kenmerken op het gebied van duurzaamheid, isolatie en onderhoud.<\/p>\n<p>Er is een grote verscheidenheid aan kozijnmaterialen, elk met zijn eigen voor- en nadelen.<\/p>\n<ul>\n<li>Houten ramen worden gewaardeerd om hun esthetische aantrekkingskracht en natuurlijke isolerende eigenschappen, maar ze vereisen regelmatig onderhoud om kromtrekken te voorkomen.<\/li>\n<li>Aluminium ramen zijn duurzaam en onderhoudsarm, en bieden een goede thermische isolatie als ze voorzien zijn van een thermische onderbreking.<\/li>\n<li>PVC-ramen zijn populair vanwege hun uitstekende prijs-kwaliteitverhouding, duurzaamheid en isolerende eigenschappen.<\/li>\n<\/ul>\n<p>De materiaalkeuze hangt af van je esthetische voorkeuren, budget en specifieke isolatievereisten.<\/p>\n\t\t\t\t\t\t\t\t<\/div>\n\t\t\t\t<\/div>\n\t\t\t\t<div class=\"elementor-element elementor-element-6215549d elementor-widget elementor-widget-heading\" data-id=\"6215549d\" data-element_type=\"widget\" data-e-type=\"widget\" data-widget_type=\"heading.default\">\n\t\t\t\t<div class=\"elementor-widget-container\">\n\t\t\t\t\t<h3 class=\"elementor-heading-title elementor-size-default\">Problemen met raamkozijnen<\/h3>\t\t\t\t<\/div>\n\t\t\t\t<\/div>\n\t\t\t\t<div class=\"elementor-element elementor-element-298d5fed elementor-widget elementor-widget-text-editor\" data-id=\"298d5fed\" data-element_type=\"widget\" data-e-type=\"widget\" data-widget_type=\"text-editor.default\">\n\t\t\t\t<div class=\"elementor-widget-container\">\n\t\t\t\t\t\t\t\t\t<p>Een goed ontworpen en correct ge\u00efnstalleerd raamkozijn is essentieel om de energieprestaties van je ramen te garanderen. Na verloop van tijd kan het echter nodig zijn om zelfs de beste raamkozijnen aan te passen of te vervangen om hun effici\u00ebntie te behouden. Er kunnen zich een aantal problemen voordoen met je vleugels die de algehele prestaties van je ramen kunnen be\u00efnvloeden.<\/p>\n<ul>\n<li>Tot de meest voorkomende behoren verschuiven of losraken van de vleugel, waardoor het moeilijk kan worden om het raam te openen of te sluiten:<\/li>\n<li>Scheuren of slijtage in de vleugel kunnen ook de afdichting aantasten, waardoor lucht of water kan binnendringen, wat kan leiden tot vochtproblemen en een verlies van thermische isolatie.<\/li>\n<li>Een ander veelvoorkomend probleem zijn verouderde afdichtingen die na verloop van tijd hun effectiviteit verliezen, waardoor de energieprestaties van het raam afnemen.<\/li>\n<\/ul>\n\t\t\t\t\t\t\t\t<\/div>\n\t\t\t\t<\/div>\n\t\t\t\t<\/div>\n\t\t<div class=\"elementor-element elementor-element-ccde7ef e-con-full e-flex e-con e-child\" data-id=\"ccde7ef\" data-element_type=\"container\" data-e-type=\"container\" data-settings=\"{&quot;sticky&quot;:&quot;top&quot;,&quot;sticky_parent&quot;:&quot;yes&quot;,&quot;sticky_on&quot;:[&quot;desktop&quot;,&quot;tablet&quot;,&quot;mobile&quot;],&quot;sticky_offset&quot;:0,&quot;sticky_effects_offset&quot;:0,&quot;sticky_anchor_link_offset&quot;:0}\">\n\t\t<div class=\"elementor-element elementor-element-163ab16c animated-slow e-con-full e-flex elementor-invisible e-con e-child\" data-id=\"163ab16c\" data-element_type=\"container\" data-e-type=\"container\" data-settings=\"{&quot;background_background&quot;:&quot;classic&quot;,&quot;animation&quot;:&quot;fadeInUp&quot;,&quot;animation_delay&quot;:60}\">\n\t\t\t\t<div class=\"elementor-element elementor-element-2c85e690 elementor-view-default elementor-widget elementor-widget-icon\" data-id=\"2c85e690\" data-element_type=\"widget\" data-e-type=\"widget\" data-widget_type=\"icon.default\">\n\t\t\t\t<div class=\"elementor-widget-container\">\n\t\t\t\t\t\t\t<div class=\"elementor-icon-wrapper\">\n\t\t\t<div class=\"elementor-icon\">\n\t\t\t<i aria-hidden=\"true\" class=\"icon icon-handshake\"><\/i>\t\t\t<\/div>\n\t\t<\/div>\n\t\t\t\t\t\t<\/div>\n\t\t\t\t<\/div>\n\t\t\t\t<div class=\"elementor-element elementor-element-11141b92 elementor-widget__width-auto elementor-widget elementor-widget-heading\" data-id=\"11141b92\" data-element_type=\"widget\" data-e-type=\"widget\" data-widget_type=\"heading.default\">\n\t\t\t\t<div class=\"elementor-widget-container\">\n\t\t\t\t\t<h6 class=\"elementor-heading-title elementor-size-default\">Meer dan 30 jaar ervaring tot uw dienst<\/h6>\t\t\t\t<\/div>\n\t\t\t\t<\/div>\n\t\t\t\t<\/div>\n\t\t<div class=\"elementor-element elementor-element-3019e6f2 animated-slow e-con-full e-flex elementor-invisible e-con e-child\" data-id=\"3019e6f2\" data-element_type=\"container\" data-e-type=\"container\" data-settings=\"{&quot;background_background&quot;:&quot;classic&quot;,&quot;animation&quot;:&quot;fadeInUp&quot;,&quot;animation_delay&quot;:60}\">\n\t\t\t\t<div class=\"elementor-element elementor-element-4706b877 elementor-view-default elementor-widget elementor-widget-icon\" data-id=\"4706b877\" data-element_type=\"widget\" data-e-type=\"widget\" data-widget_type=\"icon.default\">\n\t\t\t\t<div class=\"elementor-widget-container\">\n\t\t\t\t\t\t\t<div class=\"elementor-icon-wrapper\">\n\t\t\t<div class=\"elementor-icon\">\n\t\t\t<i aria-hidden=\"true\" class=\"icon icon-Rating\"><\/i>\t\t\t<\/div>\n\t\t<\/div>\n\t\t\t\t\t\t<\/div>\n\t\t\t\t<\/div>\n\t\t\t\t<div class=\"elementor-element elementor-element-7c44ad77 elementor-widget__width-auto elementor-widget elementor-widget-heading\" data-id=\"7c44ad77\" data-element_type=\"widget\" data-e-type=\"widget\" data-widget_type=\"heading.default\">\n\t\t\t\t<div class=\"elementor-widget-container\">\n\t\t\t\t\t<h6 class=\"elementor-heading-title elementor-size-default\">Tevreden klanten in heel Belgi\u00eb<\/h6>\t\t\t\t<\/div>\n\t\t\t\t<\/div>\n\t\t\t\t<\/div>\n\t\t<div class=\"elementor-element elementor-element-2dbf61ab animated-slow e-con-full e-flex elementor-invisible e-con e-child\" data-id=\"2dbf61ab\" data-element_type=\"container\" data-e-type=\"container\" data-settings=\"{&quot;background_background&quot;:&quot;classic&quot;,&quot;animation&quot;:&quot;fadeInUp&quot;,&quot;animation_delay&quot;:60}\">\n\t\t\t\t<div class=\"elementor-element elementor-element-4288819b elementor-view-default elementor-widget elementor-widget-icon\" data-id=\"4288819b\" data-element_type=\"widget\" data-e-type=\"widget\" data-widget_type=\"icon.default\">\n\t\t\t\t<div class=\"elementor-widget-container\">\n\t\t\t\t\t\t\t<div class=\"elementor-icon-wrapper\">\n\t\t\t<div class=\"elementor-icon\">\n\t\t\t<i aria-hidden=\"true\" class=\"icon icon-Money\"><\/i>\t\t\t<\/div>\n\t\t<\/div>\n\t\t\t\t\t\t<\/div>\n\t\t\t\t<\/div>\n\t\t\t\t<div class=\"elementor-element elementor-element-767682ba elementor-widget__width-auto elementor-widget elementor-widget-heading\" data-id=\"767682ba\" data-element_type=\"widget\" data-e-type=\"widget\" data-widget_type=\"heading.default\">\n\t\t\t\t<div class=\"elementor-widget-container\">\n\t\t\t\t\t<h6 class=\"elementor-heading-title elementor-size-default\">Gratis offertes binnen 48 uur<\/h6>\t\t\t\t<\/div>\n\t\t\t\t<\/div>\n\t\t\t\t<\/div>\n\t\t\t\t<div class=\"elementor-element elementor-element-48b03e52 animated-slow elementor-cta--skin-classic elementor-animated-content elementor-bg-transform elementor-bg-transform-zoom-in elementor-invisible elementor-widget elementor-widget-call-to-action\" data-id=\"48b03e52\" data-element_type=\"widget\" data-e-type=\"widget\" data-settings=\"{&quot;_animation&quot;:&quot;fadeInUp&quot;,&quot;_animation_delay&quot;:60}\" data-widget_type=\"call-to-action.default\">\n\t\t\t\t<div class=\"elementor-widget-container\">\n\t\t\t\t\t\t\t<a class=\"elementor-cta\" href=\"https:\/\/vitrerievitraco.be\/contact\/\">\n\t\t\t\t\t<div class=\"elementor-cta__bg-wrapper\">\n\t\t\t\t<div class=\"elementor-cta__bg elementor-bg\" style=\"background-image: url(https:\/\/vitrerievitraco.be\/wp-content\/uploads\/2015\/12\/Pose-et-re\u0301paration-de-vitre.jpg);\" role=\"img\" aria-label=\"Pose-et-re\u0301paration-de-vitre\"><\/div>\n\t\t\t\t<div class=\"elementor-cta__bg-overlay\"><\/div>\n\t\t\t<\/div>\n\t\t\t\t\t\t\t<div class=\"elementor-cta__content\">\n\t\t\t\t\n\t\t\t\t\t\t\t\t\t<h6 class=\"elementor-cta__title elementor-cta__content-item elementor-content-item\">\n\t\t\t\t\t\tEen dringende interventie?\t\t\t\t\t<\/h6>\n\t\t\t\t\n\t\t\t\t\t\t\t\t\t<div class=\"elementor-cta__description elementor-cta__content-item elementor-content-item\">\n\t\t\t\t\t\t<p>Is je raam kapot? Moet er een ruit gerepareerd worden in Brussel?<\/p>\n\t\t\t\t\t<\/div>\n\t\t\t\t\n\t\t\t\t\t\t\t\t\t<div class=\"elementor-cta__button-wrapper elementor-cta__content-item elementor-content-item \">\n\t\t\t\t\t<span class=\"elementor-cta__button elementor-button elementor-size-\">\n\t\t\t\t\t\tContacteer ons\t\t\t\t\t<\/span>\n\t\t\t\t\t<\/div>\n\t\t\t\t\t\t\t<\/div>\n\t\t\t\t\t\t<\/a>\n\t\t\t\t\t\t<\/div>\n\t\t\t\t<\/div>\n\t\t\t\t<\/div>\n\t\t\t\t\t<\/div>\n\t\t\t\t<\/div>\n\t\t<div class=\"elementor-element elementor-element-5240c76f e-flex e-con-boxed e-con e-parent\" data-id=\"5240c76f\" data-element_type=\"container\" data-e-type=\"container\">\n\t\t\t\t\t<div class=\"e-con-inner\">\n\t\t<div class=\"elementor-element elementor-element-158c56a0 e-con-full e-flex e-con e-child\" data-id=\"158c56a0\" data-element_type=\"container\" data-e-type=\"container\">\n\t\t\t\t<div class=\"elementor-element elementor-element-20f38943 elementor-widget elementor-widget-heading\" data-id=\"20f38943\" data-element_type=\"widget\" data-e-type=\"widget\" data-widget_type=\"heading.default\">\n\t\t\t\t<div class=\"elementor-widget-container\">\n\t\t\t\t\t<h2 class=\"elementor-heading-title elementor-size-default\">Je raamkozijn vervangen of aanpassen: wat moet je kiezen?<\/h2>\t\t\t\t<\/div>\n\t\t\t\t<\/div>\n\t\t\t\t<div class=\"elementor-element elementor-element-355de4ac elementor-widget elementor-widget-text-editor\" data-id=\"355de4ac\" data-element_type=\"widget\" data-e-type=\"widget\" data-widget_type=\"text-editor.default\">\n\t\t\t\t<div class=\"elementor-widget-container\">\n\t\t\t\t\t\t\t\t\t<p>Als je te maken hebt met defecte raamkozijnen, kan het moeilijk zijn om te weten of je ze moet aanpassen of vervangen. Een eenvoudige aanpassing kan voldoende zijn als het raam een beetje uitgelijnd of versleten is, maar nog wel in goede staat verkeert. Dit verlengt de levensduur zonder dat er dure werkzaamheden nodig zijn. Als het daarentegen ernstig beschadigd of versleten is of geen effectieve isolatie meer biedt, moet het misschien helemaal worden vervangen. Professioneel advies, zoals dat van Vitraco, is cruciaal om de situatie te beoordelen en de beste oplossing aan te bevelen.<\/p>\n\t\t\t\t\t\t\t\t<\/div>\n\t\t\t\t<\/div>\n\t\t\t\t<div class=\"elementor-element elementor-element-4ed9f6e6 elementor-widget elementor-widget-heading\" data-id=\"4ed9f6e6\" data-element_type=\"widget\" data-e-type=\"widget\" data-widget_type=\"heading.default\">\n\t\t\t\t<div class=\"elementor-widget-container\">\n\t\t\t\t\t<h3 class=\"elementor-heading-title elementor-size-default\">Tips om problemen met het raamkozijn in de toekomst te voorkomen.<\/h3>\t\t\t\t<\/div>\n\t\t\t\t<\/div>\n\t\t\t\t<div class=\"elementor-element elementor-element-706a9065 elementor-widget elementor-widget-text-editor\" data-id=\"706a9065\" data-element_type=\"widget\" data-e-type=\"widget\" data-widget_type=\"text-editor.default\">\n\t\t\t\t<div class=\"elementor-widget-container\">\n\t\t\t\t\t\t\t\t\t<p>Om toekomstige problemen met je raamkozijnen te vermijden, is een correcte installatie essentieel.<\/p>\n<ul>\n<li>Zorg ervoor dat de afmetingen van het raamkozijn perfect zijn afgestemd op de opening om speling of uitlijnfouten te voorkomen.<\/li>\n<li>Gebruik materialen van hoge kwaliteit om de duurzaamheid en prestaties van het raamkozijn te garanderen, vooral in omgevingen met extreme weersomstandigheden.<\/li>\n<li>Pas uw vleugels 100% aan de afmetingen van uw ramen en deuren aan.<\/li>\n<li>Vergeet ten slotte niet om een beroep te doen op ervaren vakmensen, zoals die van Vitraco, voor een precieze en effici\u00ebnte installatie die u op lange termijn zal beschermen tegen ongemakken.<\/li>\n<\/ul>\n\t\t\t\t\t\t\t\t<\/div>\n\t\t\t\t<\/div>\n\t\t\t\t<\/div>\n\t\t<div class=\"elementor-element elementor-element-4761135c e-con-full e-flex e-con e-child\" data-id=\"4761135c\" data-element_type=\"container\" data-e-type=\"container\">\n\t\t\t\t<div class=\"elementor-element elementor-element-7ee1d113 elementor-widget elementor-widget-image\" data-id=\"7ee1d113\" data-element_type=\"widget\" data-e-type=\"widget\" data-widget_type=\"image.default\">\n\t\t\t\t<div class=\"elementor-widget-container\">\n\t\t\t\t\t\t\t\t\t\t\t\t\t\t\t<img decoding=\"async\" width=\"682\" height=\"1024\" src=\"https:\/\/vitrerievitraco.be\/wp-content\/uploads\/2024\/08\/man-in-protective-gloves-works-with-a-window-frame-682x1024.jpg\" class=\"attachment-large size-large wp-image-69360\" alt=\"Changement ou r\u00e9glage du ch\u00e2ssis de votre fen\u00eatre: que choisir?\" srcset=\"https:\/\/vitrerievitraco.be\/wp-content\/uploads\/2024\/08\/man-in-protective-gloves-works-with-a-window-frame-682x1024.jpg 682w, https:\/\/vitrerievitraco.be\/wp-content\/uploads\/2024\/08\/man-in-protective-gloves-works-with-a-window-frame-200x300.jpg 200w, https:\/\/vitrerievitraco.be\/wp-content\/uploads\/2024\/08\/man-in-protective-gloves-works-with-a-window-frame-768x1152.jpg 768w, https:\/\/vitrerievitraco.be\/wp-content\/uploads\/2024\/08\/man-in-protective-gloves-works-with-a-window-frame-1024x1536.jpg 1024w, https:\/\/vitrerievitraco.be\/wp-content\/uploads\/2024\/08\/man-in-protective-gloves-works-with-a-window-frame.jpg 1333w\" sizes=\"(max-width: 682px) 100vw, 682px\" \/>\t\t\t\t\t\t\t\t\t\t\t\t\t\t\t<\/div>\n\t\t\t\t<\/div>\n\t\t\t\t<\/div>\n\t\t\t\t\t<\/div>\n\t\t\t\t<\/div>\n\t\t<div class=\"elementor-element elementor-element-651fc777 e-flex e-con-boxed e-con e-parent\" data-id=\"651fc777\" data-element_type=\"container\" data-e-type=\"container\">\n\t\t\t\t\t<div class=\"e-con-inner\">\n\t\t<div class=\"elementor-element elementor-element-3f37b5b2 e-con-full e-flex e-con e-child\" data-id=\"3f37b5b2\" data-element_type=\"container\" data-e-type=\"container\">\n\t\t\t\t<div class=\"elementor-element elementor-element-3056f55e elementor-widget elementor-widget-image\" data-id=\"3056f55e\" data-element_type=\"widget\" data-e-type=\"widget\" data-widget_type=\"image.default\">\n\t\t\t\t<div class=\"elementor-widget-container\">\n\t\t\t\t\t\t\t\t\t\t\t\t\t\t\t<img decoding=\"async\" width=\"682\" height=\"1024\" src=\"https:\/\/vitrerievitraco.be\/wp-content\/uploads\/2024\/08\/young-people-install-a-window-frame--682x1024.jpg\" class=\"attachment-large size-large wp-image-69362\" alt=\"Vitraco : la r\u00e9f\u00e9rence en r\u00e9glage du ch\u00e2ssis en Belgique\" srcset=\"https:\/\/vitrerievitraco.be\/wp-content\/uploads\/2024\/08\/young-people-install-a-window-frame--682x1024.jpg 682w, https:\/\/vitrerievitraco.be\/wp-content\/uploads\/2024\/08\/young-people-install-a-window-frame--200x300.jpg 200w, https:\/\/vitrerievitraco.be\/wp-content\/uploads\/2024\/08\/young-people-install-a-window-frame--768x1152.jpg 768w, https:\/\/vitrerievitraco.be\/wp-content\/uploads\/2024\/08\/young-people-install-a-window-frame--1024x1536.jpg 1024w, https:\/\/vitrerievitraco.be\/wp-content\/uploads\/2024\/08\/young-people-install-a-window-frame-.jpg 1333w\" sizes=\"(max-width: 682px) 100vw, 682px\" \/>\t\t\t\t\t\t\t\t\t\t\t\t\t\t\t<\/div>\n\t\t\t\t<\/div>\n\t\t\t\t<\/div>\n\t\t<div class=\"elementor-element elementor-element-511c52ef e-con-full e-flex e-con e-child\" data-id=\"511c52ef\" data-element_type=\"container\" data-e-type=\"container\">\n\t\t\t\t<div class=\"elementor-element elementor-element-7557428a elementor-widget elementor-widget-heading\" data-id=\"7557428a\" data-element_type=\"widget\" data-e-type=\"widget\" data-widget_type=\"heading.default\">\n\t\t\t\t<div class=\"elementor-widget-container\">\n\t\t\t\t\t<h2 class=\"elementor-heading-title elementor-size-default\">Vitraco: de referentie voor chassisaanpassing in Belgi\u00eb<\/h2>\t\t\t\t<\/div>\n\t\t\t\t<\/div>\n\t\t\t\t<div class=\"elementor-element elementor-element-1cfaf58b elementor-widget elementor-widget-text-editor\" data-id=\"1cfaf58b\" data-element_type=\"widget\" data-e-type=\"widget\" data-widget_type=\"text-editor.default\">\n\t\t\t\t<div class=\"elementor-widget-container\">\n\t\t\t\t\t\t\t\t\tBij Vitraco stellen we onze expertise tot uw dienst om uw raamkozijnen aan te passen, te vervangen of te vervangen.\t\t\t\t\t\t\t\t<\/div>\n\t\t\t\t<\/div>\n\t\t\t\t<div class=\"elementor-element elementor-element-7737d778 elementor-widget elementor-widget-heading\" data-id=\"7737d778\" data-element_type=\"widget\" data-e-type=\"widget\" data-widget_type=\"heading.default\">\n\t\t\t\t<div class=\"elementor-widget-container\">\n\t\t\t\t\t<h3 class=\"elementor-heading-title elementor-size-default\"> Om je ramen te veranderen, te plaatsen of aan te passen: contacteer Vitraco<\/h3>\t\t\t\t<\/div>\n\t\t\t\t<\/div>\n\t\t\t\t<div class=\"elementor-element elementor-element-5126b9ef elementor-widget elementor-widget-text-editor\" data-id=\"5126b9ef\" data-element_type=\"widget\" data-e-type=\"widget\" data-widget_type=\"text-editor.default\">\n\t\t\t\t<div class=\"elementor-widget-container\">\n\t\t\t\t\t\t\t\t\t<p>Met meer dan 30 jaar ervaring biedt Vitraco je een onge\u00ebvenaarde knowhow voor al je behoeften op het gebied van raamkozijnen. Ons team van gekwalificeerde professionals staat klaar om u te adviseren over de beste oplossingen voor uw specifieke behoeften. Of je nu de thermische isolatie van je woning wilt verbeteren of een defect raamkozijn wilt vervangen, wij garanderen een snelle, effici\u00ebnte en kwaliteitsvolle service in heel Belgi\u00eb.<\/p>\n\t\t\t\t\t\t\t\t<\/div>\n\t\t\t\t<\/div>\n\t\t\t\t<\/div>\n\t\t\t\t\t<\/div>\n\t\t\t\t<\/div>\n\t\t<div class=\"elementor-element elementor-element-c833e96 e-flex e-con-boxed e-con e-parent\" data-id=\"c833e96\" data-element_type=\"container\" data-e-type=\"container\">\n\t\t\t\t\t<div class=\"e-con-inner\">\n\t\t\t\t<div class=\"elementor-element elementor-element-7c1ceee elementor-widget elementor-widget-template\" data-id=\"7c1ceee\" data-element_type=\"widget\" data-e-type=\"widget\" data-widget_type=\"template.default\">\n\t\t\t\t<div class=\"elementor-widget-container\">\n\t\t\t\t\t\t\t<div class=\"elementor-template\">\n\t\t\t\t\t<div data-elementor-type=\"section\" data-elementor-id=\"70960\" class=\"elementor elementor-70960 elementor-70183 elementor-70183\" data-elementor-post-type=\"elementor_library\">\n\t\t\t<div class=\"elementor-element elementor-element-e8470fd e-flex e-con-boxed e-con e-parent\" data-id=\"e8470fd\" data-element_type=\"container\" data-e-type=\"container\">\n\t\t\t\t\t<div class=\"e-con-inner\">\n\t\t<div class=\"elementor-element elementor-element-c7eb420 e-con-full e-flex e-con e-child\" data-id=\"c7eb420\" data-element_type=\"container\" data-e-type=\"container\">\n\t\t\t\t<div class=\"elementor-element elementor-element-8903354 elementor-widget elementor-widget-heading\" data-id=\"8903354\" data-element_type=\"widget\" data-e-type=\"widget\" data-widget_type=\"heading.default\">\n\t\t\t\t<div class=\"elementor-widget-container\">\n\t\t\t\t\t<h5 class=\"elementor-heading-title elementor-size-default\">Klanten die ons vertrouwen<\/h5>\t\t\t\t<\/div>\n\t\t\t\t<\/div>\n\t\t<div class=\"elementor-element elementor-element-2b4b94c e-con-full e-flex e-con e-child\" data-id=\"2b4b94c\" data-element_type=\"container\" data-e-type=\"container\">\n\t\t\t\t<div class=\"elementor-element elementor-element-9dc2124 elementor-arrows-position-outside elementor-pagination-position-outside elementor-widget elementor-widget-image-carousel\" data-id=\"9dc2124\" data-element_type=\"widget\" data-e-type=\"widget\" data-settings=\"{&quot;slides_to_show&quot;:&quot;10&quot;,&quot;image_spacing_custom&quot;:{&quot;unit&quot;:&quot;px&quot;,&quot;size&quot;:23,&quot;sizes&quot;:[]},&quot;slides_to_show_mobile&quot;:&quot;2&quot;,&quot;navigation&quot;:&quot;both&quot;,&quot;autoplay&quot;:&quot;yes&quot;,&quot;pause_on_hover&quot;:&quot;yes&quot;,&quot;pause_on_interaction&quot;:&quot;yes&quot;,&quot;autoplay_speed&quot;:5000,&quot;infinite&quot;:&quot;yes&quot;,&quot;speed&quot;:500,&quot;image_spacing_custom_tablet&quot;:{&quot;unit&quot;:&quot;px&quot;,&quot;size&quot;:&quot;&quot;,&quot;sizes&quot;:[]},&quot;image_spacing_custom_mobile&quot;:{&quot;unit&quot;:&quot;px&quot;,&quot;size&quot;:&quot;&quot;,&quot;sizes&quot;:[]}}\" data-widget_type=\"image-carousel.default\">\n\t\t\t\t<div class=\"elementor-widget-container\">\n\t\t\t\t\t\t\t<div class=\"elementor-image-carousel-wrapper swiper\" role=\"region\" aria-roledescription=\"carousel\" aria-label=\"Afbeelding carrousel\" dir=\"ltr\">\n\t\t\t<div class=\"elementor-image-carousel swiper-wrapper\" aria-live=\"off\">\n\t\t\t\t\t\t\t\t<div class=\"swiper-slide\" role=\"group\" aria-roledescription=\"slide\" aria-label=\"1 van 15\"><figure class=\"swiper-slide-inner\"><img decoding=\"async\" class=\"swiper-slide-image\" src=\"https:\/\/vitrerievitraco.be\/wp-content\/uploads\/2024\/09\/logo-18.jpg\" alt=\"logo-18\" \/><\/figure><\/div><div class=\"swiper-slide\" role=\"group\" aria-roledescription=\"slide\" aria-label=\"2 van 15\"><figure class=\"swiper-slide-inner\"><img decoding=\"async\" class=\"swiper-slide-image\" src=\"https:\/\/vitrerievitraco.be\/wp-content\/uploads\/2024\/09\/logo-32.jpg\" alt=\"logo-32\" \/><\/figure><\/div><div class=\"swiper-slide\" role=\"group\" aria-roledescription=\"slide\" aria-label=\"3 van 15\"><figure class=\"swiper-slide-inner\"><img decoding=\"async\" class=\"swiper-slide-image\" src=\"https:\/\/vitrerievitraco.be\/wp-content\/uploads\/2024\/09\/logo-35.jpg\" alt=\"logo-35\" \/><\/figure><\/div><div class=\"swiper-slide\" role=\"group\" aria-roledescription=\"slide\" aria-label=\"4 van 15\"><figure class=\"swiper-slide-inner\"><img decoding=\"async\" class=\"swiper-slide-image\" src=\"https:\/\/vitrerievitraco.be\/wp-content\/uploads\/2024\/09\/logo-03.jpg\" alt=\"logo-03\" \/><\/figure><\/div><div class=\"swiper-slide\" role=\"group\" aria-roledescription=\"slide\" aria-label=\"5 van 15\"><figure class=\"swiper-slide-inner\"><img decoding=\"async\" class=\"swiper-slide-image\" src=\"https:\/\/vitrerievitraco.be\/wp-content\/uploads\/2024\/09\/logo-05.jpg\" alt=\"logo-05\" \/><\/figure><\/div><div class=\"swiper-slide\" role=\"group\" aria-roledescription=\"slide\" aria-label=\"6 van 15\"><figure class=\"swiper-slide-inner\"><img decoding=\"async\" class=\"swiper-slide-image\" src=\"https:\/\/vitrerievitraco.be\/wp-content\/uploads\/2024\/09\/logo-10.jpg\" alt=\"logo-10\" \/><\/figure><\/div><div class=\"swiper-slide\" role=\"group\" aria-roledescription=\"slide\" aria-label=\"7 van 15\"><figure class=\"swiper-slide-inner\"><img decoding=\"async\" class=\"swiper-slide-image\" src=\"https:\/\/vitrerievitraco.be\/wp-content\/uploads\/2024\/09\/logo-19.jpg\" alt=\"logo-19\" \/><\/figure><\/div><div class=\"swiper-slide\" role=\"group\" aria-roledescription=\"slide\" aria-label=\"8 van 15\"><figure class=\"swiper-slide-inner\"><img decoding=\"async\" class=\"swiper-slide-image\" src=\"https:\/\/vitrerievitraco.be\/wp-content\/uploads\/2024\/09\/logo-11.jpg\" alt=\"logo-11\" \/><\/figure><\/div><div class=\"swiper-slide\" role=\"group\" aria-roledescription=\"slide\" aria-label=\"Afbeelding carrousel\"0><figure class=\"swiper-slide-inner\"><img decoding=\"async\" class=\"swiper-slide-image\" src=\"https:\/\/vitrerievitraco.be\/wp-content\/uploads\/2024\/09\/logo-42.jpg\" alt=\"logo-42\" \/><\/figure><\/div><div class=\"swiper-slide\" role=\"group\" aria-roledescription=\"slide\" aria-label=\"Afbeelding carrousel\"1><figure class=\"swiper-slide-inner\"><img decoding=\"async\" class=\"swiper-slide-image\" src=\"https:\/\/vitrerievitraco.be\/wp-content\/uploads\/2024\/09\/logo-25.jpg\" alt=\"logo-25\" \/><\/figure><\/div><div class=\"swiper-slide\" role=\"group\" aria-roledescription=\"slide\" aria-label=\"Afbeelding carrousel\"2><figure class=\"swiper-slide-inner\"><img decoding=\"async\" class=\"swiper-slide-image\" src=\"https:\/\/vitrerievitraco.be\/wp-content\/uploads\/2024\/09\/logo-13.jpg\" alt=\"logo-13\" \/><\/figure><\/div><div class=\"swiper-slide\" role=\"group\" aria-roledescription=\"slide\" aria-label=\"Afbeelding carrousel\"3><figure class=\"swiper-slide-inner\"><img decoding=\"async\" class=\"swiper-slide-image\" src=\"https:\/\/vitrerievitraco.be\/wp-content\/uploads\/2024\/09\/logo-01.jpg\" alt=\"logo-01\" \/><\/figure><\/div><div class=\"swiper-slide\" role=\"group\" aria-roledescription=\"slide\" aria-label=\"Afbeelding carrousel\"4><figure class=\"swiper-slide-inner\"><img decoding=\"async\" class=\"swiper-slide-image\" src=\"https:\/\/vitrerievitraco.be\/wp-content\/uploads\/2024\/09\/logo-38.jpg\" alt=\"logo-38\" \/><\/figure><\/div><div class=\"swiper-slide\" role=\"group\" aria-roledescription=\"slide\" aria-label=\"Afbeelding carrousel\"5><figure class=\"swiper-slide-inner\"><img decoding=\"async\" class=\"swiper-slide-image\" src=\"https:\/\/vitrerievitraco.be\/wp-content\/uploads\/2024\/09\/logo-31.jpg\" alt=\"logo-31\" \/><\/figure><\/div><div class=\"swiper-slide\" role=\"group\" aria-roledescription=\"slide\" aria-label=\"Afbeelding carrousel\"6><figure class=\"swiper-slide-inner\"><img decoding=\"async\" class=\"swiper-slide-image\" src=\"https:\/\/vitrerievitraco.be\/wp-content\/uploads\/2024\/09\/logo-30.jpg\" alt=\"logo-30\" \/><\/figure><\/div>\t\t\t<\/div>\n\t\t\t\t\t\t\t\t\t\t\t\t<div class=\"elementor-swiper-button elementor-swiper-button-prev\" role=\"button\" tabindex=\"0\">\n\t\t\t\t\t\t<svg aria-hidden=\"true\" class=\"e-font-icon-svg e-eicon-chevron-left\" viewBox=\"0 0 1000 1000\" xmlns=\"http:\/\/www.w3.org\/2000\/svg\"><path d=\"M646 125C629 125 613 133 604 142L308 442C296 454 292 471 292 487 292 504 296 521 308 533L604 854C617 867 629 875 646 875 663 875 679 871 692 858 704 846 713 829 713 812 713 796 708 779 692 767L438 487 692 225C700 217 708 204 708 187 708 171 704 154 692 142 675 129 663 125 646 125Z\"><\/path><\/svg>\t\t\t\t\t<\/div>\n\t\t\t\t\t<div class=\"elementor-swiper-button elementor-swiper-button-next\" role=\"button\" tabindex=\"0\">\n\t\t\t\t\t\t<svg aria-hidden=\"true\" class=\"e-font-icon-svg e-eicon-chevron-right\" viewBox=\"0 0 1000 1000\" xmlns=\"http:\/\/www.w3.org\/2000\/svg\"><path d=\"M696 533C708 521 713 504 713 487 713 471 708 454 696 446L400 146C388 133 375 125 354 125 338 125 325 129 313 142 300 154 292 171 292 187 292 204 296 221 308 233L563 492 304 771C292 783 288 800 288 817 288 833 296 850 308 863 321 871 338 875 354 875 371 875 388 867 400 854L696 533Z\"><\/path><\/svg>\t\t\t\t\t<\/div>\n\t\t\t\t\n\t\t\t\t\t\t\t\t\t<div class=\"swiper-pagination\"><\/div>\n\t\t\t\t\t\t\t\t\t<\/div>\n\t\t\t\t\t\t<\/div>\n\t\t\t\t<\/div>\n\t\t\t\t<\/div>\n\t\t\t\t<\/div>\n\t\t\t\t\t<\/div>\n\t\t\t\t<\/div>\n\t\t\t\t<\/div>\n\t\t\t\t<\/div>\n\t\t\t\t\t\t<\/div>\n\t\t\t\t<\/div>\n\t\t\t\t\t<\/div>\n\t\t\t\t<\/div>\n\t\t<div class=\"elementor-element elementor-element-21e150 e-flex e-con-boxed e-con e-parent\" data-id=\"21e150\" data-element_type=\"container\" data-e-type=\"container\" data-settings=\"{&quot;background_background&quot;:&quot;gradient&quot;}\">\n\t\t\t\t\t<div class=\"e-con-inner\">\n\t\t<div class=\"elementor-element elementor-element-7b0b7e8 e-con-full e-flex e-con e-child\" data-id=\"7b0b7e8\" data-element_type=\"container\" data-e-type=\"container\">\n\t\t\t\t<div class=\"elementor-element elementor-element-3ce06f29 elementor-widget elementor-widget-heading\" data-id=\"3ce06f29\" data-element_type=\"widget\" data-e-type=\"widget\" data-widget_type=\"heading.default\">\n\t\t\t\t<div class=\"elementor-widget-container\">\n\t\t\t\t\t<h2 class=\"elementor-heading-title elementor-size-default\">FAQ<\/h2>\t\t\t\t<\/div>\n\t\t\t\t<\/div>\n\t\t\t\t<div class=\"elementor-element elementor-element-15fc84a3 elementor-widget elementor-widget-accordion\" data-id=\"15fc84a3\" data-element_type=\"widget\" data-e-type=\"widget\" data-widget_type=\"accordion.default\">\n\t\t\t\t<div class=\"elementor-widget-container\">\n\t\t\t\t\t\t\t<div class=\"elementor-accordion\">\n\t\t\t\t\t\t\t<div class=\"elementor-accordion-item\">\n\t\t\t\t\t<div id=\"elementor-tab-title-3681\" class=\"elementor-tab-title\" data-tab=\"1\" role=\"button\" aria-controls=\"elementor-tab-content-3681\" aria-expanded=\"false\">\n\t\t\t\t\t\t\t\t\t\t\t\t\t<span class=\"elementor-accordion-icon elementor-accordion-icon-right\" aria-hidden=\"true\">\n\t\t\t\t\t\t\t\t\t\t\t\t\t\t\t<span class=\"elementor-accordion-icon-closed\"><svg class=\"e-font-icon-svg e-fas-plus\" viewBox=\"0 0 448 512\" xmlns=\"http:\/\/www.w3.org\/2000\/svg\"><path d=\"M416 208H272V64c0-17.67-14.33-32-32-32h-32c-17.67 0-32 14.33-32 32v144H32c-17.67 0-32 14.33-32 32v32c0 17.67 14.33 32 32 32h144v144c0 17.67 14.33 32 32 32h32c17.67 0 32-14.33 32-32V304h144c17.67 0 32-14.33 32-32v-32c0-17.67-14.33-32-32-32z\"><\/path><\/svg><\/span>\n\t\t\t\t\t\t\t\t<span class=\"elementor-accordion-icon-opened\"><svg class=\"e-font-icon-svg e-fas-minus\" viewBox=\"0 0 448 512\" xmlns=\"http:\/\/www.w3.org\/2000\/svg\"><path d=\"M416 208H32c-17.67 0-32 14.33-32 32v32c0 17.67 14.33 32 32 32h384c17.67 0 32-14.33 32-32v-32c0-17.67-14.33-32-32-32z\"><\/path><\/svg><\/span>\n\t\t\t\t\t\t\t\t\t\t\t\t\t\t<\/span>\n\t\t\t\t\t\t\t\t\t\t\t\t<a class=\"elementor-accordion-title\" tabindex=\"0\">Hoeveel kost de renovatie van dubbele beglazing?<\/a>\n\t\t\t\t\t<\/div>\n\t\t\t\t\t<div id=\"elementor-tab-content-3681\" class=\"elementor-tab-content elementor-clearfix\" data-tab=\"1\" role=\"region\" aria-labelledby=\"elementor-tab-title-3681\"><p>De kosten voor het renoveren van dubbele beglazing hangen af van een aantal factoren, zoals de grootte van de ramen, het type beglazing en de complexiteit van het werk. Neem contact op met Vitraco voor een gepersonaliseerde offerte en om te weten welke opties bij jouw budget passen.<\/p>\n<\/div>\n\t\t\t\t<\/div>\n\t\t\t\t\t\t\t<div class=\"elementor-accordion-item\">\n\t\t\t\t\t<div id=\"elementor-tab-title-3682\" class=\"elementor-tab-title\" data-tab=\"2\" role=\"button\" aria-controls=\"elementor-tab-content-3682\" aria-expanded=\"false\">\n\t\t\t\t\t\t\t\t\t\t\t\t\t<span class=\"elementor-accordion-icon elementor-accordion-icon-right\" aria-hidden=\"true\">\n\t\t\t\t\t\t\t\t\t\t\t\t\t\t\t<span class=\"elementor-accordion-icon-closed\"><svg class=\"e-font-icon-svg e-fas-plus\" viewBox=\"0 0 448 512\" xmlns=\"http:\/\/www.w3.org\/2000\/svg\"><path d=\"M416 208H272V64c0-17.67-14.33-32-32-32h-32c-17.67 0-32 14.33-32 32v144H32c-17.67 0-32 14.33-32 32v32c0 17.67 14.33 32 32 32h144v144c0 17.67 14.33 32 32 32h32c17.67 0 32-14.33 32-32V304h144c17.67 0 32-14.33 32-32v-32c0-17.67-14.33-32-32-32z\"><\/path><\/svg><\/span>\n\t\t\t\t\t\t\t\t<span class=\"elementor-accordion-icon-opened\"><svg class=\"e-font-icon-svg e-fas-minus\" viewBox=\"0 0 448 512\" xmlns=\"http:\/\/www.w3.org\/2000\/svg\"><path d=\"M416 208H32c-17.67 0-32 14.33-32 32v32c0 17.67 14.33 32 32 32h384c17.67 0 32-14.33 32-32v-32c0-17.67-14.33-32-32-32z\"><\/path><\/svg><\/span>\n\t\t\t\t\t\t\t\t\t\t\t\t\t\t<\/span>\n\t\t\t\t\t\t\t\t\t\t\t\t<a class=\"elementor-accordion-title\" tabindex=\"0\">Waarom sluit mijn houten raam moeilijk in de zomer?<\/a>\n\t\t\t\t\t<\/div>\n\t\t\t\t\t<div id=\"elementor-tab-content-3682\" class=\"elementor-tab-content elementor-clearfix\" data-tab=\"2\" role=\"region\" aria-labelledby=\"elementor-tab-title-3682\"><p>In de zomer kunnen vocht en hitte ervoor zorgen dat het hout opzwelt, waardoor het raam moeilijker dichtgaat. Bijwerken of licht opschuren kan dit probleem verhelpen. Als het probleem aanhoudt, moet je misschien een vakman inschakelen.<\/p>\n<\/div>\n\t\t\t\t<\/div>\n\t\t\t\t\t\t\t<div class=\"elementor-accordion-item\">\n\t\t\t\t\t<div id=\"elementor-tab-title-3683\" class=\"elementor-tab-title\" data-tab=\"3\" role=\"button\" aria-controls=\"elementor-tab-content-3683\" aria-expanded=\"false\">\n\t\t\t\t\t\t\t\t\t\t\t\t\t<span class=\"elementor-accordion-icon elementor-accordion-icon-right\" aria-hidden=\"true\">\n\t\t\t\t\t\t\t\t\t\t\t\t\t\t\t<span class=\"elementor-accordion-icon-closed\"><svg class=\"e-font-icon-svg e-fas-plus\" viewBox=\"0 0 448 512\" xmlns=\"http:\/\/www.w3.org\/2000\/svg\"><path d=\"M416 208H272V64c0-17.67-14.33-32-32-32h-32c-17.67 0-32 14.33-32 32v144H32c-17.67 0-32 14.33-32 32v32c0 17.67 14.33 32 32 32h144v144c0 17.67 14.33 32 32 32h32c17.67 0 32-14.33 32-32V304h144c17.67 0 32-14.33 32-32v-32c0-17.67-14.33-32-32-32z\"><\/path><\/svg><\/span>\n\t\t\t\t\t\t\t\t<span class=\"elementor-accordion-icon-opened\"><svg class=\"e-font-icon-svg e-fas-minus\" viewBox=\"0 0 448 512\" xmlns=\"http:\/\/www.w3.org\/2000\/svg\"><path d=\"M416 208H32c-17.67 0-32 14.33-32 32v32c0 17.67 14.33 32 32 32h384c17.67 0 32-14.33 32-32v-32c0-17.67-14.33-32-32-32z\"><\/path><\/svg><\/span>\n\t\t\t\t\t\t\t\t\t\t\t\t\t\t<\/span>\n\t\t\t\t\t\t\t\t\t\t\t\t<a class=\"elementor-accordion-title\" tabindex=\"0\">Is het vervangen van een houten raamkozijn door een aluminium kozijn effectief?<\/a>\n\t\t\t\t\t<\/div>\n\t\t\t\t\t<div id=\"elementor-tab-content-3683\" class=\"elementor-tab-content elementor-clearfix\" data-tab=\"3\" role=\"region\" aria-labelledby=\"elementor-tab-title-3683\"><p>Aluminium raamkozijnen geven een uitgesproken industri\u00eble look, maar houten raamkozijnen zijn altijd al een uitstekende optie geweest, omdat hout een ecologische en natuurlijke isolator is. Aluminium is een warmtegeleider, waardoor aluminium ramen het minst isolerend zijn.<\/p>\n<\/div>\n\t\t\t\t<\/div>\n\t\t\t\t\t\t\t<div class=\"elementor-accordion-item\">\n\t\t\t\t\t<div id=\"elementor-tab-title-3684\" class=\"elementor-tab-title\" data-tab=\"4\" role=\"button\" aria-controls=\"elementor-tab-content-3684\" aria-expanded=\"false\">\n\t\t\t\t\t\t\t\t\t\t\t\t\t<span class=\"elementor-accordion-icon elementor-accordion-icon-right\" aria-hidden=\"true\">\n\t\t\t\t\t\t\t\t\t\t\t\t\t\t\t<span class=\"elementor-accordion-icon-closed\"><svg class=\"e-font-icon-svg e-fas-plus\" viewBox=\"0 0 448 512\" xmlns=\"http:\/\/www.w3.org\/2000\/svg\"><path d=\"M416 208H272V64c0-17.67-14.33-32-32-32h-32c-17.67 0-32 14.33-32 32v144H32c-17.67 0-32 14.33-32 32v32c0 17.67 14.33 32 32 32h144v144c0 17.67 14.33 32 32 32h32c17.67 0 32-14.33 32-32V304h144c17.67 0 32-14.33 32-32v-32c0-17.67-14.33-32-32-32z\"><\/path><\/svg><\/span>\n\t\t\t\t\t\t\t\t<span class=\"elementor-accordion-icon-opened\"><svg class=\"e-font-icon-svg e-fas-minus\" viewBox=\"0 0 448 512\" xmlns=\"http:\/\/www.w3.org\/2000\/svg\"><path d=\"M416 208H32c-17.67 0-32 14.33-32 32v32c0 17.67 14.33 32 32 32h384c17.67 0 32-14.33 32-32v-32c0-17.67-14.33-32-32-32z\"><\/path><\/svg><\/span>\n\t\t\t\t\t\t\t\t\t\t\t\t\t\t<\/span>\n\t\t\t\t\t\t\t\t\t\t\t\t<a class=\"elementor-accordion-title\" tabindex=\"0\">Wanneer moet ik een vakman inschakelen om mijn raam te laten repareren dat niet goed sluit?<\/a>\n\t\t\t\t\t<\/div>\n\t\t\t\t\t<div id=\"elementor-tab-content-3684\" class=\"elementor-tab-content elementor-clearfix\" data-tab=\"4\" role=\"region\" aria-labelledby=\"elementor-tab-title-3684\"><p>Het is raadzaam om een vakman in te schakelen als je raam problemen blijft geven na verschillende pogingen om het af te stellen, of als het raam beschadigd lijkt. Een expert kan het probleem nauwkeurig vaststellen en de nodige reparaties uitvoeren om de levensduur van je raam te garanderen.<\/p>\n<\/div>\n\t\t\t\t<\/div>\n\t\t\t\t\t\t\t\t\t\t<script type=\"application\/ld+json\">{\"@context\":\"https:\\\/\\\/schema.org\",\"@type\":\"FAQPage\",\"mainEntity\":[{\"@type\":\"Question\",\"name\":\"Hoeveel kost de renovatie van dubbele beglazing?\",\"acceptedAnswer\":{\"@type\":\"Answer\",\"text\":\"<p>De kosten voor het renoveren van dubbele beglazing hangen af van een aantal factoren, zoals de grootte van de ramen, het type beglazing en de complexiteit van het werk. Neem contact op met Vitraco voor een gepersonaliseerde offerte en om te weten welke opties bij jouw budget passen.<\\\/p>\\n\"}},{\"@type\":\"Question\",\"name\":\"Waarom sluit mijn houten raam moeilijk in de zomer?\",\"acceptedAnswer\":{\"@type\":\"Answer\",\"text\":\"<p>In de zomer kunnen vocht en hitte ervoor zorgen dat het hout opzwelt, waardoor het raam moeilijker dichtgaat. Bijwerken of licht opschuren kan dit probleem verhelpen. Als het probleem aanhoudt, moet je misschien een vakman inschakelen.<\\\/p>\\n\"}},{\"@type\":\"Question\",\"name\":\"Is het vervangen van een houten raamkozijn door een aluminium kozijn effectief?\",\"acceptedAnswer\":{\"@type\":\"Answer\",\"text\":\"<p>Aluminium raamkozijnen geven een uitgesproken industri\\u00eble look, maar houten raamkozijnen zijn altijd al een uitstekende optie geweest, omdat hout een ecologische en natuurlijke isolator is. Aluminium is een warmtegeleider, waardoor aluminium ramen het minst isolerend zijn.<\\\/p>\\n\"}},{\"@type\":\"Question\",\"name\":\"Wanneer moet ik een vakman inschakelen om mijn raam te laten repareren dat niet goed sluit?\",\"acceptedAnswer\":{\"@type\":\"Answer\",\"text\":\"<p>Het is raadzaam om een vakman in te schakelen als je raam problemen blijft geven na verschillende pogingen om het af te stellen, of als het raam beschadigd lijkt. Een expert kan het probleem nauwkeurig vaststellen en de nodige reparaties uitvoeren om de levensduur van je raam te garanderen.<\\\/p>\\n\"}}]}<\/script>\n\t\t\t\t\t<\/div>\n\t\t\t\t\t\t<\/div>\n\t\t\t\t<\/div>\n\t\t\t\t<\/div>\n\t\t\t\t\t<\/div>\n\t\t\t\t<\/div>\n\t\t\t\t<\/div>\n\t\t","protected":false},"excerpt":{"rendered":"<p>Glasreparatie Raamkozijnen aanpassen: Vitraco adviseert en onderneemt actie Nauwkeurige chassisafstelling Optimale thermische isolatie Gegarandeerde professionele expertise Verzoek om informatie Een raamkozijn dat slecht is afgesteld of in slechte staat verkeert, kan leiden tot energieverlies, luchtinfiltratie en zelfs vochtproblemen. Deze problemen kunnen niet alleen de isolatie van je huis aantasten, maar ook leiden tot hogere energierekeningen. [&hellip;]<\/p>\n","protected":false},"author":6,"featured_media":0,"parent":70735,"menu_order":0,"comment_status":"closed","ping_status":"closed","template":"","meta":{"footnotes":""},"class_list":["post-70812","page","type-page","status-publish","hentry"],"yoast_head":"<!-- This site is optimized with the Yoast SEO plugin v27.5 - https:\/\/yoast.com\/product\/yoast-seo-wordpress\/ -->\n<title>Chassisafstelling - Vitraco<\/title>\n<meta name=\"description\" content=\"Heb je problemen met het afstellen van je raamkozijnen? Ontdek wanneer het tijd is om het raam aan te passen of te vervangen.\" \/>\n<meta name=\"robots\" content=\"index, follow, max-snippet:-1, max-image-preview:large, max-video-preview:-1\" \/>\n<link rel=\"canonical\" href=\"https:\/\/vitrerievitraco.be\/nl\/glas-vervangen-en-repareren\/chassisafstelling\/\" \/>\n<meta property=\"og:locale\" content=\"nl_NL\" \/>\n<meta property=\"og:type\" content=\"article\" \/>\n<meta property=\"og:title\" content=\"Chassisafstelling - Vitraco\" \/>\n<meta property=\"og:description\" content=\"Heb je problemen met het afstellen van je raamkozijnen? Ontdek wanneer het tijd is om het raam aan te passen of te vervangen.\" \/>\n<meta property=\"og:url\" content=\"https:\/\/vitrerievitraco.be\/nl\/glas-vervangen-en-repareren\/chassisafstelling\/\" \/>\n<meta property=\"og:site_name\" content=\"Vitraco\" \/>\n<meta property=\"article:publisher\" content=\"https:\/\/www.facebook.com\/avitraco\/\" \/>\n<meta property=\"article:modified_time\" content=\"2024-12-18T11:36:25+00:00\" \/>\n<meta property=\"og:image\" content=\"https:\/\/vitrerievitraco.be\/wp-content\/uploads\/2024\/08\/couple-sitting-together-near-the-window-at-home.jpg\" \/>\n\t<meta property=\"og:image:width\" content=\"2000\" \/>\n\t<meta property=\"og:image:height\" content=\"1335\" \/>\n\t<meta property=\"og:image:type\" content=\"image\/jpeg\" \/>\n<meta name=\"twitter:card\" content=\"summary_large_image\" \/>\n<meta name=\"twitter:label1\" content=\"Geschatte leestijd\" \/>\n\t<meta name=\"twitter:data1\" content=\"5 minuten\" \/>\n<script type=\"application\/ld+json\" class=\"yoast-schema-graph\">{\"@context\":\"https:\\\/\\\/schema.org\",\"@graph\":[{\"@type\":\"WebPage\",\"@id\":\"https:\\\/\\\/vitrerievitraco.be\\\/nl\\\/glas-vervangen-en-repareren\\\/chassisafstelling\\\/\",\"url\":\"https:\\\/\\\/vitrerievitraco.be\\\/nl\\\/glas-vervangen-en-repareren\\\/chassisafstelling\\\/\",\"name\":\"Chassisafstelling - Vitraco\",\"isPartOf\":{\"@id\":\"https:\\\/\\\/vitrerievitraco.be\\\/#website\"},\"primaryImageOfPage\":{\"@id\":\"https:\\\/\\\/vitrerievitraco.be\\\/nl\\\/glas-vervangen-en-repareren\\\/chassisafstelling\\\/#primaryimage\"},\"image\":{\"@id\":\"https:\\\/\\\/vitrerievitraco.be\\\/nl\\\/glas-vervangen-en-repareren\\\/chassisafstelling\\\/#primaryimage\"},\"thumbnailUrl\":\"https:\\\/\\\/vitrerievitraco.be\\\/wp-content\\\/uploads\\\/2024\\\/08\\\/couple-sitting-together-near-the-window-at-home-1024x684.jpg\",\"datePublished\":\"2024-12-18T11:36:24+00:00\",\"dateModified\":\"2024-12-18T11:36:25+00:00\",\"description\":\"Heb je problemen met het afstellen van je raamkozijnen? Ontdek wanneer het tijd is om het raam aan te passen of te vervangen.\",\"breadcrumb\":{\"@id\":\"https:\\\/\\\/vitrerievitraco.be\\\/nl\\\/glas-vervangen-en-repareren\\\/chassisafstelling\\\/#breadcrumb\"},\"inLanguage\":\"nl-NL\",\"potentialAction\":[{\"@type\":\"ReadAction\",\"target\":[\"https:\\\/\\\/vitrerievitraco.be\\\/nl\\\/glas-vervangen-en-repareren\\\/chassisafstelling\\\/\"]}]},{\"@type\":\"ImageObject\",\"inLanguage\":\"nl-NL\",\"@id\":\"https:\\\/\\\/vitrerievitraco.be\\\/nl\\\/glas-vervangen-en-repareren\\\/chassisafstelling\\\/#primaryimage\",\"url\":\"https:\\\/\\\/vitrerievitraco.be\\\/wp-content\\\/uploads\\\/2024\\\/08\\\/couple-sitting-together-near-the-window-at-home-1024x684.jpg\",\"contentUrl\":\"https:\\\/\\\/vitrerievitraco.be\\\/wp-content\\\/uploads\\\/2024\\\/08\\\/couple-sitting-together-near-the-window-at-home-1024x684.jpg\"},{\"@type\":\"BreadcrumbList\",\"@id\":\"https:\\\/\\\/vitrerievitraco.be\\\/nl\\\/glas-vervangen-en-repareren\\\/chassisafstelling\\\/#breadcrumb\",\"itemListElement\":[{\"@type\":\"ListItem\",\"position\":1,\"name\":\"Home\",\"item\":\"https:\\\/\\\/vitrerievitraco.be\\\/nl\\\/vitraco-beglazing-in-brussel\\\/\"},{\"@type\":\"ListItem\",\"position\":2,\"name\":\"Glas vervangen en repareren\",\"item\":\"https:\\\/\\\/vitrerievitraco.be\\\/nl\\\/glas-vervangen-en-repareren\\\/\"},{\"@type\":\"ListItem\",\"position\":3,\"name\":\"Chassisafstelling\"}]},{\"@type\":\"WebSite\",\"@id\":\"https:\\\/\\\/vitrerievitraco.be\\\/#website\",\"url\":\"https:\\\/\\\/vitrerievitraco.be\\\/\",\"name\":\"Vitraco\",\"description\":\"Vitrerie \u00e0 Bruxelles\",\"publisher\":{\"@id\":\"https:\\\/\\\/vitrerievitraco.be\\\/#organization\"},\"potentialAction\":[{\"@type\":\"SearchAction\",\"target\":{\"@type\":\"EntryPoint\",\"urlTemplate\":\"https:\\\/\\\/vitrerievitraco.be\\\/?s={search_term_string}\"},\"query-input\":{\"@type\":\"PropertyValueSpecification\",\"valueRequired\":true,\"valueName\":\"search_term_string\"}}],\"inLanguage\":\"nl-NL\"},{\"@type\":\"Organization\",\"@id\":\"https:\\\/\\\/vitrerievitraco.be\\\/#organization\",\"name\":\"A. Vitraco\",\"url\":\"https:\\\/\\\/vitrerievitraco.be\\\/\",\"logo\":{\"@type\":\"ImageObject\",\"inLanguage\":\"nl-NL\",\"@id\":\"https:\\\/\\\/vitrerievitraco.be\\\/#\\\/schema\\\/logo\\\/image\\\/\",\"url\":\"https:\\\/\\\/vitrerievitraco.be\\\/wp-content\\\/uploads\\\/2024\\\/09\\\/vitraco-logo.png\",\"contentUrl\":\"https:\\\/\\\/vitrerievitraco.be\\\/wp-content\\\/uploads\\\/2024\\\/09\\\/vitraco-logo.png\",\"width\":2192,\"height\":2212,\"caption\":\"A. Vitraco\"},\"image\":{\"@id\":\"https:\\\/\\\/vitrerievitraco.be\\\/#\\\/schema\\\/logo\\\/image\\\/\"},\"sameAs\":[\"https:\\\/\\\/www.facebook.com\\\/avitraco\\\/\",\"https:\\\/\\\/www.instagram.com\\\/a.vitraco\\\/\",\"https:\\\/\\\/www.linkedin.com\\\/company\\\/a-vitraco\\\/\"]}]}<\/script>\n<!-- \/ Yoast SEO plugin. -->","yoast_head_json":{"title":"Chassisafstelling - Vitraco","description":"Heb je problemen met het afstellen van je raamkozijnen? Ontdek wanneer het tijd is om het raam aan te passen of te vervangen.","robots":{"index":"index","follow":"follow","max-snippet":"max-snippet:-1","max-image-preview":"max-image-preview:large","max-video-preview":"max-video-preview:-1"},"canonical":"https:\/\/vitrerievitraco.be\/nl\/glas-vervangen-en-repareren\/chassisafstelling\/","og_locale":"nl_NL","og_type":"article","og_title":"Chassisafstelling - Vitraco","og_description":"Heb je problemen met het afstellen van je raamkozijnen? Ontdek wanneer het tijd is om het raam aan te passen of te vervangen.","og_url":"https:\/\/vitrerievitraco.be\/nl\/glas-vervangen-en-repareren\/chassisafstelling\/","og_site_name":"Vitraco","article_publisher":"https:\/\/www.facebook.com\/avitraco\/","article_modified_time":"2024-12-18T11:36:25+00:00","og_image":[{"width":2000,"height":1335,"url":"https:\/\/vitrerievitraco.be\/wp-content\/uploads\/2024\/08\/couple-sitting-together-near-the-window-at-home.jpg","type":"image\/jpeg"}],"twitter_card":"summary_large_image","twitter_misc":{"Geschatte leestijd":"5 minuten"},"schema":{"@context":"https:\/\/schema.org","@graph":[{"@type":"WebPage","@id":"https:\/\/vitrerievitraco.be\/nl\/glas-vervangen-en-repareren\/chassisafstelling\/","url":"https:\/\/vitrerievitraco.be\/nl\/glas-vervangen-en-repareren\/chassisafstelling\/","name":"Chassisafstelling - Vitraco","isPartOf":{"@id":"https:\/\/vitrerievitraco.be\/#website"},"primaryImageOfPage":{"@id":"https:\/\/vitrerievitraco.be\/nl\/glas-vervangen-en-repareren\/chassisafstelling\/#primaryimage"},"image":{"@id":"https:\/\/vitrerievitraco.be\/nl\/glas-vervangen-en-repareren\/chassisafstelling\/#primaryimage"},"thumbnailUrl":"https:\/\/vitrerievitraco.be\/wp-content\/uploads\/2024\/08\/couple-sitting-together-near-the-window-at-home-1024x684.jpg","datePublished":"2024-12-18T11:36:24+00:00","dateModified":"2024-12-18T11:36:25+00:00","description":"Heb je problemen met het afstellen van je raamkozijnen? Ontdek wanneer het tijd is om het raam aan te passen of te vervangen.","breadcrumb":{"@id":"https:\/\/vitrerievitraco.be\/nl\/glas-vervangen-en-repareren\/chassisafstelling\/#breadcrumb"},"inLanguage":"nl-NL","potentialAction":[{"@type":"ReadAction","target":["https:\/\/vitrerievitraco.be\/nl\/glas-vervangen-en-repareren\/chassisafstelling\/"]}]},{"@type":"ImageObject","inLanguage":"nl-NL","@id":"https:\/\/vitrerievitraco.be\/nl\/glas-vervangen-en-repareren\/chassisafstelling\/#primaryimage","url":"https:\/\/vitrerievitraco.be\/wp-content\/uploads\/2024\/08\/couple-sitting-together-near-the-window-at-home-1024x684.jpg","contentUrl":"https:\/\/vitrerievitraco.be\/wp-content\/uploads\/2024\/08\/couple-sitting-together-near-the-window-at-home-1024x684.jpg"},{"@type":"BreadcrumbList","@id":"https:\/\/vitrerievitraco.be\/nl\/glas-vervangen-en-repareren\/chassisafstelling\/#breadcrumb","itemListElement":[{"@type":"ListItem","position":1,"name":"Home","item":"https:\/\/vitrerievitraco.be\/nl\/vitraco-beglazing-in-brussel\/"},{"@type":"ListItem","position":2,"name":"Glas vervangen en repareren","item":"https:\/\/vitrerievitraco.be\/nl\/glas-vervangen-en-repareren\/"},{"@type":"ListItem","position":3,"name":"Chassisafstelling"}]},{"@type":"WebSite","@id":"https:\/\/vitrerievitraco.be\/#website","url":"https:\/\/vitrerievitraco.be\/","name":"Vitraco","description":"Vitrerie \u00e0 Bruxelles","publisher":{"@id":"https:\/\/vitrerievitraco.be\/#organization"},"potentialAction":[{"@type":"SearchAction","target":{"@type":"EntryPoint","urlTemplate":"https:\/\/vitrerievitraco.be\/?s={search_term_string}"},"query-input":{"@type":"PropertyValueSpecification","valueRequired":true,"valueName":"search_term_string"}}],"inLanguage":"nl-NL"},{"@type":"Organization","@id":"https:\/\/vitrerievitraco.be\/#organization","name":"A. Vitraco","url":"https:\/\/vitrerievitraco.be\/","logo":{"@type":"ImageObject","inLanguage":"nl-NL","@id":"https:\/\/vitrerievitraco.be\/#\/schema\/logo\/image\/","url":"https:\/\/vitrerievitraco.be\/wp-content\/uploads\/2024\/09\/vitraco-logo.png","contentUrl":"https:\/\/vitrerievitraco.be\/wp-content\/uploads\/2024\/09\/vitraco-logo.png","width":2192,"height":2212,"caption":"A. Vitraco"},"image":{"@id":"https:\/\/vitrerievitraco.be\/#\/schema\/logo\/image\/"},"sameAs":["https:\/\/www.facebook.com\/avitraco\/","https:\/\/www.instagram.com\/a.vitraco\/","https:\/\/www.linkedin.com\/company\/a-vitraco\/"]}]}},"_links":{"self":[{"href":"https:\/\/vitrerievitraco.be\/nl\/wp-json\/wp\/v2\/pages\/70812","targetHints":{"allow":["GET"]}}],"collection":[{"href":"https:\/\/vitrerievitraco.be\/nl\/wp-json\/wp\/v2\/pages"}],"about":[{"href":"https:\/\/vitrerievitraco.be\/nl\/wp-json\/wp\/v2\/types\/page"}],"author":[{"embeddable":true,"href":"https:\/\/vitrerievitraco.be\/nl\/wp-json\/wp\/v2\/users\/6"}],"replies":[{"embeddable":true,"href":"https:\/\/vitrerievitraco.be\/nl\/wp-json\/wp\/v2\/comments?post=70812"}],"version-history":[{"count":1,"href":"https:\/\/vitrerievitraco.be\/nl\/wp-json\/wp\/v2\/pages\/70812\/revisions"}],"predecessor-version":[{"id":70813,"href":"https:\/\/vitrerievitraco.be\/nl\/wp-json\/wp\/v2\/pages\/70812\/revisions\/70813"}],"up":[{"embeddable":true,"href":"https:\/\/vitrerievitraco.be\/nl\/wp-json\/wp\/v2\/pages\/70735"}],"wp:attachment":[{"href":"https:\/\/vitrerievitraco.be\/nl\/wp-json\/wp\/v2\/media?parent=70812"}],"curies":[{"name":"wp","href":"https:\/\/api.w.org\/{rel}","templated":true}]}}