{"id":70823,"date":"2024-12-18T12:55:05","date_gmt":"2024-12-18T12:55:05","guid":{"rendered":"https:\/\/vitrerievitraco.be\/beglazing-op-maat\/glazen-scheidingswanden-voor-kantoren-de-gids-om-de-juiste-te-kiezen\/"},"modified":"2024-12-18T12:55:06","modified_gmt":"2024-12-18T12:55:06","slug":"glazen-scheidingswanden-voor-kantoren-de-gids-om-de-juiste-te-kiezen","status":"publish","type":"page","link":"https:\/\/vitrerievitraco.be\/nl\/beglazing-op-maat\/glazen-scheidingswanden-voor-kantoren-de-gids-om-de-juiste-te-kiezen\/","title":{"rendered":"Glazen scheidingswanden voor kantoren: de gids om de juiste te kiezen"},"content":{"rendered":"\t\t<div data-elementor-type=\"wp-page\" data-elementor-id=\"70823\" class=\"elementor elementor-70823 elementor-68720\" data-elementor-post-type=\"page\">\n\t\t\t\t<div class=\"elementor-element elementor-element-4c13e496 e-flex e-con-boxed e-con e-parent\" data-id=\"4c13e496\" data-element_type=\"container\" data-e-type=\"container\" data-settings=\"{&quot;background_background&quot;:&quot;gradient&quot;}\">\n\t\t\t\t\t<div class=\"e-con-inner\">\n\t\t<div class=\"elementor-element elementor-element-384fea36 e-con-full e-flex e-con e-child\" data-id=\"384fea36\" data-element_type=\"container\" data-e-type=\"container\">\n\t\t\t\t<div class=\"elementor-element elementor-element-7798e200 elementor-widget elementor-widget-heading\" data-id=\"7798e200\" data-element_type=\"widget\" data-e-type=\"widget\" data-widget_type=\"heading.default\">\n\t\t\t\t<div class=\"elementor-widget-container\">\n\t\t\t\t\t<p class=\"elementor-heading-title elementor-size-default\">Beglazing op maat<\/p>\t\t\t\t<\/div>\n\t\t\t\t<\/div>\n\t\t\t\t<div class=\"elementor-element elementor-element-15e8830c elementor-widget elementor-widget-heading\" data-id=\"15e8830c\" data-element_type=\"widget\" data-e-type=\"widget\" data-widget_type=\"heading.default\">\n\t\t\t\t<div class=\"elementor-widget-container\">\n\t\t\t\t\t<h1 class=\"elementor-heading-title elementor-size-default\">Glazen scheidingswanden voor kantoren: de juiste keuze maken bij Vitraco<\/h1>\t\t\t\t<\/div>\n\t\t\t\t<\/div>\n\t\t\t\t<div class=\"elementor-element elementor-element-14fce86f elementor-mobile-align-start elementor-icon-list--layout-traditional elementor-list-item-link-full_width elementor-widget elementor-widget-icon-list\" data-id=\"14fce86f\" data-element_type=\"widget\" data-e-type=\"widget\" data-widget_type=\"icon-list.default\">\n\t\t\t\t<div class=\"elementor-widget-container\">\n\t\t\t\t\t\t\t<ul class=\"elementor-icon-list-items\">\n\t\t\t\t\t\t\t<li class=\"elementor-icon-list-item\">\n\t\t\t\t\t\t\t\t\t\t\t<span class=\"elementor-icon-list-icon\">\n\t\t\t\t\t\t\t<svg aria-hidden=\"true\" class=\"e-font-icon-svg e-fas-check\" viewBox=\"0 0 512 512\" xmlns=\"http:\/\/www.w3.org\/2000\/svg\"><path d=\"M173.898 439.404l-166.4-166.4c-9.997-9.997-9.997-26.206 0-36.204l36.203-36.204c9.997-9.998 26.207-9.998 36.204 0L192 312.69 432.095 72.596c9.997-9.997 26.207-9.997 36.204 0l36.203 36.204c9.997 9.997 9.997 26.206 0 36.204l-294.4 294.401c-9.998 9.997-26.207 9.997-36.204-.001z\"><\/path><\/svg>\t\t\t\t\t\t<\/span>\n\t\t\t\t\t\t\t\t\t\t<span class=\"elementor-icon-list-text\">Functionele en esthetische scheiding<\/span>\n\t\t\t\t\t\t\t\t\t<\/li>\n\t\t\t\t\t\t\t\t<li class=\"elementor-icon-list-item\">\n\t\t\t\t\t\t\t\t\t\t\t<span class=\"elementor-icon-list-icon\">\n\t\t\t\t\t\t\t<svg aria-hidden=\"true\" class=\"e-font-icon-svg e-fas-check\" viewBox=\"0 0 512 512\" xmlns=\"http:\/\/www.w3.org\/2000\/svg\"><path d=\"M173.898 439.404l-166.4-166.4c-9.997-9.997-9.997-26.206 0-36.204l36.203-36.204c9.997-9.998 26.207-9.998 36.204 0L192 312.69 432.095 72.596c9.997-9.997 26.207-9.997 36.204 0l36.203 36.204c9.997 9.997 9.997 26.206 0 36.204l-294.4 294.401c-9.998 9.997-26.207 9.997-36.204-.001z\"><\/path><\/svg>\t\t\t\t\t\t<\/span>\n\t\t\t\t\t\t\t\t\t\t<span class=\"elementor-icon-list-text\">Flexibiliteit en ontwerp op maat<\/span>\n\t\t\t\t\t\t\t\t\t<\/li>\n\t\t\t\t\t\t\t\t<li class=\"elementor-icon-list-item\">\n\t\t\t\t\t\t\t\t\t\t\t<span class=\"elementor-icon-list-icon\">\n\t\t\t\t\t\t\t<svg aria-hidden=\"true\" class=\"e-font-icon-svg e-fas-check\" viewBox=\"0 0 512 512\" xmlns=\"http:\/\/www.w3.org\/2000\/svg\"><path d=\"M173.898 439.404l-166.4-166.4c-9.997-9.997-9.997-26.206 0-36.204l36.203-36.204c9.997-9.998 26.207-9.998 36.204 0L192 312.69 432.095 72.596c9.997-9.997 26.207-9.997 36.204 0l36.203 36.204c9.997 9.997 9.997 26.206 0 36.204l-294.4 294.401c-9.998 9.997-26.207 9.997-36.204-.001z\"><\/path><\/svg>\t\t\t\t\t\t<\/span>\n\t\t\t\t\t\t\t\t\t\t<span class=\"elementor-icon-list-text\">Open ruimte en een productieve sfeer<\/span>\n\t\t\t\t\t\t\t\t\t<\/li>\n\t\t\t\t\t\t<\/ul>\n\t\t\t\t\t\t<\/div>\n\t\t\t\t<\/div>\n\t\t\t\t<div class=\"elementor-element elementor-element-8bae780 elementor-widget__width-auto elementor-mobile-align-left elementor-widget elementor-widget-button\" data-id=\"8bae780\" data-element_type=\"widget\" data-e-type=\"widget\" data-widget_type=\"button.default\">\n\t\t\t\t<div class=\"elementor-widget-container\">\n\t\t\t\t\t\t\t\t\t<div class=\"elementor-button-wrapper\">\n\t\t\t\t\t<a class=\"elementor-button elementor-button-link elementor-size-md elementor-animation-grow\" href=\"https:\/\/vitrerievitraco.be\/nl\/contact\/\">\n\t\t\t\t\t\t<span class=\"elementor-button-content-wrapper\">\n\t\t\t\t\t\t<span class=\"elementor-button-icon\">\n\t\t\t\t<svg aria-hidden=\"true\" class=\"e-font-icon-svg e-fas-arrow-right\" viewBox=\"0 0 448 512\" xmlns=\"http:\/\/www.w3.org\/2000\/svg\"><path d=\"M190.5 66.9l22.2-22.2c9.4-9.4 24.6-9.4 33.9 0L441 239c9.4 9.4 9.4 24.6 0 33.9L246.6 467.3c-9.4 9.4-24.6 9.4-33.9 0l-22.2-22.2c-9.5-9.5-9.3-25 .4-34.3L311.4 296H24c-13.3 0-24-10.7-24-24v-32c0-13.3 10.7-24 24-24h287.4L190.9 101.2c-9.8-9.3-10-24.8-.4-34.3z\"><\/path><\/svg>\t\t\t<\/span>\n\t\t\t\t\t\t\t\t\t<span class=\"elementor-button-text\">Verzoek om informatie<\/span>\n\t\t\t\t\t<\/span>\n\t\t\t\t\t<\/a>\n\t\t\t\t<\/div>\n\t\t\t\t\t\t\t\t<\/div>\n\t\t\t\t<\/div>\n\t\t\t\t<\/div>\n\t\t<div class=\"elementor-element elementor-element-66ec7ed2 e-con-full e-flex e-con e-child\" data-id=\"66ec7ed2\" data-element_type=\"container\" data-e-type=\"container\">\n\t\t\t\t<div class=\"elementor-element elementor-element-27787739 elementor-widget elementor-widget-image\" data-id=\"27787739\" data-element_type=\"widget\" data-e-type=\"widget\" data-widget_type=\"image.default\">\n\t\t\t\t<div class=\"elementor-widget-container\">\n\t\t\t\t\t\t\t\t\t\t\t\t\t\t\t<img fetchpriority=\"high\" decoding=\"async\" width=\"800\" height=\"533\" src=\"https:\/\/vitrerievitraco.be\/wp-content\/uploads\/2024\/08\/african-american-man-using-colorful-sticky-notes-on-the-glass-wall-in-the-office-1024x682.jpg\" class=\"attachment-large size-large wp-image-68808\" alt=\"Optez pour une cloison vitr\u00e9e adapt\u00e9e \u00e0 votre bureau. D\u00e9couvrez nos conseils pour faire le bon choix chez Vitraco.\" srcset=\"https:\/\/vitrerievitraco.be\/wp-content\/uploads\/2024\/08\/african-american-man-using-colorful-sticky-notes-on-the-glass-wall-in-the-office-1024x682.jpg 1024w, https:\/\/vitrerievitraco.be\/wp-content\/uploads\/2024\/08\/african-american-man-using-colorful-sticky-notes-on-the-glass-wall-in-the-office-300x200.jpg 300w, https:\/\/vitrerievitraco.be\/wp-content\/uploads\/2024\/08\/african-american-man-using-colorful-sticky-notes-on-the-glass-wall-in-the-office-768x512.jpg 768w, https:\/\/vitrerievitraco.be\/wp-content\/uploads\/2024\/08\/african-american-man-using-colorful-sticky-notes-on-the-glass-wall-in-the-office-1536x1024.jpg 1536w, https:\/\/vitrerievitraco.be\/wp-content\/uploads\/2024\/08\/african-american-man-using-colorful-sticky-notes-on-the-glass-wall-in-the-office.jpg 2000w\" sizes=\"(max-width: 800px) 100vw, 800px\" \/>\t\t\t\t\t\t\t\t\t\t\t\t\t\t\t<\/div>\n\t\t\t\t<\/div>\n\t\t\t\t<\/div>\n\t\t\t\t\t<\/div>\n\t\t\t\t<\/div>\n\t\t<div class=\"elementor-element elementor-element-4a41d6a5 e-con-full e-flex e-con e-parent\" data-id=\"4a41d6a5\" data-element_type=\"container\" data-e-type=\"container\" data-settings=\"{&quot;background_background&quot;:&quot;classic&quot;}\">\n\t\t<div class=\"elementor-element elementor-element-b565603 e-flex e-con-boxed e-con e-child\" data-id=\"b565603\" data-element_type=\"container\" data-e-type=\"container\" data-settings=\"{&quot;background_background&quot;:&quot;gradient&quot;}\">\n\t\t\t\t\t<div class=\"e-con-inner\">\n\t\t<div class=\"elementor-element elementor-element-d394b31 e-con-full e-flex e-con e-child\" data-id=\"d394b31\" data-element_type=\"container\" data-e-type=\"container\" data-settings=\"{&quot;background_background&quot;:&quot;classic&quot;}\">\n\t\t\t\t<div class=\"elementor-element elementor-element-b453d58 elementor-view-default elementor-widget elementor-widget-icon\" data-id=\"b453d58\" data-element_type=\"widget\" data-e-type=\"widget\" data-widget_type=\"icon.default\">\n\t\t\t\t<div class=\"elementor-widget-container\">\n\t\t\t\t\t\t\t<div class=\"elementor-icon-wrapper\">\n\t\t\t<div class=\"elementor-icon\">\n\t\t\t<i aria-hidden=\"true\" class=\"icon icon-light-bulb\"><\/i>\t\t\t<\/div>\n\t\t<\/div>\n\t\t\t\t\t\t<\/div>\n\t\t\t\t<\/div>\n\t\t\t\t<div class=\"elementor-element elementor-element-2431af8e elementor-widget elementor-widget-text-editor\" data-id=\"2431af8e\" data-element_type=\"widget\" data-e-type=\"widget\" data-widget_type=\"text-editor.default\">\n\t\t\t\t<div class=\"elementor-widget-container\">\n\t\t\t\t\t\t\t\t\t<p>Stel je voor dat je kantoor vol zit met een ondoorzichtige glazen afscheiding die natuurlijk licht tegenhoudt, waardoor de ruimte benauwd en minder productief wordt. Laat een slecht ontworpen indeling de effici\u00ebntie van je team niet in gevaar brengen. Bel ons vandaag nog voor een advies op maat.<\/p>\n\t\t\t\t\t\t\t\t<\/div>\n\t\t\t\t<\/div>\n\t\t\t\t<\/div>\n\t\t\t\t\t<\/div>\n\t\t\t\t<\/div>\n\t\t\t\t<\/div>\n\t\t<div class=\"elementor-element elementor-element-5095f6ad e-flex e-con-boxed e-con e-parent\" data-id=\"5095f6ad\" data-element_type=\"container\" data-e-type=\"container\">\n\t\t\t\t\t<div class=\"e-con-inner\">\n\t\t<div class=\"elementor-element elementor-element-55de8bab e-con-full e-flex e-con e-child\" data-id=\"55de8bab\" data-element_type=\"container\" data-e-type=\"container\">\n\t\t\t\t<div class=\"elementor-element elementor-element-7b701c02 elementor-widget elementor-widget-heading\" data-id=\"7b701c02\" data-element_type=\"widget\" data-e-type=\"widget\" data-widget_type=\"heading.default\">\n\t\t\t\t<div class=\"elementor-widget-container\">\n\t\t\t\t\t<h2 class=\"elementor-heading-title elementor-size-default\">Waarom kiezen voor een glazen wand voor je kantoor?<\/h2>\t\t\t\t<\/div>\n\t\t\t\t<\/div>\n\t\t\t\t<div class=\"elementor-element elementor-element-5e0e535 elementor-widget elementor-widget-text-editor\" data-id=\"5e0e535\" data-element_type=\"widget\" data-e-type=\"widget\" data-widget_type=\"text-editor.default\">\n\t\t\t\t<div class=\"elementor-widget-container\">\n\t\t\t\t\t\t\t\t\t<p>Glazen scheidingswanden zijn een essentieel onderdeel geworden van het moderne kantoorontwerp. Of het nu gaat om het afbakenen van ruimtes of het cre\u00ebren van een meer open samenwerkingssfeer, glazen scheidingswanden zijn de ideale oplossing.<\/p>\n<p>Ze kunnen worden gebruikt om ruimtes af te bakenen en tegelijkertijd natuurlijk licht binnen te laten, wat bijdraagt aan een aangenamere en stimulerende werkomgeving. Ze bevorderen ook de transparantie en communicatie binnen het bedrijf, terwijl ze voldoende akoestische isolatie bieden om de privacy van vergaderingen of individuele kantoren te behouden. Tot slot voegt hun moderne, strakke ontwerp een onmiskenbaar esthetisch tintje toe.<\/p>\n<p>Dit artikel verkent de verschillende mogelijkheden van Vitraco, specialist in beglazing op maat in Belgi\u00eb, en begeleidt u bij het maken van de beste keuze voor uw kantoor.<\/p>\n\t\t\t\t\t\t\t\t<\/div>\n\t\t\t\t<\/div>\n\t\t\t\t<div class=\"elementor-element elementor-element-476a52f5 elementor-widget elementor-widget-heading\" data-id=\"476a52f5\" data-element_type=\"widget\" data-e-type=\"widget\" data-widget_type=\"heading.default\">\n\t\t\t\t<div class=\"elementor-widget-container\">\n\t\t\t\t\t<h3 class=\"elementor-heading-title elementor-size-default\">Verbetering van natuurlijk licht met de glazen wand<\/h3>\t\t\t\t<\/div>\n\t\t\t\t<\/div>\n\t\t\t\t<div class=\"elementor-element elementor-element-7775760a elementor-widget elementor-widget-text-editor\" data-id=\"7775760a\" data-element_type=\"widget\" data-e-type=\"widget\" data-widget_type=\"text-editor.default\">\n\t\t\t\t<div class=\"elementor-widget-container\">\n\t\t\t\t\t\t\t\t\t<p>Een van de belangrijkste redenen om voor een glazen wand te kiezen is de mogelijkheid om natuurlijk licht te maximaliseren. Dit verlaagt de verlichtingskosten en cre\u00ebert tegelijkertijd een aangenamere en productievere werkomgeving. Verbeterde lichtniveaus helpen ook om het moreel van werknemers te verbeteren en vermoeide ogen te verminderen.<\/p>\n\t\t\t\t\t\t\t\t<\/div>\n\t\t\t\t<\/div>\n\t\t\t\t<div class=\"elementor-element elementor-element-30edd7d3 elementor-widget elementor-widget-heading\" data-id=\"30edd7d3\" data-element_type=\"widget\" data-e-type=\"widget\" data-widget_type=\"heading.default\">\n\t\t\t\t<div class=\"elementor-widget-container\">\n\t\t\t\t\t<h3 class=\"elementor-heading-title elementor-size-default\">Akoestische en visuele isolatie van de glazen wand<\/h3>\t\t\t\t<\/div>\n\t\t\t\t<\/div>\n\t\t\t\t<div class=\"elementor-element elementor-element-7c0021fa elementor-widget elementor-widget-text-editor\" data-id=\"7c0021fa\" data-element_type=\"widget\" data-e-type=\"widget\" data-widget_type=\"text-editor.default\">\n\t\t\t\t<div class=\"elementor-widget-container\">\n\t\t\t\t\t\t\t\t\t<p>In tegenstelling tot wat je misschien zou denken, kan een glazen wand ook een goede akoestische isolatie bieden. Dit betekent dat je stille, private werkruimtes kunt cre\u00ebren zonder in te boeten aan esthetiek. Bovendien kunnen glazen scheidingswanden worden voorzien van matte folies of op maat gemaakte ontwerpen om de visuele privacy te vergroten terwijl de transparantie behouden blijft.<\/p>\n\t\t\t\t\t\t\t\t<\/div>\n\t\t\t\t<\/div>\n\t\t\t\t<div class=\"elementor-element elementor-element-b754d56 elementor-widget elementor-widget-heading\" data-id=\"b754d56\" data-element_type=\"widget\" data-e-type=\"widget\" data-widget_type=\"heading.default\">\n\t\t\t\t<div class=\"elementor-widget-container\">\n\t\t\t\t\t<h3 class=\"elementor-heading-title elementor-size-default\">Moderne, elegante glazen scheidingswanden<\/h3>\t\t\t\t<\/div>\n\t\t\t\t<\/div>\n\t\t\t\t<div class=\"elementor-element elementor-element-efb1076 elementor-widget elementor-widget-text-editor\" data-id=\"efb1076\" data-element_type=\"widget\" data-e-type=\"widget\" data-widget_type=\"text-editor.default\">\n\t\t\t\t<div class=\"elementor-widget-container\">\n\t\t\t\t\t\t\t\t\t<p>Glazen scheidingswanden voegen een vleugje moderniteit en elegantie toe aan elke werkruimte. Ze bieden een strakke, professionele uitstraling die vaak gewild is in moderne kantoren. Bovendien betekenen de vele aanpassingsmogelijkheden, zoals getinte, ondoorzichtige of gedecoreerde beglazing, dat scheidingswanden kunnen worden aangepast aan de stijl en identiteit van een bedrijf.<\/p>\n\t\t\t\t\t\t\t\t<\/div>\n\t\t\t\t<\/div>\n\t\t\t\t<\/div>\n\t\t<div class=\"elementor-element elementor-element-636b6247 e-con-full e-flex e-con e-child\" data-id=\"636b6247\" data-element_type=\"container\" data-e-type=\"container\" data-settings=\"{&quot;sticky&quot;:&quot;top&quot;,&quot;sticky_parent&quot;:&quot;yes&quot;,&quot;sticky_on&quot;:[&quot;desktop&quot;,&quot;tablet&quot;,&quot;mobile&quot;],&quot;sticky_offset&quot;:0,&quot;sticky_effects_offset&quot;:0,&quot;sticky_anchor_link_offset&quot;:0}\">\n\t\t<div class=\"elementor-element elementor-element-6b849c1e animated-slow e-con-full e-flex elementor-invisible e-con e-child\" data-id=\"6b849c1e\" data-element_type=\"container\" data-e-type=\"container\" data-settings=\"{&quot;background_background&quot;:&quot;classic&quot;,&quot;animation&quot;:&quot;fadeInUp&quot;,&quot;animation_delay&quot;:60}\">\n\t\t\t\t<div class=\"elementor-element elementor-element-2f9d6d89 elementor-view-default elementor-widget elementor-widget-icon\" data-id=\"2f9d6d89\" data-element_type=\"widget\" data-e-type=\"widget\" data-widget_type=\"icon.default\">\n\t\t\t\t<div class=\"elementor-widget-container\">\n\t\t\t\t\t\t\t<div class=\"elementor-icon-wrapper\">\n\t\t\t<div class=\"elementor-icon\">\n\t\t\t<i aria-hidden=\"true\" class=\"icon icon-handshake\"><\/i>\t\t\t<\/div>\n\t\t<\/div>\n\t\t\t\t\t\t<\/div>\n\t\t\t\t<\/div>\n\t\t\t\t<div class=\"elementor-element elementor-element-52f9ca6 elementor-widget__width-auto elementor-widget elementor-widget-heading\" data-id=\"52f9ca6\" data-element_type=\"widget\" data-e-type=\"widget\" data-widget_type=\"heading.default\">\n\t\t\t\t<div class=\"elementor-widget-container\">\n\t\t\t\t\t<h6 class=\"elementor-heading-title elementor-size-default\">Meer dan 30 jaar ervaring tot uw dienst<\/h6>\t\t\t\t<\/div>\n\t\t\t\t<\/div>\n\t\t\t\t<\/div>\n\t\t<div class=\"elementor-element elementor-element-4225de10 animated-slow e-con-full e-flex elementor-invisible e-con e-child\" data-id=\"4225de10\" data-element_type=\"container\" data-e-type=\"container\" data-settings=\"{&quot;background_background&quot;:&quot;classic&quot;,&quot;animation&quot;:&quot;fadeInUp&quot;,&quot;animation_delay&quot;:60}\">\n\t\t\t\t<div class=\"elementor-element elementor-element-4f867332 elementor-view-default elementor-widget elementor-widget-icon\" data-id=\"4f867332\" data-element_type=\"widget\" data-e-type=\"widget\" data-widget_type=\"icon.default\">\n\t\t\t\t<div class=\"elementor-widget-container\">\n\t\t\t\t\t\t\t<div class=\"elementor-icon-wrapper\">\n\t\t\t<div class=\"elementor-icon\">\n\t\t\t<i aria-hidden=\"true\" class=\"icon icon-Rating\"><\/i>\t\t\t<\/div>\n\t\t<\/div>\n\t\t\t\t\t\t<\/div>\n\t\t\t\t<\/div>\n\t\t\t\t<div class=\"elementor-element elementor-element-2a1f79dd elementor-widget__width-auto elementor-widget elementor-widget-heading\" data-id=\"2a1f79dd\" data-element_type=\"widget\" data-e-type=\"widget\" data-widget_type=\"heading.default\">\n\t\t\t\t<div class=\"elementor-widget-container\">\n\t\t\t\t\t<h6 class=\"elementor-heading-title elementor-size-default\">Tevreden klanten in heel Belgi\u00eb<\/h6>\t\t\t\t<\/div>\n\t\t\t\t<\/div>\n\t\t\t\t<\/div>\n\t\t<div class=\"elementor-element elementor-element-38586d29 animated-slow e-con-full e-flex elementor-invisible e-con e-child\" data-id=\"38586d29\" data-element_type=\"container\" data-e-type=\"container\" data-settings=\"{&quot;background_background&quot;:&quot;classic&quot;,&quot;animation&quot;:&quot;fadeInUp&quot;,&quot;animation_delay&quot;:60}\">\n\t\t\t\t<div class=\"elementor-element elementor-element-11271848 elementor-view-default elementor-widget elementor-widget-icon\" data-id=\"11271848\" data-element_type=\"widget\" data-e-type=\"widget\" data-widget_type=\"icon.default\">\n\t\t\t\t<div class=\"elementor-widget-container\">\n\t\t\t\t\t\t\t<div class=\"elementor-icon-wrapper\">\n\t\t\t<div class=\"elementor-icon\">\n\t\t\t<i aria-hidden=\"true\" class=\"icon icon-Money\"><\/i>\t\t\t<\/div>\n\t\t<\/div>\n\t\t\t\t\t\t<\/div>\n\t\t\t\t<\/div>\n\t\t\t\t<div class=\"elementor-element elementor-element-131214bd elementor-widget__width-auto elementor-widget elementor-widget-heading\" data-id=\"131214bd\" data-element_type=\"widget\" data-e-type=\"widget\" data-widget_type=\"heading.default\">\n\t\t\t\t<div class=\"elementor-widget-container\">\n\t\t\t\t\t<h6 class=\"elementor-heading-title elementor-size-default\">Gratis offertes binnen 48 uur<\/h6>\t\t\t\t<\/div>\n\t\t\t\t<\/div>\n\t\t\t\t<\/div>\n\t\t\t\t<div class=\"elementor-element elementor-element-c66bf71 animated-slow elementor-cta--skin-classic elementor-animated-content elementor-bg-transform elementor-bg-transform-zoom-in elementor-invisible elementor-widget elementor-widget-call-to-action\" data-id=\"c66bf71\" data-element_type=\"widget\" data-e-type=\"widget\" data-settings=\"{&quot;_animation&quot;:&quot;fadeInUp&quot;,&quot;_animation_delay&quot;:60}\" data-widget_type=\"call-to-action.default\">\n\t\t\t\t<div class=\"elementor-widget-container\">\n\t\t\t\t\t\t\t<a class=\"elementor-cta\" href=\"https:\/\/vitrerievitraco.be\/contact\/\">\n\t\t\t\t\t<div class=\"elementor-cta__bg-wrapper\">\n\t\t\t\t<div class=\"elementor-cta__bg elementor-bg\" style=\"background-image: url(https:\/\/vitrerievitraco.be\/wp-content\/uploads\/2015\/12\/Pose-et-re\u0301paration-de-vitre.jpg);\" role=\"img\" aria-label=\"Pose-et-re\u0301paration-de-vitre\"><\/div>\n\t\t\t\t<div class=\"elementor-cta__bg-overlay\"><\/div>\n\t\t\t<\/div>\n\t\t\t\t\t\t\t<div class=\"elementor-cta__content\">\n\t\t\t\t\n\t\t\t\t\t\t\t\t\t<h6 class=\"elementor-cta__title elementor-cta__content-item elementor-content-item\">\n\t\t\t\t\t\tEen dringende interventie?\t\t\t\t\t<\/h6>\n\t\t\t\t\n\t\t\t\t\t\t\t\t\t<div class=\"elementor-cta__description elementor-cta__content-item elementor-content-item\">\n\t\t\t\t\t\t<p>Is je raam kapot? Moet er een ruit gerepareerd worden in Brussel?<\/p>\n\t\t\t\t\t<\/div>\n\t\t\t\t\n\t\t\t\t\t\t\t\t\t<div class=\"elementor-cta__button-wrapper elementor-cta__content-item elementor-content-item \">\n\t\t\t\t\t<span class=\"elementor-cta__button elementor-button elementor-size-\">\n\t\t\t\t\t\tContacteer ons\t\t\t\t\t<\/span>\n\t\t\t\t\t<\/div>\n\t\t\t\t\t\t\t<\/div>\n\t\t\t\t\t\t<\/a>\n\t\t\t\t\t\t<\/div>\n\t\t\t\t<\/div>\n\t\t\t\t<\/div>\n\t\t\t\t\t<\/div>\n\t\t\t\t<\/div>\n\t\t<div class=\"elementor-element elementor-element-200d9fd9 e-flex e-con-boxed e-con e-parent\" data-id=\"200d9fd9\" data-element_type=\"container\" data-e-type=\"container\">\n\t\t\t\t\t<div class=\"e-con-inner\">\n\t\t<div class=\"elementor-element elementor-element-72eca2e5 e-con-full e-flex e-con e-child\" data-id=\"72eca2e5\" data-element_type=\"container\" data-e-type=\"container\">\n\t\t\t\t<div class=\"elementor-element elementor-element-306ebddc elementor-widget elementor-widget-heading\" data-id=\"306ebddc\" data-element_type=\"widget\" data-e-type=\"widget\" data-widget_type=\"heading.default\">\n\t\t\t\t<div class=\"elementor-widget-container\">\n\t\t\t\t\t<h2 class=\"elementor-heading-title elementor-size-default\">Glazen scheidingswanden verkrijgbaar bij Vitraco<\/h2>\t\t\t\t<\/div>\n\t\t\t\t<\/div>\n\t\t\t\t<div class=\"elementor-element elementor-element-44237a21 elementor-widget elementor-widget-text-editor\" data-id=\"44237a21\" data-element_type=\"widget\" data-e-type=\"widget\" data-widget_type=\"text-editor.default\">\n\t\t\t\t<div class=\"elementor-widget-container\">\n\t\t\t\t\t\t\t\t\t<p>Bij Vitraco bieden we een ruim assortiment glazen scheidingswanden om aan al uw behoeften te voldoen. Of je nu op zoek bent naar een vaste glazen wand of een verwijderbare wand, wij hebben wat je nodig hebt.<\/p>\n\t\t\t\t\t\t\t\t<\/div>\n\t\t\t\t<\/div>\n\t\t\t\t<div class=\"elementor-element elementor-element-754433cd elementor-widget elementor-widget-heading\" data-id=\"754433cd\" data-element_type=\"widget\" data-e-type=\"widget\" data-widget_type=\"heading.default\">\n\t\t\t\t<div class=\"elementor-widget-container\">\n\t\t\t\t\t<h3 class=\"elementor-heading-title elementor-size-default\">Verwijderbare en vaste glazen scheidingswanden - wat is het verschil?<\/h3>\t\t\t\t<\/div>\n\t\t\t\t<\/div>\n\t\t\t\t<div class=\"elementor-element elementor-element-1094fd15 elementor-widget elementor-widget-text-editor\" data-id=\"1094fd15\" data-element_type=\"widget\" data-e-type=\"widget\" data-widget_type=\"text-editor.default\">\n\t\t\t\t<div class=\"elementor-widget-container\">\n\t\t\t\t\t\t\t\t\t<p><strong>Vaste glazen wand<\/strong><\/p>\n<p>Vaste glazen scheidingswanden zijn ideaal voor ruimtes waar een permanente scheiding nodig is. Ze zijn robuust en kunnen worden ge\u00efnstalleerd met verschillende glassoorten, waaronder gehard glas voor extra veiligheid. Ze zijn eenvoudig te installeren en perfect voor kantoren waar een duidelijke scheiding tussen ruimtes nodig is, met behoud van een vrij uitzicht.<\/p>\n<p><strong>Uitneembare scheidingswand<\/strong><\/p>\n<p>Uitneembare scheidingswanden bieden onge\u00ebvenaarde flexibiliteit. Hiermee kunt u uw kantoorruimte aanpassen aan de veranderende behoeften van uw bedrijf. Deze scheidingswanden zijn eenvoudig te installeren en te verwijderen en zijn perfect voor groeiende bedrijven of gedeelde werkplekken. Ze bieden een hoge mate van modulariteit met behoud van een moderne, strakke uitstraling.<\/p>\n\t\t\t\t\t\t\t\t<\/div>\n\t\t\t\t<\/div>\n\t\t\t\t<\/div>\n\t\t<div class=\"elementor-element elementor-element-261ee6e2 e-con-full e-flex e-con e-child\" data-id=\"261ee6e2\" data-element_type=\"container\" data-e-type=\"container\">\n\t\t\t\t<div class=\"elementor-element elementor-element-7302bd59 elementor-widget elementor-widget-image\" data-id=\"7302bd59\" data-element_type=\"widget\" data-e-type=\"widget\" data-widget_type=\"image.default\">\n\t\t\t\t<div class=\"elementor-widget-container\">\n\t\t\t\t\t\t\t\t\t\t\t\t\t\t\t<img decoding=\"async\" width=\"1024\" height=\"1536\" src=\"https:\/\/vitrerievitraco.be\/wp-content\/uploads\/2024\/08\/professional-workers-discussing-issues-inside-a-glass-office-1024x1536.jpg\" class=\"attachment-1536x1536 size-1536x1536 wp-image-69036\" alt=\"Optez pour une cloison vitr\u00e9e adapt\u00e9e \u00e0 votre bureau. D\u00e9couvrez nos conseils pour faire le bon choix chez Vitraco.\" srcset=\"https:\/\/vitrerievitraco.be\/wp-content\/uploads\/2024\/08\/professional-workers-discussing-issues-inside-a-glass-office-1024x1536.jpg 1024w, https:\/\/vitrerievitraco.be\/wp-content\/uploads\/2024\/08\/professional-workers-discussing-issues-inside-a-glass-office-200x300.jpg 200w, https:\/\/vitrerievitraco.be\/wp-content\/uploads\/2024\/08\/professional-workers-discussing-issues-inside-a-glass-office-682x1024.jpg 682w, https:\/\/vitrerievitraco.be\/wp-content\/uploads\/2024\/08\/professional-workers-discussing-issues-inside-a-glass-office-768x1152.jpg 768w, https:\/\/vitrerievitraco.be\/wp-content\/uploads\/2024\/08\/professional-workers-discussing-issues-inside-a-glass-office.jpg 1333w\" sizes=\"(max-width: 1024px) 100vw, 1024px\" \/>\t\t\t\t\t\t\t\t\t\t\t\t\t\t\t<\/div>\n\t\t\t\t<\/div>\n\t\t\t\t<\/div>\n\t\t\t\t\t<\/div>\n\t\t\t\t<\/div>\n\t\t<div class=\"elementor-element elementor-element-52ea4a5f e-flex e-con-boxed e-con e-parent\" data-id=\"52ea4a5f\" data-element_type=\"container\" data-e-type=\"container\">\n\t\t\t\t\t<div class=\"e-con-inner\">\n\t\t<div class=\"elementor-element elementor-element-10898b9f e-con-full e-flex e-con e-child\" data-id=\"10898b9f\" data-element_type=\"container\" data-e-type=\"container\">\n\t\t\t\t<div class=\"elementor-element elementor-element-182342d2 elementor-widget elementor-widget-image\" data-id=\"182342d2\" data-element_type=\"widget\" data-e-type=\"widget\" data-widget_type=\"image.default\">\n\t\t\t\t<div class=\"elementor-widget-container\">\n\t\t\t\t\t\t\t\t\t\t\t\t\t\t\t<img decoding=\"async\" width=\"684\" height=\"1024\" src=\"https:\/\/vitrerievitraco.be\/wp-content\/uploads\/2024\/08\/clean-windows-really-make-an-office-shot-of-a-young-man-cleaning-the-windows-in-the-office--684x1024.jpg\" class=\"attachment-large size-large wp-image-69041\" alt=\"Optez pour une cloison vitr\u00e9e adapt\u00e9e \u00e0 votre bureau. D\u00e9couvrez nos conseils pour faire le bon choix chez Vitraco.\" srcset=\"https:\/\/vitrerievitraco.be\/wp-content\/uploads\/2024\/08\/clean-windows-really-make-an-office-shot-of-a-young-man-cleaning-the-windows-in-the-office--684x1024.jpg 684w, https:\/\/vitrerievitraco.be\/wp-content\/uploads\/2024\/08\/clean-windows-really-make-an-office-shot-of-a-young-man-cleaning-the-windows-in-the-office--200x300.jpg 200w, https:\/\/vitrerievitraco.be\/wp-content\/uploads\/2024\/08\/clean-windows-really-make-an-office-shot-of-a-young-man-cleaning-the-windows-in-the-office--768x1151.jpg 768w, https:\/\/vitrerievitraco.be\/wp-content\/uploads\/2024\/08\/clean-windows-really-make-an-office-shot-of-a-young-man-cleaning-the-windows-in-the-office--1025x1536.jpg 1025w, https:\/\/vitrerievitraco.be\/wp-content\/uploads\/2024\/08\/clean-windows-really-make-an-office-shot-of-a-young-man-cleaning-the-windows-in-the-office-.jpg 1335w\" sizes=\"(max-width: 684px) 100vw, 684px\" \/>\t\t\t\t\t\t\t\t\t\t\t\t\t\t\t<\/div>\n\t\t\t\t<\/div>\n\t\t\t\t<\/div>\n\t\t<div class=\"elementor-element elementor-element-2915442a e-con-full e-flex e-con e-child\" data-id=\"2915442a\" data-element_type=\"container\" data-e-type=\"container\">\n\t\t\t\t<div class=\"elementor-element elementor-element-40c5728c elementor-widget elementor-widget-heading\" data-id=\"40c5728c\" data-element_type=\"widget\" data-e-type=\"widget\" data-widget_type=\"heading.default\">\n\t\t\t\t<div class=\"elementor-widget-container\">\n\t\t\t\t\t<h2 class=\"elementor-heading-title elementor-size-default\">Fouten die u moet vermijden bij het plaatsen van uw glazen wand<\/h2>\t\t\t\t<\/div>\n\t\t\t\t<\/div>\n\t\t\t\t<div class=\"elementor-element elementor-element-601da235 elementor-widget elementor-widget-text-editor\" data-id=\"601da235\" data-element_type=\"widget\" data-e-type=\"widget\" data-widget_type=\"text-editor.default\">\n\t\t\t\t<div class=\"elementor-widget-container\">\n\t\t\t\t\t\t\t\t\t<p>Bij de keuze van glazen scheidingswanden moet rekening worden gehouden met een aantal criteria, waaronder de grootte van de ruimte, de eisen voor geluidsisolatie en de algemene stijl van het kantoor. Een verkeerde installatie kan de effectiviteit en esthetiek van uw glazen scheidingswanden in gevaar brengen.<\/p>\n<p>Een van de meest voorkomende fouten bij het plaatsen van glazen scheidingswanden is dat er geen rekening wordt gehouden met de uitlijning en nivellering van de panelen. Onjuiste installatie kan leiden tot problemen met het sluiten van deuren, luchtlekken en onvoldoende geluidsisolatie. Het is daarom essentieel om professionals in te schakelen voor een correcte en duurzame installatie.<\/p>\n\t\t\t\t\t\t\t\t<\/div>\n\t\t\t\t<\/div>\n\t\t\t\t<div class=\"elementor-element elementor-element-7dcc6d0d elementor-widget elementor-widget-heading\" data-id=\"7dcc6d0d\" data-element_type=\"widget\" data-e-type=\"widget\" data-widget_type=\"heading.default\">\n\t\t\t\t<div class=\"elementor-widget-container\">\n\t\t\t\t\t<h3 class=\"elementor-heading-title elementor-size-default\">Tips voor effectief onderhoud van glazen scheidingswanden<\/h3>\t\t\t\t<\/div>\n\t\t\t\t<\/div>\n\t\t\t\t<div class=\"elementor-element elementor-element-71cde78 elementor-widget elementor-widget-text-editor\" data-id=\"71cde78\" data-element_type=\"widget\" data-e-type=\"widget\" data-widget_type=\"text-editor.default\">\n\t\t\t\t<div class=\"elementor-widget-container\">\n\t\t\t\t\t\t\t\t\t<p>Om de levensduur van je glazen scheidingswanden te verlengen, is het belangrijk om ze regelmatig schoon te maken met niet-schurende producten.<\/p>\n<ul>\n<li>Het gebruik van een standaard ruitenreiniger is meestal voldoende, maar het is raadzaam om een zachte doek te gebruiken om krassen op het glas te voorkomen.<\/li>\n<li>Het is ook belangrijk om de afdichtingen en kozijnen regelmatig te controleren om er zeker van te zijn dat ze in goede staat zijn en geen tekenen van slijtage vertonen.<\/li>\n<\/ul>\n<p>&nbsp;<\/p>\n<p><strong>Meer advies nodig?<\/strong><\/p>\n<p>Bij Vitraco bieden we een ruim assortiment glazen scheidingswanden voor al je behoeften. Of je nu op zoek bent naar een vaste glazen wand of een verwijderbare wand, wij hebben wat je nodig hebt.<\/p>\n<p>Onze experts begeleiden je bij elke stap, van de productkeuze tot de uiteindelijke installatie. We doen er alles aan om je een oplossing te bieden die perfect is afgestemd op jouw behoeften en budget.<\/p>\n\t\t\t\t\t\t\t\t<\/div>\n\t\t\t\t<\/div>\n\t\t\t\t<\/div>\n\t\t\t\t\t<\/div>\n\t\t\t\t<\/div>\n\t\t<div class=\"elementor-element elementor-element-5423484 e-flex e-con-boxed e-con e-parent\" data-id=\"5423484\" data-element_type=\"container\" data-e-type=\"container\">\n\t\t\t\t\t<div class=\"e-con-inner\">\n\t\t\t\t<div class=\"elementor-element elementor-element-f589a70 elementor-widget elementor-widget-template\" data-id=\"f589a70\" data-element_type=\"widget\" data-e-type=\"widget\" data-widget_type=\"template.default\">\n\t\t\t\t<div class=\"elementor-widget-container\">\n\t\t\t\t\t\t\t<div class=\"elementor-template\">\n\t\t\t\t\t<div data-elementor-type=\"section\" data-elementor-id=\"70960\" class=\"elementor elementor-70960 elementor-70183 elementor-70183\" data-elementor-post-type=\"elementor_library\">\n\t\t\t<div class=\"elementor-element elementor-element-e8470fd e-flex e-con-boxed e-con e-parent\" data-id=\"e8470fd\" data-element_type=\"container\" data-e-type=\"container\">\n\t\t\t\t\t<div class=\"e-con-inner\">\n\t\t<div class=\"elementor-element elementor-element-c7eb420 e-con-full e-flex e-con e-child\" data-id=\"c7eb420\" data-element_type=\"container\" data-e-type=\"container\">\n\t\t\t\t<div class=\"elementor-element elementor-element-8903354 elementor-widget elementor-widget-heading\" data-id=\"8903354\" data-element_type=\"widget\" data-e-type=\"widget\" data-widget_type=\"heading.default\">\n\t\t\t\t<div class=\"elementor-widget-container\">\n\t\t\t\t\t<h5 class=\"elementor-heading-title elementor-size-default\">Klanten die ons vertrouwen<\/h5>\t\t\t\t<\/div>\n\t\t\t\t<\/div>\n\t\t<div class=\"elementor-element elementor-element-2b4b94c e-con-full e-flex e-con e-child\" data-id=\"2b4b94c\" data-element_type=\"container\" data-e-type=\"container\">\n\t\t\t\t<div class=\"elementor-element elementor-element-9dc2124 elementor-arrows-position-outside elementor-pagination-position-outside elementor-widget elementor-widget-image-carousel\" data-id=\"9dc2124\" data-element_type=\"widget\" data-e-type=\"widget\" data-settings=\"{&quot;slides_to_show&quot;:&quot;10&quot;,&quot;image_spacing_custom&quot;:{&quot;unit&quot;:&quot;px&quot;,&quot;size&quot;:23,&quot;sizes&quot;:[]},&quot;slides_to_show_mobile&quot;:&quot;2&quot;,&quot;navigation&quot;:&quot;both&quot;,&quot;autoplay&quot;:&quot;yes&quot;,&quot;pause_on_hover&quot;:&quot;yes&quot;,&quot;pause_on_interaction&quot;:&quot;yes&quot;,&quot;autoplay_speed&quot;:5000,&quot;infinite&quot;:&quot;yes&quot;,&quot;speed&quot;:500,&quot;image_spacing_custom_tablet&quot;:{&quot;unit&quot;:&quot;px&quot;,&quot;size&quot;:&quot;&quot;,&quot;sizes&quot;:[]},&quot;image_spacing_custom_mobile&quot;:{&quot;unit&quot;:&quot;px&quot;,&quot;size&quot;:&quot;&quot;,&quot;sizes&quot;:[]}}\" data-widget_type=\"image-carousel.default\">\n\t\t\t\t<div class=\"elementor-widget-container\">\n\t\t\t\t\t\t\t<div class=\"elementor-image-carousel-wrapper swiper\" role=\"region\" aria-roledescription=\"carousel\" aria-label=\"Afbeelding carrousel\" dir=\"ltr\">\n\t\t\t<div class=\"elementor-image-carousel swiper-wrapper\" aria-live=\"off\">\n\t\t\t\t\t\t\t\t<div class=\"swiper-slide\" role=\"group\" aria-roledescription=\"slide\" aria-label=\"1 van 15\"><figure class=\"swiper-slide-inner\"><img decoding=\"async\" class=\"swiper-slide-image\" src=\"https:\/\/vitrerievitraco.be\/wp-content\/uploads\/2024\/09\/logo-18.jpg\" alt=\"logo-18\" \/><\/figure><\/div><div class=\"swiper-slide\" role=\"group\" aria-roledescription=\"slide\" aria-label=\"2 van 15\"><figure class=\"swiper-slide-inner\"><img decoding=\"async\" class=\"swiper-slide-image\" src=\"https:\/\/vitrerievitraco.be\/wp-content\/uploads\/2024\/09\/logo-32.jpg\" alt=\"logo-32\" \/><\/figure><\/div><div class=\"swiper-slide\" role=\"group\" aria-roledescription=\"slide\" aria-label=\"3 van 15\"><figure class=\"swiper-slide-inner\"><img decoding=\"async\" class=\"swiper-slide-image\" src=\"https:\/\/vitrerievitraco.be\/wp-content\/uploads\/2024\/09\/logo-35.jpg\" alt=\"logo-35\" \/><\/figure><\/div><div class=\"swiper-slide\" role=\"group\" aria-roledescription=\"slide\" aria-label=\"4 van 15\"><figure class=\"swiper-slide-inner\"><img decoding=\"async\" class=\"swiper-slide-image\" src=\"https:\/\/vitrerievitraco.be\/wp-content\/uploads\/2024\/09\/logo-03.jpg\" alt=\"logo-03\" \/><\/figure><\/div><div class=\"swiper-slide\" role=\"group\" aria-roledescription=\"slide\" aria-label=\"5 van 15\"><figure class=\"swiper-slide-inner\"><img decoding=\"async\" class=\"swiper-slide-image\" src=\"https:\/\/vitrerievitraco.be\/wp-content\/uploads\/2024\/09\/logo-05.jpg\" alt=\"logo-05\" \/><\/figure><\/div><div class=\"swiper-slide\" role=\"group\" aria-roledescription=\"slide\" aria-label=\"6 van 15\"><figure class=\"swiper-slide-inner\"><img decoding=\"async\" class=\"swiper-slide-image\" src=\"https:\/\/vitrerievitraco.be\/wp-content\/uploads\/2024\/09\/logo-10.jpg\" alt=\"logo-10\" \/><\/figure><\/div><div class=\"swiper-slide\" role=\"group\" aria-roledescription=\"slide\" aria-label=\"7 van 15\"><figure class=\"swiper-slide-inner\"><img decoding=\"async\" class=\"swiper-slide-image\" src=\"https:\/\/vitrerievitraco.be\/wp-content\/uploads\/2024\/09\/logo-19.jpg\" alt=\"logo-19\" \/><\/figure><\/div><div class=\"swiper-slide\" role=\"group\" aria-roledescription=\"slide\" aria-label=\"8 van 15\"><figure class=\"swiper-slide-inner\"><img decoding=\"async\" class=\"swiper-slide-image\" src=\"https:\/\/vitrerievitraco.be\/wp-content\/uploads\/2024\/09\/logo-11.jpg\" alt=\"logo-11\" \/><\/figure><\/div><div class=\"swiper-slide\" role=\"group\" aria-roledescription=\"slide\" aria-label=\"Afbeelding carrousel\"0><figure class=\"swiper-slide-inner\"><img decoding=\"async\" class=\"swiper-slide-image\" src=\"https:\/\/vitrerievitraco.be\/wp-content\/uploads\/2024\/09\/logo-42.jpg\" alt=\"logo-42\" \/><\/figure><\/div><div class=\"swiper-slide\" role=\"group\" aria-roledescription=\"slide\" aria-label=\"Afbeelding carrousel\"1><figure class=\"swiper-slide-inner\"><img decoding=\"async\" class=\"swiper-slide-image\" src=\"https:\/\/vitrerievitraco.be\/wp-content\/uploads\/2024\/09\/logo-25.jpg\" alt=\"logo-25\" \/><\/figure><\/div><div class=\"swiper-slide\" role=\"group\" aria-roledescription=\"slide\" aria-label=\"Afbeelding carrousel\"2><figure class=\"swiper-slide-inner\"><img decoding=\"async\" class=\"swiper-slide-image\" src=\"https:\/\/vitrerievitraco.be\/wp-content\/uploads\/2024\/09\/logo-13.jpg\" alt=\"logo-13\" \/><\/figure><\/div><div class=\"swiper-slide\" role=\"group\" aria-roledescription=\"slide\" aria-label=\"Afbeelding carrousel\"3><figure class=\"swiper-slide-inner\"><img decoding=\"async\" class=\"swiper-slide-image\" src=\"https:\/\/vitrerievitraco.be\/wp-content\/uploads\/2024\/09\/logo-01.jpg\" alt=\"logo-01\" \/><\/figure><\/div><div class=\"swiper-slide\" role=\"group\" aria-roledescription=\"slide\" aria-label=\"Afbeelding carrousel\"4><figure class=\"swiper-slide-inner\"><img decoding=\"async\" class=\"swiper-slide-image\" src=\"https:\/\/vitrerievitraco.be\/wp-content\/uploads\/2024\/09\/logo-38.jpg\" alt=\"logo-38\" \/><\/figure><\/div><div class=\"swiper-slide\" role=\"group\" aria-roledescription=\"slide\" aria-label=\"Afbeelding carrousel\"5><figure class=\"swiper-slide-inner\"><img decoding=\"async\" class=\"swiper-slide-image\" src=\"https:\/\/vitrerievitraco.be\/wp-content\/uploads\/2024\/09\/logo-31.jpg\" alt=\"logo-31\" \/><\/figure><\/div><div class=\"swiper-slide\" role=\"group\" aria-roledescription=\"slide\" aria-label=\"Afbeelding carrousel\"6><figure class=\"swiper-slide-inner\"><img decoding=\"async\" class=\"swiper-slide-image\" src=\"https:\/\/vitrerievitraco.be\/wp-content\/uploads\/2024\/09\/logo-30.jpg\" alt=\"logo-30\" \/><\/figure><\/div>\t\t\t<\/div>\n\t\t\t\t\t\t\t\t\t\t\t\t<div class=\"elementor-swiper-button elementor-swiper-button-prev\" role=\"button\" tabindex=\"0\">\n\t\t\t\t\t\t<svg aria-hidden=\"true\" class=\"e-font-icon-svg e-eicon-chevron-left\" viewBox=\"0 0 1000 1000\" xmlns=\"http:\/\/www.w3.org\/2000\/svg\"><path d=\"M646 125C629 125 613 133 604 142L308 442C296 454 292 471 292 487 292 504 296 521 308 533L604 854C617 867 629 875 646 875 663 875 679 871 692 858 704 846 713 829 713 812 713 796 708 779 692 767L438 487 692 225C700 217 708 204 708 187 708 171 704 154 692 142 675 129 663 125 646 125Z\"><\/path><\/svg>\t\t\t\t\t<\/div>\n\t\t\t\t\t<div class=\"elementor-swiper-button elementor-swiper-button-next\" role=\"button\" tabindex=\"0\">\n\t\t\t\t\t\t<svg aria-hidden=\"true\" class=\"e-font-icon-svg e-eicon-chevron-right\" viewBox=\"0 0 1000 1000\" xmlns=\"http:\/\/www.w3.org\/2000\/svg\"><path d=\"M696 533C708 521 713 504 713 487 713 471 708 454 696 446L400 146C388 133 375 125 354 125 338 125 325 129 313 142 300 154 292 171 292 187 292 204 296 221 308 233L563 492 304 771C292 783 288 800 288 817 288 833 296 850 308 863 321 871 338 875 354 875 371 875 388 867 400 854L696 533Z\"><\/path><\/svg>\t\t\t\t\t<\/div>\n\t\t\t\t\n\t\t\t\t\t\t\t\t\t<div class=\"swiper-pagination\"><\/div>\n\t\t\t\t\t\t\t\t\t<\/div>\n\t\t\t\t\t\t<\/div>\n\t\t\t\t<\/div>\n\t\t\t\t<\/div>\n\t\t\t\t<\/div>\n\t\t\t\t\t<\/div>\n\t\t\t\t<\/div>\n\t\t\t\t<\/div>\n\t\t\t\t<\/div>\n\t\t\t\t\t\t<\/div>\n\t\t\t\t<\/div>\n\t\t\t\t\t<\/div>\n\t\t\t\t<\/div>\n\t\t<div class=\"elementor-element elementor-element-353751af e-flex e-con-boxed e-con e-parent\" data-id=\"353751af\" data-element_type=\"container\" data-e-type=\"container\" data-settings=\"{&quot;background_background&quot;:&quot;gradient&quot;}\">\n\t\t\t\t\t<div class=\"e-con-inner\">\n\t\t<div class=\"elementor-element elementor-element-50d12bbc e-con-full e-flex e-con e-child\" data-id=\"50d12bbc\" data-element_type=\"container\" data-e-type=\"container\">\n\t\t\t\t<div class=\"elementor-element elementor-element-11ad843 elementor-widget elementor-widget-heading\" data-id=\"11ad843\" data-element_type=\"widget\" data-e-type=\"widget\" data-widget_type=\"heading.default\">\n\t\t\t\t<div class=\"elementor-widget-container\">\n\t\t\t\t\t<h2 class=\"elementor-heading-title elementor-size-default\">FAQ<\/h2>\t\t\t\t<\/div>\n\t\t\t\t<\/div>\n\t\t\t\t<div class=\"elementor-element elementor-element-22247af1 elementor-widget elementor-widget-accordion\" data-id=\"22247af1\" data-element_type=\"widget\" data-e-type=\"widget\" data-widget_type=\"accordion.default\">\n\t\t\t\t<div class=\"elementor-widget-container\">\n\t\t\t\t\t\t\t<div class=\"elementor-accordion\">\n\t\t\t\t\t\t\t<div class=\"elementor-accordion-item\">\n\t\t\t\t\t<div id=\"elementor-tab-title-5721\" class=\"elementor-tab-title\" data-tab=\"1\" role=\"button\" aria-controls=\"elementor-tab-content-5721\" aria-expanded=\"false\">\n\t\t\t\t\t\t\t\t\t\t\t\t\t<span class=\"elementor-accordion-icon elementor-accordion-icon-right\" aria-hidden=\"true\">\n\t\t\t\t\t\t\t\t\t\t\t\t\t\t\t<span class=\"elementor-accordion-icon-closed\"><svg class=\"e-font-icon-svg e-fas-plus\" viewBox=\"0 0 448 512\" xmlns=\"http:\/\/www.w3.org\/2000\/svg\"><path d=\"M416 208H272V64c0-17.67-14.33-32-32-32h-32c-17.67 0-32 14.33-32 32v144H32c-17.67 0-32 14.33-32 32v32c0 17.67 14.33 32 32 32h144v144c0 17.67 14.33 32 32 32h32c17.67 0 32-14.33 32-32V304h144c17.67 0 32-14.33 32-32v-32c0-17.67-14.33-32-32-32z\"><\/path><\/svg><\/span>\n\t\t\t\t\t\t\t\t<span class=\"elementor-accordion-icon-opened\"><svg class=\"e-font-icon-svg e-fas-minus\" viewBox=\"0 0 448 512\" xmlns=\"http:\/\/www.w3.org\/2000\/svg\"><path d=\"M416 208H32c-17.67 0-32 14.33-32 32v32c0 17.67 14.33 32 32 32h384c17.67 0 32-14.33 32-32v-32c0-17.67-14.33-32-32-32z\"><\/path><\/svg><\/span>\n\t\t\t\t\t\t\t\t\t\t\t\t\t\t<\/span>\n\t\t\t\t\t\t\t\t\t\t\t\t<a class=\"elementor-accordion-title\" tabindex=\"0\">Wat zijn de aanpassingsmogelijkheden voor een verplaatsbare scheidingswand?<\/a>\n\t\t\t\t\t<\/div>\n\t\t\t\t\t<div id=\"elementor-tab-content-5721\" class=\"elementor-tab-content elementor-clearfix\" data-tab=\"1\" role=\"region\" aria-labelledby=\"elementor-tab-title-5721\"><p>Bij Vitraco bieden we een hele reeks opties, zoals het type glas, de afwerking en de toevoeging van ondoorzichtige folies of patronen.<\/p>\n<\/div>\n\t\t\t\t<\/div>\n\t\t\t\t\t\t\t<div class=\"elementor-accordion-item\">\n\t\t\t\t\t<div id=\"elementor-tab-title-5722\" class=\"elementor-tab-title\" data-tab=\"2\" role=\"button\" aria-controls=\"elementor-tab-content-5722\" aria-expanded=\"false\">\n\t\t\t\t\t\t\t\t\t\t\t\t\t<span class=\"elementor-accordion-icon elementor-accordion-icon-right\" aria-hidden=\"true\">\n\t\t\t\t\t\t\t\t\t\t\t\t\t\t\t<span class=\"elementor-accordion-icon-closed\"><svg class=\"e-font-icon-svg e-fas-plus\" viewBox=\"0 0 448 512\" xmlns=\"http:\/\/www.w3.org\/2000\/svg\"><path d=\"M416 208H272V64c0-17.67-14.33-32-32-32h-32c-17.67 0-32 14.33-32 32v144H32c-17.67 0-32 14.33-32 32v32c0 17.67 14.33 32 32 32h144v144c0 17.67 14.33 32 32 32h32c17.67 0 32-14.33 32-32V304h144c17.67 0 32-14.33 32-32v-32c0-17.67-14.33-32-32-32z\"><\/path><\/svg><\/span>\n\t\t\t\t\t\t\t\t<span class=\"elementor-accordion-icon-opened\"><svg class=\"e-font-icon-svg e-fas-minus\" viewBox=\"0 0 448 512\" xmlns=\"http:\/\/www.w3.org\/2000\/svg\"><path d=\"M416 208H32c-17.67 0-32 14.33-32 32v32c0 17.67 14.33 32 32 32h384c17.67 0 32-14.33 32-32v-32c0-17.67-14.33-32-32-32z\"><\/path><\/svg><\/span>\n\t\t\t\t\t\t\t\t\t\t\t\t\t\t<\/span>\n\t\t\t\t\t\t\t\t\t\t\t\t<a class=\"elementor-accordion-title\" tabindex=\"0\">Kan een glazen scheidingswand goede geluidsisolatie bieden?<\/a>\n\t\t\t\t\t<\/div>\n\t\t\t\t\t<div id=\"elementor-tab-content-5722\" class=\"elementor-tab-content elementor-clearfix\" data-tab=\"2\" role=\"region\" aria-labelledby=\"elementor-tab-title-5722\"><p>Ja, glazen scheidingswanden kunnen worden voorzien van akoestisch glas om omgevingsgeluid te verminderen.<\/p>\n<\/div>\n\t\t\t\t<\/div>\n\t\t\t\t\t\t\t<div class=\"elementor-accordion-item\">\n\t\t\t\t\t<div id=\"elementor-tab-title-5723\" class=\"elementor-tab-title\" data-tab=\"3\" role=\"button\" aria-controls=\"elementor-tab-content-5723\" aria-expanded=\"false\">\n\t\t\t\t\t\t\t\t\t\t\t\t\t<span class=\"elementor-accordion-icon elementor-accordion-icon-right\" aria-hidden=\"true\">\n\t\t\t\t\t\t\t\t\t\t\t\t\t\t\t<span class=\"elementor-accordion-icon-closed\"><svg class=\"e-font-icon-svg e-fas-plus\" viewBox=\"0 0 448 512\" xmlns=\"http:\/\/www.w3.org\/2000\/svg\"><path d=\"M416 208H272V64c0-17.67-14.33-32-32-32h-32c-17.67 0-32 14.33-32 32v144H32c-17.67 0-32 14.33-32 32v32c0 17.67 14.33 32 32 32h144v144c0 17.67 14.33 32 32 32h32c17.67 0 32-14.33 32-32V304h144c17.67 0 32-14.33 32-32v-32c0-17.67-14.33-32-32-32z\"><\/path><\/svg><\/span>\n\t\t\t\t\t\t\t\t<span class=\"elementor-accordion-icon-opened\"><svg class=\"e-font-icon-svg e-fas-minus\" viewBox=\"0 0 448 512\" xmlns=\"http:\/\/www.w3.org\/2000\/svg\"><path d=\"M416 208H32c-17.67 0-32 14.33-32 32v32c0 17.67 14.33 32 32 32h384c17.67 0 32-14.33 32-32v-32c0-17.67-14.33-32-32-32z\"><\/path><\/svg><\/span>\n\t\t\t\t\t\t\t\t\t\t\t\t\t\t<\/span>\n\t\t\t\t\t\t\t\t\t\t\t\t<a class=\"elementor-accordion-title\" tabindex=\"0\">Hoe lang duurt het om een glazen wand te plaatsen?<\/a>\n\t\t\t\t\t<\/div>\n\t\t\t\t\t<div id=\"elementor-tab-content-5723\" class=\"elementor-tab-content elementor-clearfix\" data-tab=\"3\" role=\"region\" aria-labelledby=\"elementor-tab-title-5723\"><p>De installatie varieert afhankelijk van de grootte en het type van de partitie, maar duurt over het algemeen een paar uur tot een dag.<\/p>\n<\/div>\n\t\t\t\t<\/div>\n\t\t\t\t\t\t\t<div class=\"elementor-accordion-item\">\n\t\t\t\t\t<div id=\"elementor-tab-title-5724\" class=\"elementor-tab-title\" data-tab=\"4\" role=\"button\" aria-controls=\"elementor-tab-content-5724\" aria-expanded=\"false\">\n\t\t\t\t\t\t\t\t\t\t\t\t\t<span class=\"elementor-accordion-icon elementor-accordion-icon-right\" aria-hidden=\"true\">\n\t\t\t\t\t\t\t\t\t\t\t\t\t\t\t<span class=\"elementor-accordion-icon-closed\"><svg class=\"e-font-icon-svg e-fas-plus\" viewBox=\"0 0 448 512\" xmlns=\"http:\/\/www.w3.org\/2000\/svg\"><path d=\"M416 208H272V64c0-17.67-14.33-32-32-32h-32c-17.67 0-32 14.33-32 32v144H32c-17.67 0-32 14.33-32 32v32c0 17.67 14.33 32 32 32h144v144c0 17.67 14.33 32 32 32h32c17.67 0 32-14.33 32-32V304h144c17.67 0 32-14.33 32-32v-32c0-17.67-14.33-32-32-32z\"><\/path><\/svg><\/span>\n\t\t\t\t\t\t\t\t<span class=\"elementor-accordion-icon-opened\"><svg class=\"e-font-icon-svg e-fas-minus\" viewBox=\"0 0 448 512\" xmlns=\"http:\/\/www.w3.org\/2000\/svg\"><path d=\"M416 208H32c-17.67 0-32 14.33-32 32v32c0 17.67 14.33 32 32 32h384c17.67 0 32-14.33 32-32v-32c0-17.67-14.33-32-32-32z\"><\/path><\/svg><\/span>\n\t\t\t\t\t\t\t\t\t\t\t\t\t\t<\/span>\n\t\t\t\t\t\t\t\t\t\t\t\t<a class=\"elementor-accordion-title\" tabindex=\"0\">Is het mogelijk om een glazen wand te plaatsen in een ruimte die al is ingericht?<\/a>\n\t\t\t\t\t<\/div>\n\t\t\t\t\t<div id=\"elementor-tab-content-5724\" class=\"elementor-tab-content elementor-clearfix\" data-tab=\"4\" role=\"region\" aria-labelledby=\"elementor-tab-title-5724\"><p>Absoluut, onze glazen scheidingswanden zijn zo ontworpen dat ze gemakkelijk kunnen worden ge\u00efnstalleerd, zelfs in ruimtes die al zijn ingericht.<\/p>\n<\/div>\n\t\t\t\t<\/div>\n\t\t\t\t\t\t\t\t\t\t<script type=\"application\/ld+json\">{\"@context\":\"https:\\\/\\\/schema.org\",\"@type\":\"FAQPage\",\"mainEntity\":[{\"@type\":\"Question\",\"name\":\"Wat zijn de aanpassingsmogelijkheden voor een verplaatsbare scheidingswand?\",\"acceptedAnswer\":{\"@type\":\"Answer\",\"text\":\"<p>Bij Vitraco bieden we een hele reeks opties, zoals het type glas, de afwerking en de toevoeging van ondoorzichtige folies of patronen.<\\\/p>\\n\"}},{\"@type\":\"Question\",\"name\":\"Kan een glazen scheidingswand goede geluidsisolatie bieden?\",\"acceptedAnswer\":{\"@type\":\"Answer\",\"text\":\"<p>Ja, glazen scheidingswanden kunnen worden voorzien van akoestisch glas om omgevingsgeluid te verminderen.<\\\/p>\\n\"}},{\"@type\":\"Question\",\"name\":\"Hoe lang duurt het om een glazen wand te plaatsen?\",\"acceptedAnswer\":{\"@type\":\"Answer\",\"text\":\"<p>De installatie varieert afhankelijk van de grootte en het type van de partitie, maar duurt over het algemeen een paar uur tot een dag.<\\\/p>\\n\"}},{\"@type\":\"Question\",\"name\":\"Is het mogelijk om een glazen wand te plaatsen in een ruimte die al is ingericht?\",\"acceptedAnswer\":{\"@type\":\"Answer\",\"text\":\"<p>Absoluut, onze glazen scheidingswanden zijn zo ontworpen dat ze gemakkelijk kunnen worden ge\\u00efnstalleerd, zelfs in ruimtes die al zijn ingericht.<\\\/p>\\n\"}}]}<\/script>\n\t\t\t\t\t<\/div>\n\t\t\t\t\t\t<\/div>\n\t\t\t\t<\/div>\n\t\t\t\t<\/div>\n\t\t\t\t\t<\/div>\n\t\t\t\t<\/div>\n\t\t\t\t<\/div>\n\t\t","protected":false},"excerpt":{"rendered":"<p>Beglazing op maat Glazen scheidingswanden voor kantoren: de juiste keuze maken bij Vitraco Functionele en esthetische scheiding Flexibiliteit en ontwerp op maat Open ruimte en een productieve sfeer Verzoek om informatie Stel je voor dat je kantoor vol zit met een ondoorzichtige glazen afscheiding die natuurlijk licht tegenhoudt, waardoor de ruimte benauwd en minder productief [&hellip;]<\/p>\n","protected":false},"author":6,"featured_media":0,"parent":70818,"menu_order":0,"comment_status":"closed","ping_status":"closed","template":"","meta":{"footnotes":""},"class_list":["post-70823","page","type-page","status-publish","hentry"],"yoast_head":"<!-- This site is optimized with the Yoast SEO plugin v27.5 - https:\/\/yoast.com\/product\/yoast-seo-wordpress\/ -->\n<title>Glazen scheidingswanden voor kantoren: de gids om de juiste te kiezen - Vitraco<\/title>\n<meta name=\"description\" content=\"Kies een glazen wand die bij je kantoor past. Ontdek onze tips om de juiste keuze te maken bij Vitraco.\" \/>\n<meta name=\"robots\" content=\"index, follow, max-snippet:-1, max-image-preview:large, max-video-preview:-1\" \/>\n<link rel=\"canonical\" href=\"https:\/\/vitrerievitraco.be\/nl\/beglazing-op-maat\/glazen-scheidingswanden-voor-kantoren-de-gids-om-de-juiste-te-kiezen\/\" \/>\n<meta property=\"og:locale\" content=\"nl_NL\" \/>\n<meta property=\"og:type\" content=\"article\" \/>\n<meta property=\"og:title\" content=\"Glazen scheidingswanden voor kantoren: de gids om de juiste te kiezen - Vitraco\" \/>\n<meta property=\"og:description\" content=\"Kies een glazen wand die bij je kantoor past. Ontdek onze tips om de juiste keuze te maken bij Vitraco.\" \/>\n<meta property=\"og:url\" content=\"https:\/\/vitrerievitraco.be\/nl\/beglazing-op-maat\/glazen-scheidingswanden-voor-kantoren-de-gids-om-de-juiste-te-kiezen\/\" \/>\n<meta property=\"og:site_name\" content=\"Vitraco\" \/>\n<meta property=\"article:publisher\" content=\"https:\/\/www.facebook.com\/avitraco\/\" \/>\n<meta property=\"article:modified_time\" content=\"2024-12-18T12:55:06+00:00\" \/>\n<meta property=\"og:image\" content=\"https:\/\/vitrerievitraco.be\/wp-content\/uploads\/2024\/08\/african-american-man-using-colorful-sticky-notes-on-the-glass-wall-in-the-office.jpg\" \/>\n\t<meta property=\"og:image:width\" content=\"2000\" \/>\n\t<meta property=\"og:image:height\" content=\"1333\" \/>\n\t<meta property=\"og:image:type\" content=\"image\/jpeg\" \/>\n<meta name=\"twitter:card\" content=\"summary_large_image\" \/>\n<meta name=\"twitter:label1\" content=\"Geschatte leestijd\" \/>\n\t<meta name=\"twitter:data1\" content=\"5 minuten\" \/>\n<script type=\"application\/ld+json\" class=\"yoast-schema-graph\">{\"@context\":\"https:\\\/\\\/schema.org\",\"@graph\":[{\"@type\":\"WebPage\",\"@id\":\"https:\\\/\\\/vitrerievitraco.be\\\/nl\\\/beglazing-op-maat\\\/glazen-scheidingswanden-voor-kantoren-de-gids-om-de-juiste-te-kiezen\\\/\",\"url\":\"https:\\\/\\\/vitrerievitraco.be\\\/nl\\\/beglazing-op-maat\\\/glazen-scheidingswanden-voor-kantoren-de-gids-om-de-juiste-te-kiezen\\\/\",\"name\":\"Glazen scheidingswanden voor kantoren: de gids om de juiste te kiezen - Vitraco\",\"isPartOf\":{\"@id\":\"https:\\\/\\\/vitrerievitraco.be\\\/#website\"},\"primaryImageOfPage\":{\"@id\":\"https:\\\/\\\/vitrerievitraco.be\\\/nl\\\/beglazing-op-maat\\\/glazen-scheidingswanden-voor-kantoren-de-gids-om-de-juiste-te-kiezen\\\/#primaryimage\"},\"image\":{\"@id\":\"https:\\\/\\\/vitrerievitraco.be\\\/nl\\\/beglazing-op-maat\\\/glazen-scheidingswanden-voor-kantoren-de-gids-om-de-juiste-te-kiezen\\\/#primaryimage\"},\"thumbnailUrl\":\"https:\\\/\\\/vitrerievitraco.be\\\/wp-content\\\/uploads\\\/2024\\\/08\\\/african-american-man-using-colorful-sticky-notes-on-the-glass-wall-in-the-office-1024x682.jpg\",\"datePublished\":\"2024-12-18T12:55:05+00:00\",\"dateModified\":\"2024-12-18T12:55:06+00:00\",\"description\":\"Kies een glazen wand die bij je kantoor past. Ontdek onze tips om de juiste keuze te maken bij Vitraco.\",\"breadcrumb\":{\"@id\":\"https:\\\/\\\/vitrerievitraco.be\\\/nl\\\/beglazing-op-maat\\\/glazen-scheidingswanden-voor-kantoren-de-gids-om-de-juiste-te-kiezen\\\/#breadcrumb\"},\"inLanguage\":\"nl-NL\",\"potentialAction\":[{\"@type\":\"ReadAction\",\"target\":[\"https:\\\/\\\/vitrerievitraco.be\\\/nl\\\/beglazing-op-maat\\\/glazen-scheidingswanden-voor-kantoren-de-gids-om-de-juiste-te-kiezen\\\/\"]}]},{\"@type\":\"ImageObject\",\"inLanguage\":\"nl-NL\",\"@id\":\"https:\\\/\\\/vitrerievitraco.be\\\/nl\\\/beglazing-op-maat\\\/glazen-scheidingswanden-voor-kantoren-de-gids-om-de-juiste-te-kiezen\\\/#primaryimage\",\"url\":\"https:\\\/\\\/vitrerievitraco.be\\\/wp-content\\\/uploads\\\/2024\\\/08\\\/african-american-man-using-colorful-sticky-notes-on-the-glass-wall-in-the-office-1024x682.jpg\",\"contentUrl\":\"https:\\\/\\\/vitrerievitraco.be\\\/wp-content\\\/uploads\\\/2024\\\/08\\\/african-american-man-using-colorful-sticky-notes-on-the-glass-wall-in-the-office-1024x682.jpg\"},{\"@type\":\"BreadcrumbList\",\"@id\":\"https:\\\/\\\/vitrerievitraco.be\\\/nl\\\/beglazing-op-maat\\\/glazen-scheidingswanden-voor-kantoren-de-gids-om-de-juiste-te-kiezen\\\/#breadcrumb\",\"itemListElement\":[{\"@type\":\"ListItem\",\"position\":1,\"name\":\"Home\",\"item\":\"https:\\\/\\\/vitrerievitraco.be\\\/nl\\\/vitraco-beglazing-in-brussel\\\/\"},{\"@type\":\"ListItem\",\"position\":2,\"name\":\"Beglazing op maat\",\"item\":\"https:\\\/\\\/vitrerievitraco.be\\\/nl\\\/beglazing-op-maat\\\/\"},{\"@type\":\"ListItem\",\"position\":3,\"name\":\"Glazen scheidingswanden voor kantoren: de gids om de juiste te kiezen\"}]},{\"@type\":\"WebSite\",\"@id\":\"https:\\\/\\\/vitrerievitraco.be\\\/#website\",\"url\":\"https:\\\/\\\/vitrerievitraco.be\\\/\",\"name\":\"Vitraco\",\"description\":\"Vitrerie \u00e0 Bruxelles\",\"publisher\":{\"@id\":\"https:\\\/\\\/vitrerievitraco.be\\\/#organization\"},\"potentialAction\":[{\"@type\":\"SearchAction\",\"target\":{\"@type\":\"EntryPoint\",\"urlTemplate\":\"https:\\\/\\\/vitrerievitraco.be\\\/?s={search_term_string}\"},\"query-input\":{\"@type\":\"PropertyValueSpecification\",\"valueRequired\":true,\"valueName\":\"search_term_string\"}}],\"inLanguage\":\"nl-NL\"},{\"@type\":\"Organization\",\"@id\":\"https:\\\/\\\/vitrerievitraco.be\\\/#organization\",\"name\":\"A. Vitraco\",\"url\":\"https:\\\/\\\/vitrerievitraco.be\\\/\",\"logo\":{\"@type\":\"ImageObject\",\"inLanguage\":\"nl-NL\",\"@id\":\"https:\\\/\\\/vitrerievitraco.be\\\/#\\\/schema\\\/logo\\\/image\\\/\",\"url\":\"https:\\\/\\\/vitrerievitraco.be\\\/wp-content\\\/uploads\\\/2024\\\/09\\\/vitraco-logo.png\",\"contentUrl\":\"https:\\\/\\\/vitrerievitraco.be\\\/wp-content\\\/uploads\\\/2024\\\/09\\\/vitraco-logo.png\",\"width\":2192,\"height\":2212,\"caption\":\"A. Vitraco\"},\"image\":{\"@id\":\"https:\\\/\\\/vitrerievitraco.be\\\/#\\\/schema\\\/logo\\\/image\\\/\"},\"sameAs\":[\"https:\\\/\\\/www.facebook.com\\\/avitraco\\\/\",\"https:\\\/\\\/www.instagram.com\\\/a.vitraco\\\/\",\"https:\\\/\\\/www.linkedin.com\\\/company\\\/a-vitraco\\\/\"]}]}<\/script>\n<!-- \/ Yoast SEO plugin. -->","yoast_head_json":{"title":"Glazen scheidingswanden voor kantoren: de gids om de juiste te kiezen - Vitraco","description":"Kies een glazen wand die bij je kantoor past. Ontdek onze tips om de juiste keuze te maken bij Vitraco.","robots":{"index":"index","follow":"follow","max-snippet":"max-snippet:-1","max-image-preview":"max-image-preview:large","max-video-preview":"max-video-preview:-1"},"canonical":"https:\/\/vitrerievitraco.be\/nl\/beglazing-op-maat\/glazen-scheidingswanden-voor-kantoren-de-gids-om-de-juiste-te-kiezen\/","og_locale":"nl_NL","og_type":"article","og_title":"Glazen scheidingswanden voor kantoren: de gids om de juiste te kiezen - Vitraco","og_description":"Kies een glazen wand die bij je kantoor past. Ontdek onze tips om de juiste keuze te maken bij Vitraco.","og_url":"https:\/\/vitrerievitraco.be\/nl\/beglazing-op-maat\/glazen-scheidingswanden-voor-kantoren-de-gids-om-de-juiste-te-kiezen\/","og_site_name":"Vitraco","article_publisher":"https:\/\/www.facebook.com\/avitraco\/","article_modified_time":"2024-12-18T12:55:06+00:00","og_image":[{"width":2000,"height":1333,"url":"https:\/\/vitrerievitraco.be\/wp-content\/uploads\/2024\/08\/african-american-man-using-colorful-sticky-notes-on-the-glass-wall-in-the-office.jpg","type":"image\/jpeg"}],"twitter_card":"summary_large_image","twitter_misc":{"Geschatte leestijd":"5 minuten"},"schema":{"@context":"https:\/\/schema.org","@graph":[{"@type":"WebPage","@id":"https:\/\/vitrerievitraco.be\/nl\/beglazing-op-maat\/glazen-scheidingswanden-voor-kantoren-de-gids-om-de-juiste-te-kiezen\/","url":"https:\/\/vitrerievitraco.be\/nl\/beglazing-op-maat\/glazen-scheidingswanden-voor-kantoren-de-gids-om-de-juiste-te-kiezen\/","name":"Glazen scheidingswanden voor kantoren: de gids om de juiste te kiezen - Vitraco","isPartOf":{"@id":"https:\/\/vitrerievitraco.be\/#website"},"primaryImageOfPage":{"@id":"https:\/\/vitrerievitraco.be\/nl\/beglazing-op-maat\/glazen-scheidingswanden-voor-kantoren-de-gids-om-de-juiste-te-kiezen\/#primaryimage"},"image":{"@id":"https:\/\/vitrerievitraco.be\/nl\/beglazing-op-maat\/glazen-scheidingswanden-voor-kantoren-de-gids-om-de-juiste-te-kiezen\/#primaryimage"},"thumbnailUrl":"https:\/\/vitrerievitraco.be\/wp-content\/uploads\/2024\/08\/african-american-man-using-colorful-sticky-notes-on-the-glass-wall-in-the-office-1024x682.jpg","datePublished":"2024-12-18T12:55:05+00:00","dateModified":"2024-12-18T12:55:06+00:00","description":"Kies een glazen wand die bij je kantoor past. Ontdek onze tips om de juiste keuze te maken bij Vitraco.","breadcrumb":{"@id":"https:\/\/vitrerievitraco.be\/nl\/beglazing-op-maat\/glazen-scheidingswanden-voor-kantoren-de-gids-om-de-juiste-te-kiezen\/#breadcrumb"},"inLanguage":"nl-NL","potentialAction":[{"@type":"ReadAction","target":["https:\/\/vitrerievitraco.be\/nl\/beglazing-op-maat\/glazen-scheidingswanden-voor-kantoren-de-gids-om-de-juiste-te-kiezen\/"]}]},{"@type":"ImageObject","inLanguage":"nl-NL","@id":"https:\/\/vitrerievitraco.be\/nl\/beglazing-op-maat\/glazen-scheidingswanden-voor-kantoren-de-gids-om-de-juiste-te-kiezen\/#primaryimage","url":"https:\/\/vitrerievitraco.be\/wp-content\/uploads\/2024\/08\/african-american-man-using-colorful-sticky-notes-on-the-glass-wall-in-the-office-1024x682.jpg","contentUrl":"https:\/\/vitrerievitraco.be\/wp-content\/uploads\/2024\/08\/african-american-man-using-colorful-sticky-notes-on-the-glass-wall-in-the-office-1024x682.jpg"},{"@type":"BreadcrumbList","@id":"https:\/\/vitrerievitraco.be\/nl\/beglazing-op-maat\/glazen-scheidingswanden-voor-kantoren-de-gids-om-de-juiste-te-kiezen\/#breadcrumb","itemListElement":[{"@type":"ListItem","position":1,"name":"Home","item":"https:\/\/vitrerievitraco.be\/nl\/vitraco-beglazing-in-brussel\/"},{"@type":"ListItem","position":2,"name":"Beglazing op maat","item":"https:\/\/vitrerievitraco.be\/nl\/beglazing-op-maat\/"},{"@type":"ListItem","position":3,"name":"Glazen scheidingswanden voor kantoren: de gids om de juiste te kiezen"}]},{"@type":"WebSite","@id":"https:\/\/vitrerievitraco.be\/#website","url":"https:\/\/vitrerievitraco.be\/","name":"Vitraco","description":"Vitrerie \u00e0 Bruxelles","publisher":{"@id":"https:\/\/vitrerievitraco.be\/#organization"},"potentialAction":[{"@type":"SearchAction","target":{"@type":"EntryPoint","urlTemplate":"https:\/\/vitrerievitraco.be\/?s={search_term_string}"},"query-input":{"@type":"PropertyValueSpecification","valueRequired":true,"valueName":"search_term_string"}}],"inLanguage":"nl-NL"},{"@type":"Organization","@id":"https:\/\/vitrerievitraco.be\/#organization","name":"A. Vitraco","url":"https:\/\/vitrerievitraco.be\/","logo":{"@type":"ImageObject","inLanguage":"nl-NL","@id":"https:\/\/vitrerievitraco.be\/#\/schema\/logo\/image\/","url":"https:\/\/vitrerievitraco.be\/wp-content\/uploads\/2024\/09\/vitraco-logo.png","contentUrl":"https:\/\/vitrerievitraco.be\/wp-content\/uploads\/2024\/09\/vitraco-logo.png","width":2192,"height":2212,"caption":"A. Vitraco"},"image":{"@id":"https:\/\/vitrerievitraco.be\/#\/schema\/logo\/image\/"},"sameAs":["https:\/\/www.facebook.com\/avitraco\/","https:\/\/www.instagram.com\/a.vitraco\/","https:\/\/www.linkedin.com\/company\/a-vitraco\/"]}]}},"_links":{"self":[{"href":"https:\/\/vitrerievitraco.be\/nl\/wp-json\/wp\/v2\/pages\/70823","targetHints":{"allow":["GET"]}}],"collection":[{"href":"https:\/\/vitrerievitraco.be\/nl\/wp-json\/wp\/v2\/pages"}],"about":[{"href":"https:\/\/vitrerievitraco.be\/nl\/wp-json\/wp\/v2\/types\/page"}],"author":[{"embeddable":true,"href":"https:\/\/vitrerievitraco.be\/nl\/wp-json\/wp\/v2\/users\/6"}],"replies":[{"embeddable":true,"href":"https:\/\/vitrerievitraco.be\/nl\/wp-json\/wp\/v2\/comments?post=70823"}],"version-history":[{"count":1,"href":"https:\/\/vitrerievitraco.be\/nl\/wp-json\/wp\/v2\/pages\/70823\/revisions"}],"predecessor-version":[{"id":70824,"href":"https:\/\/vitrerievitraco.be\/nl\/wp-json\/wp\/v2\/pages\/70823\/revisions\/70824"}],"up":[{"embeddable":true,"href":"https:\/\/vitrerievitraco.be\/nl\/wp-json\/wp\/v2\/pages\/70818"}],"wp:attachment":[{"href":"https:\/\/vitrerievitraco.be\/nl\/wp-json\/wp\/v2\/media?parent=70823"}],"curies":[{"name":"wp","href":"https:\/\/api.w.org\/{rel}","templated":true}]}}