{"id":70843,"date":"2024-12-18T14:34:36","date_gmt":"2024-12-18T14:34:36","guid":{"rendered":"https:\/\/vitrerievitraco.be\/speciale-beglazing\/velux-dakvenster\/"},"modified":"2024-12-18T14:34:36","modified_gmt":"2024-12-18T14:34:36","slug":"velux-dakvenster","status":"publish","type":"page","link":"https:\/\/vitrerievitraco.be\/nl\/speciale-beglazing\/velux-dakvenster\/","title":{"rendered":"Velux dakvenster"},"content":{"rendered":"\t\t<div data-elementor-type=\"wp-page\" data-elementor-id=\"70843\" class=\"elementor elementor-70843 elementor-68916\" data-elementor-post-type=\"page\">\n\t\t\t\t<div class=\"elementor-element elementor-element-390703dd e-flex e-con-boxed e-con e-parent\" data-id=\"390703dd\" data-element_type=\"container\" data-e-type=\"container\" data-settings=\"{&quot;background_background&quot;:&quot;gradient&quot;}\">\n\t\t\t\t\t<div class=\"e-con-inner\">\n\t\t<div class=\"elementor-element elementor-element-3ccb040d e-con-full e-flex e-con e-child\" data-id=\"3ccb040d\" data-element_type=\"container\" data-e-type=\"container\">\n\t\t\t\t<div class=\"elementor-element elementor-element-1f80b2eb elementor-widget elementor-widget-heading\" data-id=\"1f80b2eb\" data-element_type=\"widget\" data-e-type=\"widget\" data-widget_type=\"heading.default\">\n\t\t\t\t<div class=\"elementor-widget-container\">\n\t\t\t\t\t<p class=\"elementor-heading-title elementor-size-default\">Speciale beglazing<\/p>\t\t\t\t<\/div>\n\t\t\t\t<\/div>\n\t\t\t\t<div class=\"elementor-element elementor-element-58a33e07 elementor-widget elementor-widget-heading\" data-id=\"58a33e07\" data-element_type=\"widget\" data-e-type=\"widget\" data-widget_type=\"heading.default\">\n\t\t\t\t<div class=\"elementor-widget-container\">\n\t\t\t\t\t<h1 class=\"elementor-heading-title elementor-size-default\">Velux dakvensters door uw Vitraco expert<\/h1>\t\t\t\t<\/div>\n\t\t\t\t<\/div>\n\t\t\t\t<div class=\"elementor-element elementor-element-70d19265 elementor-mobile-align-start elementor-icon-list--layout-traditional elementor-list-item-link-full_width elementor-widget elementor-widget-icon-list\" data-id=\"70d19265\" data-element_type=\"widget\" data-e-type=\"widget\" data-widget_type=\"icon-list.default\">\n\t\t\t\t<div class=\"elementor-widget-container\">\n\t\t\t\t\t\t\t<ul class=\"elementor-icon-list-items\">\n\t\t\t\t\t\t\t<li class=\"elementor-icon-list-item\">\n\t\t\t\t\t\t\t\t\t\t\t<span class=\"elementor-icon-list-icon\">\n\t\t\t\t\t\t\t<svg aria-hidden=\"true\" class=\"e-font-icon-svg e-fas-check\" viewBox=\"0 0 512 512\" xmlns=\"http:\/\/www.w3.org\/2000\/svg\"><path d=\"M173.898 439.404l-166.4-166.4c-9.997-9.997-9.997-26.206 0-36.204l36.203-36.204c9.997-9.998 26.207-9.998 36.204 0L192 312.69 432.095 72.596c9.997-9.997 26.207-9.997 36.204 0l36.203 36.204c9.997 9.997 9.997 26.206 0 36.204l-294.4 294.401c-9.998 9.997-26.207 9.997-36.204-.001z\"><\/path><\/svg>\t\t\t\t\t\t<\/span>\n\t\t\t\t\t\t\t\t\t\t<span class=\"elementor-icon-list-text\">Perfecte Velux-ramen op maat<\/span>\n\t\t\t\t\t\t\t\t\t<\/li>\n\t\t\t\t\t\t\t\t<li class=\"elementor-icon-list-item\">\n\t\t\t\t\t\t\t\t\t\t\t<span class=\"elementor-icon-list-icon\">\n\t\t\t\t\t\t\t<svg aria-hidden=\"true\" class=\"e-font-icon-svg e-fas-check\" viewBox=\"0 0 512 512\" xmlns=\"http:\/\/www.w3.org\/2000\/svg\"><path d=\"M173.898 439.404l-166.4-166.4c-9.997-9.997-9.997-26.206 0-36.204l36.203-36.204c9.997-9.998 26.207-9.998 36.204 0L192 312.69 432.095 72.596c9.997-9.997 26.207-9.997 36.204 0l36.203 36.204c9.997 9.997 9.997 26.206 0 36.204l-294.4 294.401c-9.998 9.997-26.207 9.997-36.204-.001z\"><\/path><\/svg>\t\t\t\t\t\t<\/span>\n\t\t\t\t\t\t\t\t\t\t<span class=\"elementor-icon-list-text\">Gegarandeerde lichtgevende transformatie<\/span>\n\t\t\t\t\t\t\t\t\t<\/li>\n\t\t\t\t\t\t\t\t<li class=\"elementor-icon-list-item\">\n\t\t\t\t\t\t\t\t\t\t\t<span class=\"elementor-icon-list-icon\">\n\t\t\t\t\t\t\t<svg aria-hidden=\"true\" class=\"e-font-icon-svg e-fas-check\" viewBox=\"0 0 512 512\" xmlns=\"http:\/\/www.w3.org\/2000\/svg\"><path d=\"M173.898 439.404l-166.4-166.4c-9.997-9.997-9.997-26.206 0-36.204l36.203-36.204c9.997-9.998 26.207-9.998 36.204 0L192 312.69 432.095 72.596c9.997-9.997 26.207-9.997 36.204 0l36.203 36.204c9.997 9.997 9.997 26.206 0 36.204l-294.4 294.401c-9.998 9.997-26.207 9.997-36.204-.001z\"><\/path><\/svg>\t\t\t\t\t\t<\/span>\n\t\t\t\t\t\t\t\t\t\t<span class=\"elementor-icon-list-text\">Veilige, duurzame installatie<\/span>\n\t\t\t\t\t\t\t\t\t<\/li>\n\t\t\t\t\t\t<\/ul>\n\t\t\t\t\t\t<\/div>\n\t\t\t\t<\/div>\n\t\t\t\t<div class=\"elementor-element elementor-element-d5881d2 elementor-widget__width-auto elementor-mobile-align-left elementor-widget elementor-widget-button\" data-id=\"d5881d2\" data-element_type=\"widget\" data-e-type=\"widget\" data-widget_type=\"button.default\">\n\t\t\t\t<div class=\"elementor-widget-container\">\n\t\t\t\t\t\t\t\t\t<div class=\"elementor-button-wrapper\">\n\t\t\t\t\t<a class=\"elementor-button elementor-button-link elementor-size-md elementor-animation-grow\" href=\"https:\/\/vitrerievitraco.be\/nl\/contact\/\">\n\t\t\t\t\t\t<span class=\"elementor-button-content-wrapper\">\n\t\t\t\t\t\t<span class=\"elementor-button-icon\">\n\t\t\t\t<svg aria-hidden=\"true\" class=\"e-font-icon-svg e-fas-arrow-right\" viewBox=\"0 0 448 512\" xmlns=\"http:\/\/www.w3.org\/2000\/svg\"><path d=\"M190.5 66.9l22.2-22.2c9.4-9.4 24.6-9.4 33.9 0L441 239c9.4 9.4 9.4 24.6 0 33.9L246.6 467.3c-9.4 9.4-24.6 9.4-33.9 0l-22.2-22.2c-9.5-9.5-9.3-25 .4-34.3L311.4 296H24c-13.3 0-24-10.7-24-24v-32c0-13.3 10.7-24 24-24h287.4L190.9 101.2c-9.8-9.3-10-24.8-.4-34.3z\"><\/path><\/svg>\t\t\t<\/span>\n\t\t\t\t\t\t\t\t\t<span class=\"elementor-button-text\">Verzoek om informatie<\/span>\n\t\t\t\t\t<\/span>\n\t\t\t\t\t<\/a>\n\t\t\t\t<\/div>\n\t\t\t\t\t\t\t\t<\/div>\n\t\t\t\t<\/div>\n\t\t\t\t<\/div>\n\t\t<div class=\"elementor-element elementor-element-1611c884 e-con-full e-flex e-con e-child\" data-id=\"1611c884\" data-element_type=\"container\" data-e-type=\"container\">\n\t\t\t\t<div class=\"elementor-element elementor-element-2f16e02 elementor-widget elementor-widget-image\" data-id=\"2f16e02\" data-element_type=\"widget\" data-e-type=\"widget\" data-widget_type=\"image.default\">\n\t\t\t\t<div class=\"elementor-widget-container\">\n\t\t\t\t\t\t\t\t\t\t\t\t\t\t\t<img fetchpriority=\"high\" decoding=\"async\" width=\"800\" height=\"532\" src=\"https:\/\/vitrerievitraco.be\/wp-content\/uploads\/2024\/08\/skylight-with-reflection-of-worker-in-window-glass-1024x681.jpg\" class=\"attachment-large size-large wp-image-69199\" alt=\"Fen\u00eatre de toit velux par votre expert Vitraco\" srcset=\"https:\/\/vitrerievitraco.be\/wp-content\/uploads\/2024\/08\/skylight-with-reflection-of-worker-in-window-glass-1024x681.jpg 1024w, https:\/\/vitrerievitraco.be\/wp-content\/uploads\/2024\/08\/skylight-with-reflection-of-worker-in-window-glass-300x200.jpg 300w, https:\/\/vitrerievitraco.be\/wp-content\/uploads\/2024\/08\/skylight-with-reflection-of-worker-in-window-glass-768x511.jpg 768w, https:\/\/vitrerievitraco.be\/wp-content\/uploads\/2024\/08\/skylight-with-reflection-of-worker-in-window-glass-1536x1021.jpg 1536w, https:\/\/vitrerievitraco.be\/wp-content\/uploads\/2024\/08\/skylight-with-reflection-of-worker-in-window-glass.jpg 2000w\" sizes=\"(max-width: 800px) 100vw, 800px\" \/>\t\t\t\t\t\t\t\t\t\t\t\t\t\t\t<\/div>\n\t\t\t\t<\/div>\n\t\t\t\t<\/div>\n\t\t\t\t\t<\/div>\n\t\t\t\t<\/div>\n\t\t<div class=\"elementor-element elementor-element-d756c47 e-con-full e-flex e-con e-parent\" data-id=\"d756c47\" data-element_type=\"container\" data-e-type=\"container\" data-settings=\"{&quot;background_background&quot;:&quot;classic&quot;}\">\n\t\t<div class=\"elementor-element elementor-element-b15ce66 e-flex e-con-boxed e-con e-child\" data-id=\"b15ce66\" data-element_type=\"container\" data-e-type=\"container\" data-settings=\"{&quot;background_background&quot;:&quot;gradient&quot;}\">\n\t\t\t\t\t<div class=\"e-con-inner\">\n\t\t<div class=\"elementor-element elementor-element-7014d42 e-con-full e-flex e-con e-child\" data-id=\"7014d42\" data-element_type=\"container\" data-e-type=\"container\" data-settings=\"{&quot;background_background&quot;:&quot;classic&quot;}\">\n\t\t\t\t<div class=\"elementor-element elementor-element-ce4cce1 elementor-view-default elementor-widget elementor-widget-icon\" data-id=\"ce4cce1\" data-element_type=\"widget\" data-e-type=\"widget\" data-widget_type=\"icon.default\">\n\t\t\t\t<div class=\"elementor-widget-container\">\n\t\t\t\t\t\t\t<div class=\"elementor-icon-wrapper\">\n\t\t\t<div class=\"elementor-icon\">\n\t\t\t<i aria-hidden=\"true\" class=\"icon icon-light-bulb\"><\/i>\t\t\t<\/div>\n\t\t<\/div>\n\t\t\t\t\t\t<\/div>\n\t\t\t\t<\/div>\n\t\t\t\t<div class=\"elementor-element elementor-element-84af8e7 elementor-widget elementor-widget-text-editor\" data-id=\"84af8e7\" data-element_type=\"widget\" data-e-type=\"widget\" data-widget_type=\"text-editor.default\">\n\t\t\t\t<div class=\"elementor-widget-container\">\n\t\t\t\t\t\t\t\t\t<p>Verkeerd ge\u00efnstalleerde velux dakvensters kunnen lekken, slechte isolatie en schade aan uw dak veroorzaken. Deze fouten zijn duur om te herstellen en brengen de veiligheid en waarde van uw huis in gevaar. Neem dit risico niet: laat de installatie over aan professionals om ernstige problemen te voorkomen.<\/p>\n\t\t\t\t\t\t\t\t<\/div>\n\t\t\t\t<\/div>\n\t\t\t\t<\/div>\n\t\t\t\t\t<\/div>\n\t\t\t\t<\/div>\n\t\t\t\t<\/div>\n\t\t<div class=\"elementor-element elementor-element-6e3b380d e-flex e-con-boxed e-con e-parent\" data-id=\"6e3b380d\" data-element_type=\"container\" data-e-type=\"container\">\n\t\t\t\t\t<div class=\"e-con-inner\">\n\t\t<div class=\"elementor-element elementor-element-4df78342 e-con-full e-flex e-con e-child\" data-id=\"4df78342\" data-element_type=\"container\" data-e-type=\"container\">\n\t\t\t\t<div class=\"elementor-element elementor-element-7c580bdc elementor-widget elementor-widget-heading\" data-id=\"7c580bdc\" data-element_type=\"widget\" data-e-type=\"widget\" data-widget_type=\"heading.default\">\n\t\t\t\t<div class=\"elementor-widget-container\">\n\t\t\t\t\t<h2 class=\"elementor-heading-title elementor-size-default\">Stappen in de productie van een velux dakvenster<\/h2>\t\t\t\t<\/div>\n\t\t\t\t<\/div>\n\t\t\t\t<div class=\"elementor-element elementor-element-112004a elementor-widget elementor-widget-text-editor\" data-id=\"112004a\" data-element_type=\"widget\" data-e-type=\"widget\" data-widget_type=\"text-editor.default\">\n\t\t\t\t<div class=\"elementor-widget-container\">\n\t\t\t\t\t\t\t\t\t<p>Velux dakvensters staan bekend om hun kwaliteit, duurzaamheid en vermogen om een zolderruimte om te toveren in een lichte, comfortabele kamer. Kiezen voor een Velux dakvenster betekent kiezen voor een innovatieve oplossing die natuurlijk licht en ventilatie biedt en tegelijkertijd uw huis mooier maakt. Bij het vervaardigen van een Velux dakvenster op maat wordt veel aandacht besteed aan details om ervoor te zorgen dat het eindproduct perfect past bij uw wensen en uw dak. Dit zijn de belangrijkste stappen in het proces.<\/p>\n\t\t\t\t\t\t\t\t<\/div>\n\t\t\t\t<\/div>\n\t\t\t\t<div class=\"elementor-element elementor-element-4d31c982 elementor-widget elementor-widget-heading\" data-id=\"4d31c982\" data-element_type=\"widget\" data-e-type=\"widget\" data-widget_type=\"heading.default\">\n\t\t\t\t<div class=\"elementor-widget-container\">\n\t\t\t\t\t<h3 class=\"elementor-heading-title elementor-size-default\">De materialen en het type beglazing voor uw Velux dakvenster kiezen<\/h3>\t\t\t\t<\/div>\n\t\t\t\t<\/div>\n\t\t\t\t<div class=\"elementor-element elementor-element-548c5a30 elementor-widget elementor-widget-text-editor\" data-id=\"548c5a30\" data-element_type=\"widget\" data-e-type=\"widget\" data-widget_type=\"text-editor.default\">\n\t\t\t\t<div class=\"elementor-widget-container\">\n\t\t\t\t\t\t\t\t\t<p>De eerste stap bij het maken van een veluxraam op maat is het kiezen van de juiste materialen. Het raamkozijn kan worden gemaakt van hout, PVC of aluminium, die elk specifieke voordelen bieden:<\/p>\n<ul>\n<li>Hout biedt bijvoorbeeld uitstekende thermische isolatie en een warme esthetiek, terwijl aluminium bekend staat om zijn duurzaamheid en weersbestendigheid.<\/li>\n<li>Pvc is licht, onderhoudsvriendelijk en voordelig.<\/li>\n<\/ul>\n<p>De keuze van de beglazing is net zo cruciaal. Er zijn verschillende soorten beglazing, zoals dubbele beglazing voor een betere thermische isolatie, of zonregulerende beglazing die het broeikaseffect in de zomer vermindert en tegelijkertijd een comfortabele temperatuur binnen handhaaft. Sommige soorten glas zijn ook ontworpen om geluidsoverlast te minimaliseren, wat een groot voordeel kan zijn als je huis in een lawaaierige buurt staat.<\/p>\n\t\t\t\t\t\t\t\t<\/div>\n\t\t\t\t<\/div>\n\t\t\t\t<div class=\"elementor-element elementor-element-370b2e45 elementor-widget elementor-widget-heading\" data-id=\"370b2e45\" data-element_type=\"widget\" data-e-type=\"widget\" data-widget_type=\"heading.default\">\n\t\t\t\t<div class=\"elementor-widget-container\">\n\t\t\t\t\t<h3 class=\"elementor-heading-title elementor-size-default\">Een velux dakvenster ontwerpen en aanpassen<\/h3>\t\t\t\t<\/div>\n\t\t\t\t<\/div>\n\t\t\t\t<div class=\"elementor-element elementor-element-70d332ca elementor-widget elementor-widget-text-editor\" data-id=\"70d332ca\" data-element_type=\"widget\" data-e-type=\"widget\" data-widget_type=\"text-editor.default\">\n\t\t\t\t<div class=\"elementor-widget-container\">\n\t\t\t\t\t\t\t\t\t<p>Nadat de materialen en beglazing zijn gekozen, is de volgende stap het ontwerpen en personaliseren van de velux. Dit houdt in dat u een ontwerp cre\u00ebert dat harmonieus past bij de architectuur van uw dak en dat voldoet aan uw specifieke behoeften. Afhankelijk van de beschikbare ruimte en het gewenste gebruik kunt u de grootte, vorm en zelfs de openingswijze van uw dakvenster kiezen (draaiend, overstekend of zijwaarts openend).<\/p>\n<p>De integratie van extra functies, zoals ge\u00efntegreerde zonwering of automatische regensensoren, kan ook worden overwogen om het comfort en het gebruiksgemak te verhogen. Zodra het ontwerp is afgerond, wordt het veluxraam op maat gemaakt volgens de exacte specificaties die zijn vastgelegd.<\/p>\n<p>Door deze stappen te volgen, kunt u ervoor zorgen dat uw Velux op maat perfect op uw dak past en tegelijkertijd aan uw prestatie- en esthetische eisen voldoet.<\/p>\n\t\t\t\t\t\t\t\t<\/div>\n\t\t\t\t<\/div>\n\t\t\t\t<\/div>\n\t\t<div class=\"elementor-element elementor-element-211f14ad e-con-full e-flex e-con e-child\" data-id=\"211f14ad\" data-element_type=\"container\" data-e-type=\"container\" data-settings=\"{&quot;sticky&quot;:&quot;top&quot;,&quot;sticky_parent&quot;:&quot;yes&quot;,&quot;sticky_on&quot;:[&quot;desktop&quot;,&quot;tablet&quot;,&quot;mobile&quot;],&quot;sticky_offset&quot;:0,&quot;sticky_effects_offset&quot;:0,&quot;sticky_anchor_link_offset&quot;:0}\">\n\t\t<div class=\"elementor-element elementor-element-3cef9d97 animated-slow e-con-full e-flex elementor-invisible e-con e-child\" data-id=\"3cef9d97\" data-element_type=\"container\" data-e-type=\"container\" data-settings=\"{&quot;background_background&quot;:&quot;classic&quot;,&quot;animation&quot;:&quot;fadeInUp&quot;,&quot;animation_delay&quot;:60}\">\n\t\t\t\t<div class=\"elementor-element elementor-element-516c6d1e elementor-view-default elementor-widget elementor-widget-icon\" data-id=\"516c6d1e\" data-element_type=\"widget\" data-e-type=\"widget\" data-widget_type=\"icon.default\">\n\t\t\t\t<div class=\"elementor-widget-container\">\n\t\t\t\t\t\t\t<div class=\"elementor-icon-wrapper\">\n\t\t\t<div class=\"elementor-icon\">\n\t\t\t<i aria-hidden=\"true\" class=\"icon icon-handshake\"><\/i>\t\t\t<\/div>\n\t\t<\/div>\n\t\t\t\t\t\t<\/div>\n\t\t\t\t<\/div>\n\t\t\t\t<div class=\"elementor-element elementor-element-48585154 elementor-widget__width-auto elementor-widget elementor-widget-heading\" data-id=\"48585154\" data-element_type=\"widget\" data-e-type=\"widget\" data-widget_type=\"heading.default\">\n\t\t\t\t<div class=\"elementor-widget-container\">\n\t\t\t\t\t<h6 class=\"elementor-heading-title elementor-size-default\">Meer dan 30 jaar ervaring tot uw dienst<\/h6>\t\t\t\t<\/div>\n\t\t\t\t<\/div>\n\t\t\t\t<\/div>\n\t\t<div class=\"elementor-element elementor-element-6e79d600 animated-slow e-con-full e-flex elementor-invisible e-con e-child\" data-id=\"6e79d600\" data-element_type=\"container\" data-e-type=\"container\" data-settings=\"{&quot;background_background&quot;:&quot;classic&quot;,&quot;animation&quot;:&quot;fadeInUp&quot;,&quot;animation_delay&quot;:60}\">\n\t\t\t\t<div class=\"elementor-element elementor-element-13a49667 elementor-view-default elementor-widget elementor-widget-icon\" data-id=\"13a49667\" data-element_type=\"widget\" data-e-type=\"widget\" data-widget_type=\"icon.default\">\n\t\t\t\t<div class=\"elementor-widget-container\">\n\t\t\t\t\t\t\t<div class=\"elementor-icon-wrapper\">\n\t\t\t<div class=\"elementor-icon\">\n\t\t\t<i aria-hidden=\"true\" class=\"icon icon-Rating\"><\/i>\t\t\t<\/div>\n\t\t<\/div>\n\t\t\t\t\t\t<\/div>\n\t\t\t\t<\/div>\n\t\t\t\t<div class=\"elementor-element elementor-element-27b99bf5 elementor-widget__width-auto elementor-widget elementor-widget-heading\" data-id=\"27b99bf5\" data-element_type=\"widget\" data-e-type=\"widget\" data-widget_type=\"heading.default\">\n\t\t\t\t<div class=\"elementor-widget-container\">\n\t\t\t\t\t<h6 class=\"elementor-heading-title elementor-size-default\">Tevreden klanten in heel Belgi\u00eb<\/h6>\t\t\t\t<\/div>\n\t\t\t\t<\/div>\n\t\t\t\t<\/div>\n\t\t<div class=\"elementor-element elementor-element-2df6d60 animated-slow e-con-full e-flex elementor-invisible e-con e-child\" data-id=\"2df6d60\" data-element_type=\"container\" data-e-type=\"container\" data-settings=\"{&quot;background_background&quot;:&quot;classic&quot;,&quot;animation&quot;:&quot;fadeInUp&quot;,&quot;animation_delay&quot;:60}\">\n\t\t\t\t<div class=\"elementor-element elementor-element-147f923f elementor-view-default elementor-widget elementor-widget-icon\" data-id=\"147f923f\" data-element_type=\"widget\" data-e-type=\"widget\" data-widget_type=\"icon.default\">\n\t\t\t\t<div class=\"elementor-widget-container\">\n\t\t\t\t\t\t\t<div class=\"elementor-icon-wrapper\">\n\t\t\t<div class=\"elementor-icon\">\n\t\t\t<i aria-hidden=\"true\" class=\"icon icon-Money\"><\/i>\t\t\t<\/div>\n\t\t<\/div>\n\t\t\t\t\t\t<\/div>\n\t\t\t\t<\/div>\n\t\t\t\t<div class=\"elementor-element elementor-element-d7f9daa elementor-widget__width-auto elementor-widget elementor-widget-heading\" data-id=\"d7f9daa\" data-element_type=\"widget\" data-e-type=\"widget\" data-widget_type=\"heading.default\">\n\t\t\t\t<div class=\"elementor-widget-container\">\n\t\t\t\t\t<h6 class=\"elementor-heading-title elementor-size-default\">Gratis offertes binnen 48 uur<\/h6>\t\t\t\t<\/div>\n\t\t\t\t<\/div>\n\t\t\t\t<\/div>\n\t\t\t\t<div class=\"elementor-element elementor-element-325786c animated-slow elementor-cta--skin-classic elementor-animated-content elementor-bg-transform elementor-bg-transform-zoom-in elementor-invisible elementor-widget elementor-widget-call-to-action\" data-id=\"325786c\" data-element_type=\"widget\" data-e-type=\"widget\" data-settings=\"{&quot;_animation&quot;:&quot;fadeInUp&quot;,&quot;_animation_delay&quot;:60}\" data-widget_type=\"call-to-action.default\">\n\t\t\t\t<div class=\"elementor-widget-container\">\n\t\t\t\t\t\t\t<a class=\"elementor-cta\" href=\"https:\/\/vitrerievitraco.be\/contact\/\">\n\t\t\t\t\t<div class=\"elementor-cta__bg-wrapper\">\n\t\t\t\t<div class=\"elementor-cta__bg elementor-bg\" style=\"background-image: url(https:\/\/vitrerievitraco.be\/wp-content\/uploads\/2015\/12\/Pose-et-re\u0301paration-de-vitre.jpg);\" role=\"img\" aria-label=\"Pose-et-re\u0301paration-de-vitre\"><\/div>\n\t\t\t\t<div class=\"elementor-cta__bg-overlay\"><\/div>\n\t\t\t<\/div>\n\t\t\t\t\t\t\t<div class=\"elementor-cta__content\">\n\t\t\t\t\n\t\t\t\t\t\t\t\t\t<h6 class=\"elementor-cta__title elementor-cta__content-item elementor-content-item\">\n\t\t\t\t\t\tEen dringende interventie?\t\t\t\t\t<\/h6>\n\t\t\t\t\n\t\t\t\t\t\t\t\t\t<div class=\"elementor-cta__description elementor-cta__content-item elementor-content-item\">\n\t\t\t\t\t\t<p>Is je raam kapot? Moet er een ruit gerepareerd worden in Brussel?<\/p>\n\t\t\t\t\t<\/div>\n\t\t\t\t\n\t\t\t\t\t\t\t\t\t<div class=\"elementor-cta__button-wrapper elementor-cta__content-item elementor-content-item \">\n\t\t\t\t\t<span class=\"elementor-cta__button elementor-button elementor-size-\">\n\t\t\t\t\t\tContacteer ons\t\t\t\t\t<\/span>\n\t\t\t\t\t<\/div>\n\t\t\t\t\t\t\t<\/div>\n\t\t\t\t\t\t<\/a>\n\t\t\t\t\t\t<\/div>\n\t\t\t\t<\/div>\n\t\t\t\t<\/div>\n\t\t\t\t\t<\/div>\n\t\t\t\t<\/div>\n\t\t<div class=\"elementor-element elementor-element-1f2bd58f e-flex e-con-boxed e-con e-parent\" data-id=\"1f2bd58f\" data-element_type=\"container\" data-e-type=\"container\">\n\t\t\t\t\t<div class=\"e-con-inner\">\n\t\t<div class=\"elementor-element elementor-element-aa9795 e-con-full e-flex e-con e-child\" data-id=\"aa9795\" data-element_type=\"container\" data-e-type=\"container\">\n\t\t\t\t<div class=\"elementor-element elementor-element-5c417ec elementor-widget elementor-widget-heading\" data-id=\"5c417ec\" data-element_type=\"widget\" data-e-type=\"widget\" data-widget_type=\"heading.default\">\n\t\t\t\t<div class=\"elementor-widget-container\">\n\t\t\t\t\t<h2 class=\"elementor-heading-title elementor-size-default\">Waarom kiezen voor een Velux dakvenster?<\/h2>\t\t\t\t<\/div>\n\t\t\t\t<\/div>\n\t\t\t\t<div class=\"elementor-element elementor-element-1a7ea259 elementor-widget elementor-widget-text-editor\" data-id=\"1a7ea259\" data-element_type=\"widget\" data-e-type=\"widget\" data-widget_type=\"text-editor.default\">\n\t\t\t\t<div class=\"elementor-widget-container\">\n\t\t\t\t\t\t\t\t\t<p>Door een veluxraam op uw dak te installeren, kunt u niet alleen het natuurlijke licht maximaliseren, maar ook profiteren van een betere ventilatie. Het is een ideale oplossing om van een zolder een slaapkamer, kantoor of aangename leefruimte te maken.<\/p>\n\t\t\t\t\t\t\t\t<\/div>\n\t\t\t\t<\/div>\n\t\t\t\t<div class=\"elementor-element elementor-element-1a4afd83 elementor-widget elementor-widget-heading\" data-id=\"1a4afd83\" data-element_type=\"widget\" data-e-type=\"widget\" data-widget_type=\"heading.default\">\n\t\t\t\t<div class=\"elementor-widget-container\">\n\t\t\t\t\t<h3 class=\"elementor-heading-title elementor-size-default\">De voordelen van een velux dakvenster<\/h3>\t\t\t\t<\/div>\n\t\t\t\t<\/div>\n\t\t\t\t<div class=\"elementor-element elementor-element-3b266028 elementor-widget elementor-widget-text-editor\" data-id=\"3b266028\" data-element_type=\"widget\" data-e-type=\"widget\" data-widget_type=\"text-editor.default\">\n\t\t\t\t<div class=\"elementor-widget-container\">\n\t\t\t\t\t\t\t\t\t<p>Velux dakvensters zorgen voor overvloedig natuurlijk licht, optimaliseren de ventilatie en verhogen de waarde van uw huis. Ze veranderen zolders in lichte, functionele ruimtes en verhogen tegelijkertijd de aantrekkingskracht van uw woning. Hier zijn drie voordelen van Velux dakvensters:<\/p>\n<ul>\n<li>Overvloedig natuurlijk licht: ze maximaliseren de natuurlijke lichtinval in zolderkamers, waardoor een heldere en aangename omgeving ontstaat en u minder afhankelijk bent van kunstlicht.<\/li>\n<li>Verbeterde ventilatie: doordat ze een optimale luchtcirculatie mogelijk maken, zorgen ze voor een betere ventilatie van dakruimten, waardoor de luchtvochtigheid afneemt en de luchtkwaliteit binnenshuis verbetert. Ze optimaliseren de zolderruimte door van een zolder of dakruimte een volwaardige kamer te maken, zoals een slaapkamer of kantoor, waardoor het woonoppervlak van je huis toeneemt.<\/li>\n<li>Eigendomswaarde: Velux dakvensters verbeteren de esthetiek en functionaliteit van uw huis, waardoor de waarde op de huizenmarkt kan stijgen en meer potenti\u00eble kopers worden aangetrokken.<\/li>\n<\/ul>\n\t\t\t\t\t\t\t\t<\/div>\n\t\t\t\t<\/div>\n\t\t\t\t<\/div>\n\t\t<div class=\"elementor-element elementor-element-20511250 e-con-full e-flex e-con e-child\" data-id=\"20511250\" data-element_type=\"container\" data-e-type=\"container\">\n\t\t\t\t<div class=\"elementor-element elementor-element-5be9b269 elementor-widget elementor-widget-image\" data-id=\"5be9b269\" data-element_type=\"widget\" data-e-type=\"widget\" data-widget_type=\"image.default\">\n\t\t\t\t<div class=\"elementor-widget-container\">\n\t\t\t\t\t\t\t\t\t\t\t\t\t\t\t<img decoding=\"async\" width=\"682\" height=\"1024\" src=\"https:\/\/vitrerievitraco.be\/wp-content\/uploads\/2024\/08\/rectangular-bath-under-attic-window-682x1024.jpg\" class=\"attachment-large size-large wp-image-69207\" alt=\"Installer un Velux sur votre toiture vous permet non seulement de maximiser l&#039;\u00e9clairage naturel, mais aussi de b\u00e9n\u00e9ficier d\u2019une meilleure ventilation.\" srcset=\"https:\/\/vitrerievitraco.be\/wp-content\/uploads\/2024\/08\/rectangular-bath-under-attic-window-682x1024.jpg 682w, https:\/\/vitrerievitraco.be\/wp-content\/uploads\/2024\/08\/rectangular-bath-under-attic-window-200x300.jpg 200w, https:\/\/vitrerievitraco.be\/wp-content\/uploads\/2024\/08\/rectangular-bath-under-attic-window-768x1152.jpg 768w, https:\/\/vitrerievitraco.be\/wp-content\/uploads\/2024\/08\/rectangular-bath-under-attic-window-1024x1536.jpg 1024w, https:\/\/vitrerievitraco.be\/wp-content\/uploads\/2024\/08\/rectangular-bath-under-attic-window.jpg 1333w\" sizes=\"(max-width: 682px) 100vw, 682px\" \/>\t\t\t\t\t\t\t\t\t\t\t\t\t\t\t<\/div>\n\t\t\t\t<\/div>\n\t\t\t\t<\/div>\n\t\t\t\t\t<\/div>\n\t\t\t\t<\/div>\n\t\t<div class=\"elementor-element elementor-element-7aa04c38 e-flex e-con-boxed e-con e-parent\" data-id=\"7aa04c38\" data-element_type=\"container\" data-e-type=\"container\">\n\t\t\t\t\t<div class=\"e-con-inner\">\n\t\t<div class=\"elementor-element elementor-element-6f6611b0 e-con-full e-flex e-con e-child\" data-id=\"6f6611b0\" data-element_type=\"container\" data-e-type=\"container\">\n\t\t\t\t<div class=\"elementor-element elementor-element-5bc0f889 elementor-widget elementor-widget-image\" data-id=\"5bc0f889\" data-element_type=\"widget\" data-e-type=\"widget\" data-widget_type=\"image.default\">\n\t\t\t\t<div class=\"elementor-widget-container\">\n\t\t\t\t\t\t\t\t\t\t\t\t\t\t\t<img decoding=\"async\" width=\"680\" height=\"1024\" src=\"https:\/\/vitrerievitraco.be\/wp-content\/uploads\/2024\/08\/closed-roof-window-through-which-you-can-see-the-blue-sky-and-white-clouds-on-sunny-day-bottom-view-680x1024.jpg\" class=\"attachment-large size-large wp-image-69210\" alt=\"Avant de poser des Velux, il est crucial de s&#039;assurer que la toiture est en bon \u00e9tat.\" srcset=\"https:\/\/vitrerievitraco.be\/wp-content\/uploads\/2024\/08\/closed-roof-window-through-which-you-can-see-the-blue-sky-and-white-clouds-on-sunny-day-bottom-view-680x1024.jpg 680w, https:\/\/vitrerievitraco.be\/wp-content\/uploads\/2024\/08\/closed-roof-window-through-which-you-can-see-the-blue-sky-and-white-clouds-on-sunny-day-bottom-view-199x300.jpg 199w, https:\/\/vitrerievitraco.be\/wp-content\/uploads\/2024\/08\/closed-roof-window-through-which-you-can-see-the-blue-sky-and-white-clouds-on-sunny-day-bottom-view-768x1157.jpg 768w, https:\/\/vitrerievitraco.be\/wp-content\/uploads\/2024\/08\/closed-roof-window-through-which-you-can-see-the-blue-sky-and-white-clouds-on-sunny-day-bottom-view-1020x1536.jpg 1020w, https:\/\/vitrerievitraco.be\/wp-content\/uploads\/2024\/08\/closed-roof-window-through-which-you-can-see-the-blue-sky-and-white-clouds-on-sunny-day-bottom-view.jpg 1328w\" sizes=\"(max-width: 680px) 100vw, 680px\" \/>\t\t\t\t\t\t\t\t\t\t\t\t\t\t\t<\/div>\n\t\t\t\t<\/div>\n\t\t\t\t<\/div>\n\t\t<div class=\"elementor-element elementor-element-4e4d7936 e-con-full e-flex e-con e-child\" data-id=\"4e4d7936\" data-element_type=\"container\" data-e-type=\"container\">\n\t\t\t\t<div class=\"elementor-element elementor-element-2ad66c27 elementor-widget elementor-widget-heading\" data-id=\"2ad66c27\" data-element_type=\"widget\" data-e-type=\"widget\" data-widget_type=\"heading.default\">\n\t\t\t\t<div class=\"elementor-widget-container\">\n\t\t\t\t\t<h2 class=\"elementor-heading-title elementor-size-default\">Velux-ramen installeren: voorzorgsmaatregelen<\/h2>\t\t\t\t<\/div>\n\t\t\t\t<\/div>\n\t\t\t\t<div class=\"elementor-element elementor-element-726cae87 elementor-widget elementor-widget-text-editor\" data-id=\"726cae87\" data-element_type=\"widget\" data-e-type=\"widget\" data-widget_type=\"text-editor.default\">\n\t\t\t\t<div class=\"elementor-widget-container\">\n\t\t\t\t\t\t\t\t\t<p>Voordat je Velux-ramen installeert, moet je ervoor zorgen dat het dak in goede staat is. Een voorafgaande inspectie zal eventuele waterdichtheidsproblemen of structurele problemen identificeren die de installatie in gevaar kunnen brengen.<\/p>\n\t\t\t\t\t\t\t\t<\/div>\n\t\t\t\t<\/div>\n\t\t\t\t<div class=\"elementor-element elementor-element-2ca0874 elementor-widget elementor-widget-heading\" data-id=\"2ca0874\" data-element_type=\"widget\" data-e-type=\"widget\" data-widget_type=\"heading.default\">\n\t\t\t\t<div class=\"elementor-widget-container\">\n\t\t\t\t\t<h3 class=\"elementor-heading-title elementor-size-default\">Fouten die u moet vermijden bij het plaatsen van Velux-ramen<\/h3>\t\t\t\t<\/div>\n\t\t\t\t<\/div>\n\t\t\t\t<div class=\"elementor-element elementor-element-672fcd34 elementor-widget elementor-widget-text-editor\" data-id=\"672fcd34\" data-element_type=\"widget\" data-e-type=\"widget\" data-widget_type=\"text-editor.default\">\n\t\t\t\t<div class=\"elementor-widget-container\">\n\t\t\t\t\t\t\t\t\t<p>Hier zijn vier fouten die u moet vermijden bij het installeren van een Velux-raam:<\/p>\n<ul>\n<li><strong>Verkeerde locatie van het raam:<\/strong> Als u het Velux-raam op de verkeerde plaats installeert, kan dit de hoeveelheid natuurlijk licht verminderen en ongewenste schaduwplekken cre\u00ebren. Het is essentieel om de juiste locatie te kiezen om de verlichting te optimaliseren.<\/li>\n<li><strong>Verwaarloosde waterdichtheid :<\/strong> Slechte afdichting rond de velux kan leiden tot waterlekken, schade aan het dak en de thermische isolatie van de kamer in gevaar brengen. Het is cruciaal om de randen goed af te dichten om deze problemen te voorkomen.<\/li>\n<li><strong>Onvoldoende isolatie:<\/strong> Verwaarlozing van de isolatie rond het Velux-raam kan leiden tot warmteverlies in de winter en oververhitting in de zomer. Een goede isolatie garandeert het hele jaar door een optimaal thermisch comfort.<\/li>\n<li><strong>Het niet naleven van de veiligheidsnormen:<\/strong> het negeren van de veiligheidsnormen en de aanbevelingen van de fabrikant kan de stabiliteit van het dak en de veiligheid van de bewoners in gevaar brengen. Het volgen van de richtlijnen is essentieel om velux-ramen correct te installeren.<\/li>\n<\/ul>\n\t\t\t\t\t\t\t\t<\/div>\n\t\t\t\t<\/div>\n\t\t\t\t<\/div>\n\t\t\t\t\t<\/div>\n\t\t\t\t<\/div>\n\t\t<div class=\"elementor-element elementor-element-6817275 e-flex e-con-boxed e-con e-parent\" data-id=\"6817275\" data-element_type=\"container\" data-e-type=\"container\">\n\t\t\t\t\t<div class=\"e-con-inner\">\n\t\t\t\t<div class=\"elementor-element elementor-element-493f6c3 elementor-widget elementor-widget-template\" data-id=\"493f6c3\" data-element_type=\"widget\" data-e-type=\"widget\" data-widget_type=\"template.default\">\n\t\t\t\t<div class=\"elementor-widget-container\">\n\t\t\t\t\t\t\t<div class=\"elementor-template\">\n\t\t\t\t\t<div data-elementor-type=\"section\" data-elementor-id=\"70960\" class=\"elementor elementor-70960 elementor-70183 elementor-70183\" data-elementor-post-type=\"elementor_library\">\n\t\t\t<div class=\"elementor-element elementor-element-e8470fd e-flex e-con-boxed e-con e-parent\" data-id=\"e8470fd\" data-element_type=\"container\" data-e-type=\"container\">\n\t\t\t\t\t<div class=\"e-con-inner\">\n\t\t<div class=\"elementor-element elementor-element-c7eb420 e-con-full e-flex e-con e-child\" data-id=\"c7eb420\" data-element_type=\"container\" data-e-type=\"container\">\n\t\t\t\t<div class=\"elementor-element elementor-element-8903354 elementor-widget elementor-widget-heading\" data-id=\"8903354\" data-element_type=\"widget\" data-e-type=\"widget\" data-widget_type=\"heading.default\">\n\t\t\t\t<div class=\"elementor-widget-container\">\n\t\t\t\t\t<h5 class=\"elementor-heading-title elementor-size-default\">Klanten die ons vertrouwen<\/h5>\t\t\t\t<\/div>\n\t\t\t\t<\/div>\n\t\t<div class=\"elementor-element elementor-element-2b4b94c e-con-full e-flex e-con e-child\" data-id=\"2b4b94c\" data-element_type=\"container\" data-e-type=\"container\">\n\t\t\t\t<div class=\"elementor-element elementor-element-9dc2124 elementor-arrows-position-outside elementor-pagination-position-outside elementor-widget elementor-widget-image-carousel\" data-id=\"9dc2124\" data-element_type=\"widget\" data-e-type=\"widget\" data-settings=\"{&quot;slides_to_show&quot;:&quot;10&quot;,&quot;image_spacing_custom&quot;:{&quot;unit&quot;:&quot;px&quot;,&quot;size&quot;:23,&quot;sizes&quot;:[]},&quot;slides_to_show_mobile&quot;:&quot;2&quot;,&quot;navigation&quot;:&quot;both&quot;,&quot;autoplay&quot;:&quot;yes&quot;,&quot;pause_on_hover&quot;:&quot;yes&quot;,&quot;pause_on_interaction&quot;:&quot;yes&quot;,&quot;autoplay_speed&quot;:5000,&quot;infinite&quot;:&quot;yes&quot;,&quot;speed&quot;:500,&quot;image_spacing_custom_tablet&quot;:{&quot;unit&quot;:&quot;px&quot;,&quot;size&quot;:&quot;&quot;,&quot;sizes&quot;:[]},&quot;image_spacing_custom_mobile&quot;:{&quot;unit&quot;:&quot;px&quot;,&quot;size&quot;:&quot;&quot;,&quot;sizes&quot;:[]}}\" data-widget_type=\"image-carousel.default\">\n\t\t\t\t<div class=\"elementor-widget-container\">\n\t\t\t\t\t\t\t<div class=\"elementor-image-carousel-wrapper swiper\" role=\"region\" aria-roledescription=\"carousel\" aria-label=\"Afbeelding carrousel\" dir=\"ltr\">\n\t\t\t<div class=\"elementor-image-carousel swiper-wrapper\" aria-live=\"off\">\n\t\t\t\t\t\t\t\t<div class=\"swiper-slide\" role=\"group\" aria-roledescription=\"slide\" aria-label=\"1 van 15\"><figure class=\"swiper-slide-inner\"><img decoding=\"async\" class=\"swiper-slide-image\" src=\"https:\/\/vitrerievitraco.be\/wp-content\/uploads\/2024\/09\/logo-18.jpg\" alt=\"logo-18\" \/><\/figure><\/div><div class=\"swiper-slide\" role=\"group\" aria-roledescription=\"slide\" aria-label=\"2 van 15\"><figure class=\"swiper-slide-inner\"><img decoding=\"async\" class=\"swiper-slide-image\" src=\"https:\/\/vitrerievitraco.be\/wp-content\/uploads\/2024\/09\/logo-32.jpg\" alt=\"logo-32\" \/><\/figure><\/div><div class=\"swiper-slide\" role=\"group\" aria-roledescription=\"slide\" aria-label=\"3 van 15\"><figure class=\"swiper-slide-inner\"><img decoding=\"async\" class=\"swiper-slide-image\" src=\"https:\/\/vitrerievitraco.be\/wp-content\/uploads\/2024\/09\/logo-35.jpg\" alt=\"logo-35\" \/><\/figure><\/div><div class=\"swiper-slide\" role=\"group\" aria-roledescription=\"slide\" aria-label=\"4 van 15\"><figure class=\"swiper-slide-inner\"><img decoding=\"async\" class=\"swiper-slide-image\" src=\"https:\/\/vitrerievitraco.be\/wp-content\/uploads\/2024\/09\/logo-03.jpg\" alt=\"logo-03\" \/><\/figure><\/div><div class=\"swiper-slide\" role=\"group\" aria-roledescription=\"slide\" aria-label=\"5 van 15\"><figure class=\"swiper-slide-inner\"><img decoding=\"async\" class=\"swiper-slide-image\" src=\"https:\/\/vitrerievitraco.be\/wp-content\/uploads\/2024\/09\/logo-05.jpg\" alt=\"logo-05\" \/><\/figure><\/div><div class=\"swiper-slide\" role=\"group\" aria-roledescription=\"slide\" aria-label=\"6 van 15\"><figure class=\"swiper-slide-inner\"><img decoding=\"async\" class=\"swiper-slide-image\" src=\"https:\/\/vitrerievitraco.be\/wp-content\/uploads\/2024\/09\/logo-10.jpg\" alt=\"logo-10\" \/><\/figure><\/div><div class=\"swiper-slide\" role=\"group\" aria-roledescription=\"slide\" aria-label=\"7 van 15\"><figure class=\"swiper-slide-inner\"><img decoding=\"async\" class=\"swiper-slide-image\" src=\"https:\/\/vitrerievitraco.be\/wp-content\/uploads\/2024\/09\/logo-19.jpg\" alt=\"logo-19\" \/><\/figure><\/div><div class=\"swiper-slide\" role=\"group\" aria-roledescription=\"slide\" aria-label=\"8 van 15\"><figure class=\"swiper-slide-inner\"><img decoding=\"async\" class=\"swiper-slide-image\" src=\"https:\/\/vitrerievitraco.be\/wp-content\/uploads\/2024\/09\/logo-11.jpg\" alt=\"logo-11\" \/><\/figure><\/div><div class=\"swiper-slide\" role=\"group\" aria-roledescription=\"slide\" aria-label=\"Afbeelding carrousel\"0><figure class=\"swiper-slide-inner\"><img decoding=\"async\" class=\"swiper-slide-image\" src=\"https:\/\/vitrerievitraco.be\/wp-content\/uploads\/2024\/09\/logo-42.jpg\" alt=\"logo-42\" \/><\/figure><\/div><div class=\"swiper-slide\" role=\"group\" aria-roledescription=\"slide\" aria-label=\"Afbeelding carrousel\"1><figure class=\"swiper-slide-inner\"><img decoding=\"async\" class=\"swiper-slide-image\" src=\"https:\/\/vitrerievitraco.be\/wp-content\/uploads\/2024\/09\/logo-25.jpg\" alt=\"logo-25\" \/><\/figure><\/div><div class=\"swiper-slide\" role=\"group\" aria-roledescription=\"slide\" aria-label=\"Afbeelding carrousel\"2><figure class=\"swiper-slide-inner\"><img decoding=\"async\" class=\"swiper-slide-image\" src=\"https:\/\/vitrerievitraco.be\/wp-content\/uploads\/2024\/09\/logo-13.jpg\" alt=\"logo-13\" \/><\/figure><\/div><div class=\"swiper-slide\" role=\"group\" aria-roledescription=\"slide\" aria-label=\"Afbeelding carrousel\"3><figure class=\"swiper-slide-inner\"><img decoding=\"async\" class=\"swiper-slide-image\" src=\"https:\/\/vitrerievitraco.be\/wp-content\/uploads\/2024\/09\/logo-01.jpg\" alt=\"logo-01\" \/><\/figure><\/div><div class=\"swiper-slide\" role=\"group\" aria-roledescription=\"slide\" aria-label=\"Afbeelding carrousel\"4><figure class=\"swiper-slide-inner\"><img decoding=\"async\" class=\"swiper-slide-image\" src=\"https:\/\/vitrerievitraco.be\/wp-content\/uploads\/2024\/09\/logo-38.jpg\" alt=\"logo-38\" \/><\/figure><\/div><div class=\"swiper-slide\" role=\"group\" aria-roledescription=\"slide\" aria-label=\"Afbeelding carrousel\"5><figure class=\"swiper-slide-inner\"><img decoding=\"async\" class=\"swiper-slide-image\" src=\"https:\/\/vitrerievitraco.be\/wp-content\/uploads\/2024\/09\/logo-31.jpg\" alt=\"logo-31\" \/><\/figure><\/div><div class=\"swiper-slide\" role=\"group\" aria-roledescription=\"slide\" aria-label=\"Afbeelding carrousel\"6><figure class=\"swiper-slide-inner\"><img decoding=\"async\" class=\"swiper-slide-image\" src=\"https:\/\/vitrerievitraco.be\/wp-content\/uploads\/2024\/09\/logo-30.jpg\" alt=\"logo-30\" \/><\/figure><\/div>\t\t\t<\/div>\n\t\t\t\t\t\t\t\t\t\t\t\t<div class=\"elementor-swiper-button elementor-swiper-button-prev\" role=\"button\" tabindex=\"0\">\n\t\t\t\t\t\t<svg aria-hidden=\"true\" class=\"e-font-icon-svg e-eicon-chevron-left\" viewBox=\"0 0 1000 1000\" xmlns=\"http:\/\/www.w3.org\/2000\/svg\"><path d=\"M646 125C629 125 613 133 604 142L308 442C296 454 292 471 292 487 292 504 296 521 308 533L604 854C617 867 629 875 646 875 663 875 679 871 692 858 704 846 713 829 713 812 713 796 708 779 692 767L438 487 692 225C700 217 708 204 708 187 708 171 704 154 692 142 675 129 663 125 646 125Z\"><\/path><\/svg>\t\t\t\t\t<\/div>\n\t\t\t\t\t<div class=\"elementor-swiper-button elementor-swiper-button-next\" role=\"button\" tabindex=\"0\">\n\t\t\t\t\t\t<svg aria-hidden=\"true\" class=\"e-font-icon-svg e-eicon-chevron-right\" viewBox=\"0 0 1000 1000\" xmlns=\"http:\/\/www.w3.org\/2000\/svg\"><path d=\"M696 533C708 521 713 504 713 487 713 471 708 454 696 446L400 146C388 133 375 125 354 125 338 125 325 129 313 142 300 154 292 171 292 187 292 204 296 221 308 233L563 492 304 771C292 783 288 800 288 817 288 833 296 850 308 863 321 871 338 875 354 875 371 875 388 867 400 854L696 533Z\"><\/path><\/svg>\t\t\t\t\t<\/div>\n\t\t\t\t\n\t\t\t\t\t\t\t\t\t<div class=\"swiper-pagination\"><\/div>\n\t\t\t\t\t\t\t\t\t<\/div>\n\t\t\t\t\t\t<\/div>\n\t\t\t\t<\/div>\n\t\t\t\t<\/div>\n\t\t\t\t<\/div>\n\t\t\t\t\t<\/div>\n\t\t\t\t<\/div>\n\t\t\t\t<\/div>\n\t\t\t\t<\/div>\n\t\t\t\t\t\t<\/div>\n\t\t\t\t<\/div>\n\t\t\t\t\t<\/div>\n\t\t\t\t<\/div>\n\t\t<div class=\"elementor-element elementor-element-509e7e33 e-flex e-con-boxed e-con e-parent\" data-id=\"509e7e33\" data-element_type=\"container\" data-e-type=\"container\" data-settings=\"{&quot;background_background&quot;:&quot;gradient&quot;}\">\n\t\t\t\t\t<div class=\"e-con-inner\">\n\t\t<div class=\"elementor-element elementor-element-1c1c548e e-con-full e-flex e-con e-child\" data-id=\"1c1c548e\" data-element_type=\"container\" data-e-type=\"container\">\n\t\t\t\t<div class=\"elementor-element elementor-element-3c65d698 elementor-widget elementor-widget-heading\" data-id=\"3c65d698\" data-element_type=\"widget\" data-e-type=\"widget\" data-widget_type=\"heading.default\">\n\t\t\t\t<div class=\"elementor-widget-container\">\n\t\t\t\t\t<h2 class=\"elementor-heading-title elementor-size-default\">FAQ<\/h2>\t\t\t\t<\/div>\n\t\t\t\t<\/div>\n\t\t\t\t<div class=\"elementor-element elementor-element-1dbb09f2 elementor-widget elementor-widget-accordion\" data-id=\"1dbb09f2\" data-element_type=\"widget\" data-e-type=\"widget\" data-widget_type=\"accordion.default\">\n\t\t\t\t<div class=\"elementor-widget-container\">\n\t\t\t\t\t\t\t<div class=\"elementor-accordion\">\n\t\t\t\t\t\t\t<div class=\"elementor-accordion-item\">\n\t\t\t\t\t<div id=\"elementor-tab-title-4981\" class=\"elementor-tab-title\" data-tab=\"1\" role=\"button\" aria-controls=\"elementor-tab-content-4981\" aria-expanded=\"false\">\n\t\t\t\t\t\t\t\t\t\t\t\t\t<span class=\"elementor-accordion-icon elementor-accordion-icon-right\" aria-hidden=\"true\">\n\t\t\t\t\t\t\t\t\t\t\t\t\t\t\t<span class=\"elementor-accordion-icon-closed\"><svg class=\"e-font-icon-svg e-fas-plus\" viewBox=\"0 0 448 512\" xmlns=\"http:\/\/www.w3.org\/2000\/svg\"><path d=\"M416 208H272V64c0-17.67-14.33-32-32-32h-32c-17.67 0-32 14.33-32 32v144H32c-17.67 0-32 14.33-32 32v32c0 17.67 14.33 32 32 32h144v144c0 17.67 14.33 32 32 32h32c17.67 0 32-14.33 32-32V304h144c17.67 0 32-14.33 32-32v-32c0-17.67-14.33-32-32-32z\"><\/path><\/svg><\/span>\n\t\t\t\t\t\t\t\t<span class=\"elementor-accordion-icon-opened\"><svg class=\"e-font-icon-svg e-fas-minus\" viewBox=\"0 0 448 512\" xmlns=\"http:\/\/www.w3.org\/2000\/svg\"><path d=\"M416 208H32c-17.67 0-32 14.33-32 32v32c0 17.67 14.33 32 32 32h384c17.67 0 32-14.33 32-32v-32c0-17.67-14.33-32-32-32z\"><\/path><\/svg><\/span>\n\t\t\t\t\t\t\t\t\t\t\t\t\t\t<\/span>\n\t\t\t\t\t\t\t\t\t\t\t\t<a class=\"elementor-accordion-title\" tabindex=\"0\">Hoe lang gaat een Velux-raam mee?<\/a>\n\t\t\t\t\t<\/div>\n\t\t\t\t\t<div id=\"elementor-tab-content-4981\" class=\"elementor-tab-content elementor-clearfix\" data-tab=\"1\" role=\"region\" aria-labelledby=\"elementor-tab-title-4981\"><p>Velux dakvensters hebben een levensduur van 20 tot 30 jaar, afhankelijk van onderhoud en weersomstandigheden. Goed onderhoud kan hun levensduur verlengen.<\/p>\n<\/div>\n\t\t\t\t<\/div>\n\t\t\t\t\t\t\t<div class=\"elementor-accordion-item\">\n\t\t\t\t\t<div id=\"elementor-tab-title-4982\" class=\"elementor-tab-title\" data-tab=\"2\" role=\"button\" aria-controls=\"elementor-tab-content-4982\" aria-expanded=\"false\">\n\t\t\t\t\t\t\t\t\t\t\t\t\t<span class=\"elementor-accordion-icon elementor-accordion-icon-right\" aria-hidden=\"true\">\n\t\t\t\t\t\t\t\t\t\t\t\t\t\t\t<span class=\"elementor-accordion-icon-closed\"><svg class=\"e-font-icon-svg e-fas-plus\" viewBox=\"0 0 448 512\" xmlns=\"http:\/\/www.w3.org\/2000\/svg\"><path d=\"M416 208H272V64c0-17.67-14.33-32-32-32h-32c-17.67 0-32 14.33-32 32v144H32c-17.67 0-32 14.33-32 32v32c0 17.67 14.33 32 32 32h144v144c0 17.67 14.33 32 32 32h32c17.67 0 32-14.33 32-32V304h144c17.67 0 32-14.33 32-32v-32c0-17.67-14.33-32-32-32z\"><\/path><\/svg><\/span>\n\t\t\t\t\t\t\t\t<span class=\"elementor-accordion-icon-opened\"><svg class=\"e-font-icon-svg e-fas-minus\" viewBox=\"0 0 448 512\" xmlns=\"http:\/\/www.w3.org\/2000\/svg\"><path d=\"M416 208H32c-17.67 0-32 14.33-32 32v32c0 17.67 14.33 32 32 32h384c17.67 0 32-14.33 32-32v-32c0-17.67-14.33-32-32-32z\"><\/path><\/svg><\/span>\n\t\t\t\t\t\t\t\t\t\t\t\t\t\t<\/span>\n\t\t\t\t\t\t\t\t\t\t\t\t<a class=\"elementor-accordion-title\" tabindex=\"0\">Hoeveel kost het om een Velux-raam te installeren?<\/a>\n\t\t\t\t\t<\/div>\n\t\t\t\t\t<div id=\"elementor-tab-content-4982\" class=\"elementor-tab-content elementor-clearfix\" data-tab=\"2\" role=\"region\" aria-labelledby=\"elementor-tab-title-4982\"><p>De kosten voor het installeren van een Velux-raam vari\u00ebren van \u20ac 500 tot \u20ac 2.000, afhankelijk van de grootte, het model en de specifieke kenmerken van je dak.<\/p>\n<\/div>\n\t\t\t\t<\/div>\n\t\t\t\t\t\t\t<div class=\"elementor-accordion-item\">\n\t\t\t\t\t<div id=\"elementor-tab-title-4983\" class=\"elementor-tab-title\" data-tab=\"3\" role=\"button\" aria-controls=\"elementor-tab-content-4983\" aria-expanded=\"false\">\n\t\t\t\t\t\t\t\t\t\t\t\t\t<span class=\"elementor-accordion-icon elementor-accordion-icon-right\" aria-hidden=\"true\">\n\t\t\t\t\t\t\t\t\t\t\t\t\t\t\t<span class=\"elementor-accordion-icon-closed\"><svg class=\"e-font-icon-svg e-fas-plus\" viewBox=\"0 0 448 512\" xmlns=\"http:\/\/www.w3.org\/2000\/svg\"><path d=\"M416 208H272V64c0-17.67-14.33-32-32-32h-32c-17.67 0-32 14.33-32 32v144H32c-17.67 0-32 14.33-32 32v32c0 17.67 14.33 32 32 32h144v144c0 17.67 14.33 32 32 32h32c17.67 0 32-14.33 32-32V304h144c17.67 0 32-14.33 32-32v-32c0-17.67-14.33-32-32-32z\"><\/path><\/svg><\/span>\n\t\t\t\t\t\t\t\t<span class=\"elementor-accordion-icon-opened\"><svg class=\"e-font-icon-svg e-fas-minus\" viewBox=\"0 0 448 512\" xmlns=\"http:\/\/www.w3.org\/2000\/svg\"><path d=\"M416 208H32c-17.67 0-32 14.33-32 32v32c0 17.67 14.33 32 32 32h384c17.67 0 32-14.33 32-32v-32c0-17.67-14.33-32-32-32z\"><\/path><\/svg><\/span>\n\t\t\t\t\t\t\t\t\t\t\t\t\t\t<\/span>\n\t\t\t\t\t\t\t\t\t\t\t\t<a class=\"elementor-accordion-title\" tabindex=\"0\">Kunnen Velux-ramen op alle daken worden ge\u00efnstalleerd?<\/a>\n\t\t\t\t\t<\/div>\n\t\t\t\t\t<div id=\"elementor-tab-content-4983\" class=\"elementor-tab-content elementor-clearfix\" data-tab=\"3\" role=\"region\" aria-labelledby=\"elementor-tab-title-4983\"><p>Velux-ramen zijn compatibel met de meeste daken, maar het is essentieel om een professional te raadplegen om de haalbaarheid te controleren en een correcte installatie te garanderen.<\/p>\n<\/div>\n\t\t\t\t<\/div>\n\t\t\t\t\t\t\t<div class=\"elementor-accordion-item\">\n\t\t\t\t\t<div id=\"elementor-tab-title-4984\" class=\"elementor-tab-title\" data-tab=\"4\" role=\"button\" aria-controls=\"elementor-tab-content-4984\" aria-expanded=\"false\">\n\t\t\t\t\t\t\t\t\t\t\t\t\t<span class=\"elementor-accordion-icon elementor-accordion-icon-right\" aria-hidden=\"true\">\n\t\t\t\t\t\t\t\t\t\t\t\t\t\t\t<span class=\"elementor-accordion-icon-closed\"><svg class=\"e-font-icon-svg e-fas-plus\" viewBox=\"0 0 448 512\" xmlns=\"http:\/\/www.w3.org\/2000\/svg\"><path d=\"M416 208H272V64c0-17.67-14.33-32-32-32h-32c-17.67 0-32 14.33-32 32v144H32c-17.67 0-32 14.33-32 32v32c0 17.67 14.33 32 32 32h144v144c0 17.67 14.33 32 32 32h32c17.67 0 32-14.33 32-32V304h144c17.67 0 32-14.33 32-32v-32c0-17.67-14.33-32-32-32z\"><\/path><\/svg><\/span>\n\t\t\t\t\t\t\t\t<span class=\"elementor-accordion-icon-opened\"><svg class=\"e-font-icon-svg e-fas-minus\" viewBox=\"0 0 448 512\" xmlns=\"http:\/\/www.w3.org\/2000\/svg\"><path d=\"M416 208H32c-17.67 0-32 14.33-32 32v32c0 17.67 14.33 32 32 32h384c17.67 0 32-14.33 32-32v-32c0-17.67-14.33-32-32-32z\"><\/path><\/svg><\/span>\n\t\t\t\t\t\t\t\t\t\t\t\t\t\t<\/span>\n\t\t\t\t\t\t\t\t\t\t\t\t<a class=\"elementor-accordion-title\" tabindex=\"0\">Heb ik een bouwvergunning nodig om een Velux-raam te plaatsen?<\/a>\n\t\t\t\t\t<\/div>\n\t\t\t\t\t<div id=\"elementor-tab-content-4984\" class=\"elementor-tab-content elementor-clearfix\" data-tab=\"4\" role=\"region\" aria-labelledby=\"elementor-tab-title-4984\"><p>Voor het installeren van een Velux-raam kan een verklaring van werken of een bouwvergunning nodig zijn, vooral als het uiterlijk van je huis erdoor verandert.<\/p>\n<\/div>\n\t\t\t\t<\/div>\n\t\t\t\t\t\t\t\t\t\t<script type=\"application\/ld+json\">{\"@context\":\"https:\\\/\\\/schema.org\",\"@type\":\"FAQPage\",\"mainEntity\":[{\"@type\":\"Question\",\"name\":\"Hoe lang gaat een Velux-raam mee?\",\"acceptedAnswer\":{\"@type\":\"Answer\",\"text\":\"<p>Velux dakvensters hebben een levensduur van 20 tot 30 jaar, afhankelijk van onderhoud en weersomstandigheden. Goed onderhoud kan hun levensduur verlengen.<\\\/p>\\n\"}},{\"@type\":\"Question\",\"name\":\"Hoeveel kost het om een Velux-raam te installeren?\",\"acceptedAnswer\":{\"@type\":\"Answer\",\"text\":\"<p>De kosten voor het installeren van een Velux-raam vari\\u00ebren van \\u20ac 500 tot \\u20ac 2.000, afhankelijk van de grootte, het model en de specifieke kenmerken van je dak.<\\\/p>\\n\"}},{\"@type\":\"Question\",\"name\":\"Kunnen Velux-ramen op alle daken worden ge\\u00efnstalleerd?\",\"acceptedAnswer\":{\"@type\":\"Answer\",\"text\":\"<p>Velux-ramen zijn compatibel met de meeste daken, maar het is essentieel om een professional te raadplegen om de haalbaarheid te controleren en een correcte installatie te garanderen.<\\\/p>\\n\"}},{\"@type\":\"Question\",\"name\":\"Heb ik een bouwvergunning nodig om een Velux-raam te plaatsen?\",\"acceptedAnswer\":{\"@type\":\"Answer\",\"text\":\"<p>Voor het installeren van een Velux-raam kan een verklaring van werken of een bouwvergunning nodig zijn, vooral als het uiterlijk van je huis erdoor verandert.<\\\/p>\\n\"}}]}<\/script>\n\t\t\t\t\t<\/div>\n\t\t\t\t\t\t<\/div>\n\t\t\t\t<\/div>\n\t\t\t\t<\/div>\n\t\t\t\t\t<\/div>\n\t\t\t\t<\/div>\n\t\t\t\t<\/div>\n\t\t","protected":false},"excerpt":{"rendered":"<p>Speciale beglazing Velux dakvensters door uw Vitraco expert Perfecte Velux-ramen op maat Gegarandeerde lichtgevende transformatie Veilige, duurzame installatie Verzoek om informatie Verkeerd ge\u00efnstalleerde velux dakvensters kunnen lekken, slechte isolatie en schade aan uw dak veroorzaken. Deze fouten zijn duur om te herstellen en brengen de veiligheid en waarde van uw huis in gevaar. Neem dit [&hellip;]<\/p>\n","protected":false},"author":6,"featured_media":0,"parent":70839,"menu_order":0,"comment_status":"closed","ping_status":"closed","template":"","meta":{"footnotes":""},"class_list":["post-70843","page","type-page","status-publish","hentry"],"yoast_head":"<!-- This site is optimized with the Yoast SEO plugin v27.5 - https:\/\/yoast.com\/product\/yoast-seo-wordpress\/ -->\n<title>Velux dakvenster - Vitraco<\/title>\n<meta name=\"description\" content=\"Velux dakvensters, ontdek hoe u uw velux dakvensters kiest. Volg onze volledige gids bij Vitraco.\" \/>\n<meta name=\"robots\" content=\"index, follow, max-snippet:-1, max-image-preview:large, max-video-preview:-1\" \/>\n<link rel=\"canonical\" href=\"https:\/\/vitrerievitraco.be\/nl\/speciale-beglazing\/velux-dakvenster\/\" \/>\n<meta property=\"og:locale\" content=\"nl_NL\" \/>\n<meta property=\"og:type\" content=\"article\" \/>\n<meta property=\"og:title\" content=\"Velux dakvenster - Vitraco\" \/>\n<meta property=\"og:description\" content=\"Velux dakvensters, ontdek hoe u uw velux dakvensters kiest. Volg onze volledige gids bij Vitraco.\" \/>\n<meta property=\"og:url\" content=\"https:\/\/vitrerievitraco.be\/nl\/speciale-beglazing\/velux-dakvenster\/\" \/>\n<meta property=\"og:site_name\" content=\"Vitraco\" \/>\n<meta property=\"article:publisher\" content=\"https:\/\/www.facebook.com\/avitraco\/\" \/>\n<meta property=\"og:image\" content=\"https:\/\/vitrerievitraco.be\/wp-content\/uploads\/2024\/08\/skylight-with-reflection-of-worker-in-window-glass.jpg\" \/>\n\t<meta property=\"og:image:width\" content=\"2000\" \/>\n\t<meta property=\"og:image:height\" content=\"1330\" \/>\n\t<meta property=\"og:image:type\" content=\"image\/jpeg\" \/>\n<meta name=\"twitter:card\" content=\"summary_large_image\" \/>\n<meta name=\"twitter:label1\" content=\"Geschatte leestijd\" \/>\n\t<meta name=\"twitter:data1\" content=\"5 minuten\" \/>\n<script type=\"application\/ld+json\" class=\"yoast-schema-graph\">{\"@context\":\"https:\\\/\\\/schema.org\",\"@graph\":[{\"@type\":\"WebPage\",\"@id\":\"https:\\\/\\\/vitrerievitraco.be\\\/nl\\\/speciale-beglazing\\\/velux-dakvenster\\\/\",\"url\":\"https:\\\/\\\/vitrerievitraco.be\\\/nl\\\/speciale-beglazing\\\/velux-dakvenster\\\/\",\"name\":\"Velux dakvenster - Vitraco\",\"isPartOf\":{\"@id\":\"https:\\\/\\\/vitrerievitraco.be\\\/#website\"},\"primaryImageOfPage\":{\"@id\":\"https:\\\/\\\/vitrerievitraco.be\\\/nl\\\/speciale-beglazing\\\/velux-dakvenster\\\/#primaryimage\"},\"image\":{\"@id\":\"https:\\\/\\\/vitrerievitraco.be\\\/nl\\\/speciale-beglazing\\\/velux-dakvenster\\\/#primaryimage\"},\"thumbnailUrl\":\"https:\\\/\\\/vitrerievitraco.be\\\/wp-content\\\/uploads\\\/2024\\\/08\\\/skylight-with-reflection-of-worker-in-window-glass-1024x681.jpg\",\"datePublished\":\"2024-12-18T14:34:36+00:00\",\"description\":\"Velux dakvensters, ontdek hoe u uw velux dakvensters kiest. Volg onze volledige gids bij Vitraco.\",\"breadcrumb\":{\"@id\":\"https:\\\/\\\/vitrerievitraco.be\\\/nl\\\/speciale-beglazing\\\/velux-dakvenster\\\/#breadcrumb\"},\"inLanguage\":\"nl-NL\",\"potentialAction\":[{\"@type\":\"ReadAction\",\"target\":[\"https:\\\/\\\/vitrerievitraco.be\\\/nl\\\/speciale-beglazing\\\/velux-dakvenster\\\/\"]}]},{\"@type\":\"ImageObject\",\"inLanguage\":\"nl-NL\",\"@id\":\"https:\\\/\\\/vitrerievitraco.be\\\/nl\\\/speciale-beglazing\\\/velux-dakvenster\\\/#primaryimage\",\"url\":\"https:\\\/\\\/vitrerievitraco.be\\\/wp-content\\\/uploads\\\/2024\\\/08\\\/skylight-with-reflection-of-worker-in-window-glass-1024x681.jpg\",\"contentUrl\":\"https:\\\/\\\/vitrerievitraco.be\\\/wp-content\\\/uploads\\\/2024\\\/08\\\/skylight-with-reflection-of-worker-in-window-glass-1024x681.jpg\"},{\"@type\":\"BreadcrumbList\",\"@id\":\"https:\\\/\\\/vitrerievitraco.be\\\/nl\\\/speciale-beglazing\\\/velux-dakvenster\\\/#breadcrumb\",\"itemListElement\":[{\"@type\":\"ListItem\",\"position\":1,\"name\":\"Home\",\"item\":\"https:\\\/\\\/vitrerievitraco.be\\\/nl\\\/vitraco-beglazing-in-brussel\\\/\"},{\"@type\":\"ListItem\",\"position\":2,\"name\":\"Speciale beglazing\",\"item\":\"https:\\\/\\\/vitrerievitraco.be\\\/nl\\\/speciale-beglazing\\\/\"},{\"@type\":\"ListItem\",\"position\":3,\"name\":\"Velux dakvenster\"}]},{\"@type\":\"WebSite\",\"@id\":\"https:\\\/\\\/vitrerievitraco.be\\\/#website\",\"url\":\"https:\\\/\\\/vitrerievitraco.be\\\/\",\"name\":\"Vitraco\",\"description\":\"Vitrerie \u00e0 Bruxelles\",\"publisher\":{\"@id\":\"https:\\\/\\\/vitrerievitraco.be\\\/#organization\"},\"potentialAction\":[{\"@type\":\"SearchAction\",\"target\":{\"@type\":\"EntryPoint\",\"urlTemplate\":\"https:\\\/\\\/vitrerievitraco.be\\\/?s={search_term_string}\"},\"query-input\":{\"@type\":\"PropertyValueSpecification\",\"valueRequired\":true,\"valueName\":\"search_term_string\"}}],\"inLanguage\":\"nl-NL\"},{\"@type\":\"Organization\",\"@id\":\"https:\\\/\\\/vitrerievitraco.be\\\/#organization\",\"name\":\"A. Vitraco\",\"url\":\"https:\\\/\\\/vitrerievitraco.be\\\/\",\"logo\":{\"@type\":\"ImageObject\",\"inLanguage\":\"nl-NL\",\"@id\":\"https:\\\/\\\/vitrerievitraco.be\\\/#\\\/schema\\\/logo\\\/image\\\/\",\"url\":\"https:\\\/\\\/vitrerievitraco.be\\\/wp-content\\\/uploads\\\/2024\\\/09\\\/vitraco-logo.png\",\"contentUrl\":\"https:\\\/\\\/vitrerievitraco.be\\\/wp-content\\\/uploads\\\/2024\\\/09\\\/vitraco-logo.png\",\"width\":2192,\"height\":2212,\"caption\":\"A. Vitraco\"},\"image\":{\"@id\":\"https:\\\/\\\/vitrerievitraco.be\\\/#\\\/schema\\\/logo\\\/image\\\/\"},\"sameAs\":[\"https:\\\/\\\/www.facebook.com\\\/avitraco\\\/\",\"https:\\\/\\\/www.instagram.com\\\/a.vitraco\\\/\",\"https:\\\/\\\/www.linkedin.com\\\/company\\\/a-vitraco\\\/\"]}]}<\/script>\n<!-- \/ Yoast SEO plugin. -->","yoast_head_json":{"title":"Velux dakvenster - Vitraco","description":"Velux dakvensters, ontdek hoe u uw velux dakvensters kiest. Volg onze volledige gids bij Vitraco.","robots":{"index":"index","follow":"follow","max-snippet":"max-snippet:-1","max-image-preview":"max-image-preview:large","max-video-preview":"max-video-preview:-1"},"canonical":"https:\/\/vitrerievitraco.be\/nl\/speciale-beglazing\/velux-dakvenster\/","og_locale":"nl_NL","og_type":"article","og_title":"Velux dakvenster - Vitraco","og_description":"Velux dakvensters, ontdek hoe u uw velux dakvensters kiest. Volg onze volledige gids bij Vitraco.","og_url":"https:\/\/vitrerievitraco.be\/nl\/speciale-beglazing\/velux-dakvenster\/","og_site_name":"Vitraco","article_publisher":"https:\/\/www.facebook.com\/avitraco\/","og_image":[{"width":2000,"height":1330,"url":"https:\/\/vitrerievitraco.be\/wp-content\/uploads\/2024\/08\/skylight-with-reflection-of-worker-in-window-glass.jpg","type":"image\/jpeg"}],"twitter_card":"summary_large_image","twitter_misc":{"Geschatte leestijd":"5 minuten"},"schema":{"@context":"https:\/\/schema.org","@graph":[{"@type":"WebPage","@id":"https:\/\/vitrerievitraco.be\/nl\/speciale-beglazing\/velux-dakvenster\/","url":"https:\/\/vitrerievitraco.be\/nl\/speciale-beglazing\/velux-dakvenster\/","name":"Velux dakvenster - Vitraco","isPartOf":{"@id":"https:\/\/vitrerievitraco.be\/#website"},"primaryImageOfPage":{"@id":"https:\/\/vitrerievitraco.be\/nl\/speciale-beglazing\/velux-dakvenster\/#primaryimage"},"image":{"@id":"https:\/\/vitrerievitraco.be\/nl\/speciale-beglazing\/velux-dakvenster\/#primaryimage"},"thumbnailUrl":"https:\/\/vitrerievitraco.be\/wp-content\/uploads\/2024\/08\/skylight-with-reflection-of-worker-in-window-glass-1024x681.jpg","datePublished":"2024-12-18T14:34:36+00:00","description":"Velux dakvensters, ontdek hoe u uw velux dakvensters kiest. Volg onze volledige gids bij Vitraco.","breadcrumb":{"@id":"https:\/\/vitrerievitraco.be\/nl\/speciale-beglazing\/velux-dakvenster\/#breadcrumb"},"inLanguage":"nl-NL","potentialAction":[{"@type":"ReadAction","target":["https:\/\/vitrerievitraco.be\/nl\/speciale-beglazing\/velux-dakvenster\/"]}]},{"@type":"ImageObject","inLanguage":"nl-NL","@id":"https:\/\/vitrerievitraco.be\/nl\/speciale-beglazing\/velux-dakvenster\/#primaryimage","url":"https:\/\/vitrerievitraco.be\/wp-content\/uploads\/2024\/08\/skylight-with-reflection-of-worker-in-window-glass-1024x681.jpg","contentUrl":"https:\/\/vitrerievitraco.be\/wp-content\/uploads\/2024\/08\/skylight-with-reflection-of-worker-in-window-glass-1024x681.jpg"},{"@type":"BreadcrumbList","@id":"https:\/\/vitrerievitraco.be\/nl\/speciale-beglazing\/velux-dakvenster\/#breadcrumb","itemListElement":[{"@type":"ListItem","position":1,"name":"Home","item":"https:\/\/vitrerievitraco.be\/nl\/vitraco-beglazing-in-brussel\/"},{"@type":"ListItem","position":2,"name":"Speciale beglazing","item":"https:\/\/vitrerievitraco.be\/nl\/speciale-beglazing\/"},{"@type":"ListItem","position":3,"name":"Velux dakvenster"}]},{"@type":"WebSite","@id":"https:\/\/vitrerievitraco.be\/#website","url":"https:\/\/vitrerievitraco.be\/","name":"Vitraco","description":"Vitrerie \u00e0 Bruxelles","publisher":{"@id":"https:\/\/vitrerievitraco.be\/#organization"},"potentialAction":[{"@type":"SearchAction","target":{"@type":"EntryPoint","urlTemplate":"https:\/\/vitrerievitraco.be\/?s={search_term_string}"},"query-input":{"@type":"PropertyValueSpecification","valueRequired":true,"valueName":"search_term_string"}}],"inLanguage":"nl-NL"},{"@type":"Organization","@id":"https:\/\/vitrerievitraco.be\/#organization","name":"A. Vitraco","url":"https:\/\/vitrerievitraco.be\/","logo":{"@type":"ImageObject","inLanguage":"nl-NL","@id":"https:\/\/vitrerievitraco.be\/#\/schema\/logo\/image\/","url":"https:\/\/vitrerievitraco.be\/wp-content\/uploads\/2024\/09\/vitraco-logo.png","contentUrl":"https:\/\/vitrerievitraco.be\/wp-content\/uploads\/2024\/09\/vitraco-logo.png","width":2192,"height":2212,"caption":"A. Vitraco"},"image":{"@id":"https:\/\/vitrerievitraco.be\/#\/schema\/logo\/image\/"},"sameAs":["https:\/\/www.facebook.com\/avitraco\/","https:\/\/www.instagram.com\/a.vitraco\/","https:\/\/www.linkedin.com\/company\/a-vitraco\/"]}]}},"_links":{"self":[{"href":"https:\/\/vitrerievitraco.be\/nl\/wp-json\/wp\/v2\/pages\/70843","targetHints":{"allow":["GET"]}}],"collection":[{"href":"https:\/\/vitrerievitraco.be\/nl\/wp-json\/wp\/v2\/pages"}],"about":[{"href":"https:\/\/vitrerievitraco.be\/nl\/wp-json\/wp\/v2\/types\/page"}],"author":[{"embeddable":true,"href":"https:\/\/vitrerievitraco.be\/nl\/wp-json\/wp\/v2\/users\/6"}],"replies":[{"embeddable":true,"href":"https:\/\/vitrerievitraco.be\/nl\/wp-json\/wp\/v2\/comments?post=70843"}],"version-history":[{"count":1,"href":"https:\/\/vitrerievitraco.be\/nl\/wp-json\/wp\/v2\/pages\/70843\/revisions"}],"predecessor-version":[{"id":70844,"href":"https:\/\/vitrerievitraco.be\/nl\/wp-json\/wp\/v2\/pages\/70843\/revisions\/70844"}],"up":[{"embeddable":true,"href":"https:\/\/vitrerievitraco.be\/nl\/wp-json\/wp\/v2\/pages\/70839"}],"wp:attachment":[{"href":"https:\/\/vitrerievitraco.be\/nl\/wp-json\/wp\/v2\/media?parent=70843"}],"curies":[{"name":"wp","href":"https:\/\/api.w.org\/{rel}","templated":true}]}}